{"id":20214,"date":"2025-05-06T12:12:30","date_gmt":"2025-05-06T10:12:30","guid":{"rendered":"https:\/\/branchenversicherung.ch\/?page_id=20214"},"modified":"2025-10-17T12:07:36","modified_gmt":"2025-10-17T10:07:36","slug":"assurance-inventaire-du-menage","status":"publish","type":"page","link":"https:\/\/branchenversicherung.ch\/fr\/assure\/assurance-inventaire-du-menage\/","title":{"rendered":"Assurance inventaire du m\u00e9nage"},"content":{"rendered":"<section id=\"halfHeader-block_3a0be68f6a8eb0bfbe648cfdf997d935\" class=\"halfHeader container__page\">\n  <div class=\"inside__hero__half imagineNow\">\n    <div class=\"half__description__row\">\n            <p class=\"parent__title__single\">  <a href=\"https:\/\/branchenversicherung.ch\/fr\/assure\/\">Assurances<\/a><\/p>\n          <h1 class=\"hero__title__h\">Assurance inventaire du m\u00e9nage <\/h1>\n            <p class=\"description__row\"> Incendie, d\u00e9g\u00e2ts d\u2019eau, vent \u2013 la nature peut s\u00e9rieusement endommager vos biens. Une effraction ou un vol peut aussi rapidement co\u00fbter cher. L\u2019assurance m\u00e9nage vous permet de vous pr\u00e9munir des cons\u00e9quences financi\u00e8res de dommages caus\u00e9s \u00e0 votre domicile ou en voyage.<\/p>\n         \n        \n                  \n      <!--<div  class=\"scroll__one__bottom with__new__arrow\"> <\/div>-->\n    <\/div>\n    <div class=\"half__image__row\">\n      <img decoding=\"async\" width=\"2560\" height=\"1493\" src=\"https:\/\/branchenversicherung.ch\/wp-content\/uploads\/2021\/11\/BV_Leistung_Produkte_Header_1680x980px_Hausrat-scaled.jpg\" class=\"attachment-full size-full\" alt=\"\" srcset=\"https:\/\/branchenversicherung.ch\/wp-content\/uploads\/2021\/11\/BV_Leistung_Produkte_Header_1680x980px_Hausrat-scaled.jpg 2560w, https:\/\/branchenversicherung.ch\/wp-content\/uploads\/2021\/11\/BV_Leistung_Produkte_Header_1680x980px_Hausrat-300x175.jpg 300w, https:\/\/branchenversicherung.ch\/wp-content\/uploads\/2021\/11\/BV_Leistung_Produkte_Header_1680x980px_Hausrat-1024x597.jpg 1024w, https:\/\/branchenversicherung.ch\/wp-content\/uploads\/2021\/11\/BV_Leistung_Produkte_Header_1680x980px_Hausrat-768x448.jpg 768w, https:\/\/branchenversicherung.ch\/wp-content\/uploads\/2021\/11\/BV_Leistung_Produkte_Header_1680x980px_Hausrat-1536x896.jpg 1536w, https:\/\/branchenversicherung.ch\/wp-content\/uploads\/2021\/11\/BV_Leistung_Produkte_Header_1680x980px_Hausrat-2048x1195.jpg 2048w\" sizes=\"(max-width: 2560px) 100vw, 2560px\" \/>    <\/div>\n  <\/div>\n<\/section>\n\n\n<div class=\"gb-container gb-container-c1b79790\"><div class=\"gb-inside-container\">\n<div class=\"gb-grid-wrapper gb-grid-wrapper-8baafd59\">\n<div class=\"gb-grid-column gb-grid-column-a79f536a\"><div class=\"gb-container gb-container-a79f536a entry-text-093\"><div class=\"gb-inside-container\">\n<section  class=\"icon-text columns-3\">\n    <div class=\"container\">\n                            <div class=\"row\">\n                                    <div class=\"col\">\n                                                    <img decoding=\"async\" class=\"icon\" src=\"https:\/\/branchenversicherung.ch\/wp-content\/uploads\/2024\/08\/Webseite_Icon_96x96px_KTG_Personlakosten_Kalkulierbar_24.png\" \/>\n                                                                        <p>En tant qu\u2019entrepreneur\/-se, prot\u00e9gez-vous aussi \u00e0 titre priv\u00e9<\/p>\n                    <\/div>\n                                    <div class=\"col\">\n                                                    <img decoding=\"async\" class=\"icon\" src=\"https:\/\/branchenversicherung.ch\/wp-content\/uploads\/2024\/08\/Webseite_Icon_96x96px_EU_Kapitalzahlungen_24.png\" \/>\n                                                                        <p>Couverture de base avec ou sans prestations compl\u00e9mentaires<\/p>\n                    <\/div>\n                                    <div class=\"col\">\n                                                    <img decoding=\"async\" class=\"icon\" src=\"https:\/\/branchenversicherung.ch\/wp-content\/uploads\/2024\/08\/Webseite_Icon_96x96px_Personalisierte_Versicherungsangebote_24.png\" \/>\n                                                                        <p>Solution sur mesure pour votre m\u00e9nage<\/p>\n                    <\/div>\n                            <\/div>\n            <\/div>\n<\/section>\n\n\n<div style=\"height:1px\" aria-hidden=\"true\" class=\"wp-block-spacer\"><\/div>\n\n\n<section  class=\"double-cta columns-1\">\n    <div class=\"container\">\n                    <div class=\"row\">\n                                    <div class=\"col\">\n                                                    <h4 class=\"title\">Demande d\u2019offre<\/h4>\n                                                <p>Recevez rapidement et facilement votre offre individuelle<\/p>\n                                                    <a class=\"button\" href=\"https:\/\/branchenversicherung.ch\/fr\/service\/demande-doffre\/\">Offre<\/a>\n                                            <\/div>\n                            <\/div>\n            <\/div>\n<\/section>\n\n\n<div style=\"height:45px\" aria-hidden=\"true\" class=\"wp-block-spacer\"><\/div>\n\n\n\n<h2 class=\"gb-headline gb-headline-abdaa4ab gb-headline-text\"><strong><strong><strong>Aper\u00e7u de l\u2019assurance inventaire du m\u00e9nage<\/strong><\/strong><\/strong><\/h2>\n\n\n\n<p>L\u2019assurance inventaire du m\u00e9nage couvre les dommages caus\u00e9s \u00e0 divers objets de valeur par des \u00e9v\u00e9nements tels que vol avec effraction, incendie, d\u00e9g\u00e2ts d\u2019eau et temp\u00eate.<\/p>\n\n\n\n<p>Souvent, ce n\u2019est qu\u2019en cas de perte que l\u2019on r\u00e9alise la vraie valeur des choses. Avec notre assurance inventaire du m\u00e9nage, nous assurons l\u2019ensemble de l\u2019inventaire de votre m\u00e9nage \u00e0 la valeur \u00e0 neuf pour vous prot\u00e9ger au moins contre les dommages mat\u00e9riels.<\/p>\n\n\n\n<div style=\"height:45px\" aria-hidden=\"true\" class=\"wp-block-spacer\"><\/div>\n\n\n\n<div style=\"height:45px\" aria-hidden=\"true\" class=\"wp-block-spacer\"><\/div>\n\n\n\n<h2 class=\"gb-headline gb-headline-ffd1f922 gb-headline-text\"><strong><strong>\u00c0 qui s\u2019adresse l\u2019assurance inventaire du m\u00e9nage ?<\/strong><\/strong><\/h2>\n\n\n\n<p>Dans les cantons de Nidwald, Fribourg, Jura et Vaud, une assurance contre l\u2019incendie et les dommages naturels est prescrite par la loi. Dans les autres cantons, l\u2019assurance m\u00e9nage n\u2019est obligatoire ni pour les locataires ni pour les propri\u00e9taires. Elle est toutefois fortement recommand\u00e9e \u00e0 toute personne souhaitant prot\u00e9ger ses biens contre des dommages et pertes impr\u00e9visibles. Elle offre une s\u00e9curit\u00e9 financi\u00e8re et permet de retrouver rapidement une situation normale en cas de sinistre.<\/p>\n\n\n\n<p>Information : Nous proposons en priorit\u00e9 l\u2019assurance m\u00e9nage aux particuliers dont l\u2019entreprise est (partiellement) assur\u00e9e aupr\u00e8s de l\u2019Assurance des m\u00e9tiers. Ainsi, en tant qu\u2019entrepreneur ou entrepreneuse, vous pouvez compter sur un partenaire comp\u00e9tent en mati\u00e8re d\u2019assurances, aussi bien pour vos besoins professionnels que personnels. Cela permet \u00e9galement de r\u00e9duire votre charge administrative.<\/p>\n\n\n\n<div style=\"height:45px\" aria-hidden=\"true\" class=\"wp-block-spacer\"><\/div>\n\n\n\n<div style=\"height:45px\" aria-hidden=\"true\" class=\"wp-block-spacer\"><\/div>\n\n\n\n<h2 class=\"gb-headline gb-headline-fb4c7d23 gb-headline-text\"><strong><strong>Prestations de l\u2019assurance m\u00e9nage<\/strong><\/strong><\/h2>\n\n\n\n<p>L\u2019assurance inventaire du m\u00e9nage comprend une couverture de base et diverses prestations compl\u00e9mentaires optionnelles. Elle peut donc \u00eatre adapt\u00e9e \u00e0 vos besoins individuels et \u00e0 votre situation de vie actuelle.<\/p>\n\n\n\n<figure class=\"wp-block-image size-large\"><img decoding=\"async\" width=\"1024\" height=\"649\" src=\"https:\/\/branchenversicherung.ch\/wp-content\/uploads\/2025\/05\/BV_Leistungsumfang-Hausratsversicherung_FR-1024x649.jpg\" alt=\"\" class=\"wp-image-21151\" srcset=\"https:\/\/branchenversicherung.ch\/wp-content\/uploads\/2025\/05\/BV_Leistungsumfang-Hausratsversicherung_FR-1024x649.jpg 1024w, https:\/\/branchenversicherung.ch\/wp-content\/uploads\/2025\/05\/BV_Leistungsumfang-Hausratsversicherung_FR-300x190.jpg 300w, https:\/\/branchenversicherung.ch\/wp-content\/uploads\/2025\/05\/BV_Leistungsumfang-Hausratsversicherung_FR-768x486.jpg 768w, https:\/\/branchenversicherung.ch\/wp-content\/uploads\/2025\/05\/BV_Leistungsumfang-Hausratsversicherung_FR-1536x973.jpg 1536w, https:\/\/branchenversicherung.ch\/wp-content\/uploads\/2025\/05\/BV_Leistungsumfang-Hausratsversicherung_FR-2048x1297.jpg 2048w\" sizes=\"(max-width: 1024px) 100vw, 1024px\" \/><\/figure>\n\n\n\n<div style=\"height:45px\" aria-hidden=\"true\" class=\"wp-block-spacer\"><\/div>\n\n\n\n<h3 class=\"gb-headline gb-headline-e4c53197 gb-headline-text\"><strong><strong>Couverture de base de l\u2019assurance inventaire du m\u00e9nage<\/strong><\/strong><\/h3>\n\n\n\n<p>La couverture de base de notre assurance inventaire du m\u00e9nage couvre les dommages suivants :<\/p>\n\n\n\n<ul class=\"wp-block-list\">\n<li>Dommages par le feu et les \u00e9v\u00e9nements naturels, p.&nbsp;ex. incendie, temp\u00eate et crue<\/li>\n\n\n\n<li>D\u00e9g\u00e2ts d\u2019eau<\/li>\n\n\n\n<li>Effraction, d\u00e9troussement et vol simple<\/li>\n<\/ul>\n\n\n\n<h3 class=\"gb-headline gb-headline-655da99e gb-headline-text\"><strong><strong>Prestations compl\u00e9mentaires de l\u2019assurance inventaire du m\u00e9nage<\/strong><\/strong><\/h3>\n\n\n\n<p>Les prestations d\u2019assurance compl\u00e9mentaires optionnelles vous permettent de couvrir les dommages suppl\u00e9mentaires suivants et d\u2019adapter l\u2019assurance m\u00e9nage \u00e0 vos besoins sp\u00e9cifiques :<\/p>\n\n\n\n<ul class=\"wp-block-list\">\n<li>Bris de glace (vitrage du mobilier et\/ou du b\u00e2timent)<\/li>\n\n\n\n<li>Vol simple \u00e0 l\u2019ext\u00e9rieur, bagages, abus de carte de cr\u00e9dit<\/li>\n\n\n\n<li>Objets de valeur (bijoux, fourrures, tableaux et objets d\u2019art, instruments de musique)<\/li>\n\n\n\n<li>Mobilehome et constructions mobili\u00e8res (p.&nbsp;ex. ruches, clapiers, etc.)<\/li>\n\n\n\n<li>Appareils \u00e9lectroniques et de sport<\/li>\n<\/ul>\n\n\n\n<div style=\"height:45px\" aria-hidden=\"true\" class=\"wp-block-spacer\"><\/div>\n\n\n\n<div style=\"height:45px\" aria-hidden=\"true\" class=\"wp-block-spacer\"><\/div>\n\n\n\n<h2 class=\"wp-block-heading\"><strong><strong>Avantages de l\u2019assurance inventaire du m\u00e9nage<\/strong><\/strong><\/h2>\n\n\n\n<ul class=\"wp-block-list\">\n<li>Couverture des co\u00fbts cons\u00e9cutifs&nbsp; \u00e0 un sinistre, tels qu\u2019un h\u00e9bergement provisoire ou les frais de d\u00e9blaiement et d\u2019\u00e9limination apr\u00e8s un sinistre.<\/li>\n\n\n\n<li>Flexibilit\u00e9 : solution d\u2019assurance sur mesure pour votre m\u00e9nage.<\/li>\n\n\n\n<li>Protection financi\u00e8re :&nbsp; couverture des cons\u00e9quences financi\u00e8res inattendues suite \u00e0 un \u00e9v\u00e9nement naturel ou un vol.<\/li>\n<\/ul>\n\n\n\n<div style=\"height:35px\" aria-hidden=\"true\" class=\"wp-block-spacer\"><\/div>\n\n\n\n<div style=\"height:45px\" aria-hidden=\"true\" class=\"wp-block-spacer\"><\/div>\n\n<\/div><\/div><\/div>\n<\/div>\n\n\n<h2 class=\"gb-headline gb-headline-d46ba4bc gb-headline-text\"><strong><strong><strong><strong>Questions relatives \u00e0 l\u2019assurance inventaire du m\u00e9nage<\/strong><\/strong><\/strong><\/strong><\/h2>\n\n\n\n<div style=\"height:16px\" aria-hidden=\"true\" class=\"wp-block-spacer\"><\/div>\n\n\n<section id=\"accordionB-block_6663b053d8a2f01ea877f9175ba13824\" class=\"accordionB container__accordion\">\n  <div class=\"rows__accordion make__accordion\"><h3 class=\"accordion__title__down\"> <span class=\"acc__head__text\"> Combien co\u00fbte une assurance inventaire du m\u00e9nage ?<\/span><span class=\"icon__accordion__acc\"> <i class=\"fas fa-chevron-down\"><\/i>  <i class=\"fas fa-chevron-up\"><\/i> <\/span><\/h3><div class=\"accordion__hidden__shown\"><p>Le calcul de la prime de l\u2019assurance inventaire du m\u00e9nage se fonde sur la taille du logement et la valeur de l\u2019inventaire du m\u00e9nage assur\u00e9. Il est essentiel que la somme d\u2019assurance convenue soit r\u00e9aliste et corresponde \u00e0 la valeur actuelle. Nous vous conseillons donc de v\u00e9rifier et d\u2019adapter celle-ci r\u00e9guli\u00e8rement avec votre conseiller\/-\u00e8re en assurance.<\/p>\n<\/div><hr class=\"accordion__separate row__seps\"><\/div><div class=\"rows__accordion make__accordion\"><h3 class=\"accordion__title__down\"> <span class=\"acc__head__text\"> L\u2019assurance inventaire du m\u00e9nage est-elle obligatoire ?<\/span><span class=\"icon__accordion__acc\"> <i class=\"fas fa-chevron-down\"><\/i>  <i class=\"fas fa-chevron-up\"><\/i> <\/span><\/h3><div class=\"accordion__hidden__shown\"><p>Non, assurer son inventaire de m\u00e9nage n\u2019est pas prescrit par la loi. Toutefois, une assurance m\u00e9nage permet de se pr\u00e9munir des cons\u00e9quences financi\u00e8res de dommages caus\u00e9s par l\u2019eau, le feu, le vent et le vol. Elle est donc vivement recommand\u00e9e \u00e0 toute personne qui souhaite se prot\u00e9ger contre de tels risques financiers.<br \/>\nDes dispositions particuli\u00e8res s\u2019appliquent dans les cantons de Nidwald, de Fribourg, du Jura et de Vaud o\u00f9 il existe une obligation l\u00e9gale de s\u2019assurer contre l\u2019incendie et les \u00e9v\u00e9nements naturels.<\/p>\n<\/div><hr class=\"accordion__separate row__seps\"><\/div><div class=\"rows__accordion make__accordion\"><h3 class=\"accordion__title__down\"> <span class=\"acc__head__text\"> L\u2019assurance inventaire du m\u00e9nage reste-t-elle encore valable apr\u00e8s un d\u00e9m\u00e9nagement ?<\/span><span class=\"icon__accordion__acc\"> <i class=\"fas fa-chevron-down\"><\/i>  <i class=\"fas fa-chevron-up\"><\/i> <\/span><\/h3><div class=\"accordion__hidden__shown\"><p>En cas de d\u00e9m\u00e9nagement, il suffit de communiquer votre nouvelle adresse \u00e0 votre assureur, lequel modifiera votre contrat en cons\u00e9quence. Il est \u00e9galement important de v\u00e9rifier si la somme d\u2019assurance initialement convenue et les prestations couvertes sont adapt\u00e9es \u00e0 votre nouveau logement.<\/p>\n<\/div><hr class=\"accordion__separate row__seps\"><\/div><div class=\"rows__accordion make__accordion\"><h3 class=\"accordion__title__down\"> <span class=\"acc__head__text\"> Comment comparer les diff\u00e9rentes assurances inventaire du m\u00e9nage ?<\/span><span class=\"icon__accordion__acc\"> <i class=\"fas fa-chevron-down\"><\/i>  <i class=\"fas fa-chevron-up\"><\/i> <\/span><\/h3><div class=\"accordion__hidden__shown\"><p>Pour comparer les assurances inventaire du m\u00e9nage, vous devez prendre en compte non seulement les primes d\u2019assurance, mais aussi plusieurs facteurs cl\u00e9s. Tout d\u2019abord, v\u00e9rifiez que tous les risques que vous souhaitez assurer sont bien couverts par l\u2019assurance. Veillez \u00e9galement \u00e0 v\u00e9rifier si des co\u00fbts suppl\u00e9mentaires, tels que les frais cons\u00e9cutifs, sont couverts.<\/p>\n<\/div><hr class=\"accordion__separate row__seps\"><\/div><div class=\"rows__accordion make__accordion\"><h3 class=\"accordion__title__down\"> <span class=\"acc__head__text\"> Quelle est la diff\u00e9rence entre une assurance inventaire du m\u00e9nage et une assurance responsabilit\u00e9 civile priv\u00e9e ?<\/span><span class=\"icon__accordion__acc\"> <i class=\"fas fa-chevron-down\"><\/i>  <i class=\"fas fa-chevron-up\"><\/i> <\/span><\/h3><div class=\"accordion__hidden__shown\"><p><a href=\"https:\/\/branchenversicherung.ch\/fr\/assure\/assurance-responsabilite-civile-privee\/\" target=\"_blank\" rel=\"noopener\">L\u2019assurance responsabilit\u00e9 civile priv\u00e9e<\/a> prot\u00e8ge contre les pr\u00e9tentions financi\u00e8res de tiers li\u00e9es \u00e0 des dommages caus\u00e9s par la personne assur\u00e9e. L\u2019assurance inventaire du m\u00e9nage, en revanche, prot\u00e8ge les biens mobiliers de la personne assur\u00e9e contre les dommages d\u00e9coulant de risques tels que l\u2019incendie, les \u00e9v\u00e9nements naturels ou le vol.<\/p>\n<\/div><hr class=\"accordion__separate row__seps\"><\/div><\/section>\n\n\n\n<div style=\"height:8px\" aria-hidden=\"true\" class=\"wp-block-spacer\"><\/div>\n\n\n\n<div style=\"height:8px\" aria-hidden=\"true\" class=\"wp-block-spacer\"><\/div>\n\n\n\n<div style=\"height:100px\" aria-hidden=\"true\" class=\"wp-block-spacer\"><\/div>\n\n\n\n<div class=\"wp-block-group has-base-2-background-color has-background\"><div class=\"wp-block-group__inner-container is-layout-constrained wp-block-group-is-layout-constrained\">\n<h3 class=\"gb-headline gb-headline-68fc93f3 gb-headline-text\"><strong><strong>Conseil \u2013 \u00e9valuer correctement la somme d\u2019assurance<\/strong><\/strong><\/h3>\n\n\n\n<p>Pour que la somme d\u2019assurance corresponde \u00e0 la r\u00e9alit\u00e9, vous devriez r\u00e9guli\u00e8rement faire v\u00e9rifier votre assurance invnentaire du m\u00e9nage par votre conseiller\/-\u00e8re en assurance.<\/p>\n<\/div><\/div>\n\n<\/div><\/div>\n\n<div class=\"gb-container gb-container-9300adcd\"><div class=\"gb-inside-container\">\n<section  class=\"double-cta columns-2\">\n    <div class=\"container\">\n                    <div class=\"row\">\n                                    <div class=\"col\">\n                                                    <h4 class=\"title\">Demander des conseils<\/h4>\n                                                <p>Contactez d\u00e8s maintenant un conseiller pr\u00e8s de chez vous<\/p>\n                                                    <a class=\"button\" href=\"https:\/\/branchenversicherung.ch\/fr\/service\/nos-conseillers-a-la-clientele-se-tiennent-a-votre-disposition\/\">Conseils<\/a>\n                                            <\/div>\n                                    <div class=\"col\">\n                                                    <h4 class=\"title\">Demande d\u2019offre<\/h4>\n                                                <p>Recevez rapidement et facilement votre offre individuelle<\/p>\n                                                    <a class=\"button\" href=\"https:\/\/branchenversicherung.ch\/fr\/service\/demande-doffre\/\">Offre<\/a>\n                                            <\/div>\n                            <\/div>\n            <\/div>\n<\/section>\n\n\n<div style=\"height:39px\" aria-hidden=\"true\" class=\"wp-block-spacer\"><\/div>\n\n\n<div class=\"rows__downloads make__accordion\"><h2 class=\"cat__title__down\">Documents \u00e0 t\u00e9l\u00e9charger<span class=\"icon__accordion__down\"> <i class=\"fas fa-chevron-down\"><\/i>  <i class=\"fas fa-chevron-up\"><\/i> <\/span><\/h2><div class=\"ul__list__downlaods \"><div class=\"list__downlaods seps\"><a class=\"download__ahref\" download href=\"https:\/\/branchenversicherung.ch\/wp-content\/uploads\/2022\/06\/BV_Produktesheet_Hausrat_Wertsachen_FR_RZ_22.pdf\"><span class=\"title__downloads\">Fiche d'information m\u00e9nage<\/span> <span class=\"file__icon__size\">pdf (2,10 MB) <i class=\"fas fa-download icon__in__download\"><\/i><\/span><\/a><hr class=\"download__separate\"><\/div><\/div><hr class=\"download__separate row__seps\"><\/div>\n\n\n\n<div style=\"height:63px\" aria-hidden=\"true\" class=\"wp-block-spacer\"><\/div>\n\n\n\n<div style=\"height:63px\" aria-hidden=\"true\" class=\"wp-block-spacer\"><\/div>\n\n\n<div class=\"gb-grid-wrapper gb-grid-wrapper-e258ee92\">\n<div class=\"gb-grid-column gb-grid-column-b95b02c7\"><div class=\"gb-container gb-container-b95b02c7 eql__column\"><div class=\"gb-inside-container\">\n\n<figure class=\"wp-block-image size-large image__full\"><img decoding=\"async\" width=\"1024\" height=\"691\" src=\"https:\/\/branchenversicherung.ch\/wp-content\/uploads\/2021\/11\/BV_Teaser_alle_1120x752px_Privathaftpflicht-1024x691.jpg\" alt=\"\" class=\"wp-image-8607\" srcset=\"https:\/\/branchenversicherung.ch\/wp-content\/uploads\/2021\/11\/BV_Teaser_alle_1120x752px_Privathaftpflicht-1024x691.jpg 1024w, https:\/\/branchenversicherung.ch\/wp-content\/uploads\/2021\/11\/BV_Teaser_alle_1120x752px_Privathaftpflicht-300x202.jpg 300w, https:\/\/branchenversicherung.ch\/wp-content\/uploads\/2021\/11\/BV_Teaser_alle_1120x752px_Privathaftpflicht-768x518.jpg 768w, https:\/\/branchenversicherung.ch\/wp-content\/uploads\/2021\/11\/BV_Teaser_alle_1120x752px_Privathaftpflicht-1536x1036.jpg 1536w, https:\/\/branchenversicherung.ch\/wp-content\/uploads\/2021\/11\/BV_Teaser_alle_1120x752px_Privathaftpflicht-2048x1382.jpg 2048w\" sizes=\"(max-width: 1024px) 100vw, 1024px\" \/><\/figure>\n\n<\/div><\/div><\/div>\n\n<div class=\"gb-grid-column gb-grid-column-ed4375f2\"><div class=\"gb-container gb-container-ed4375f2 make__me__relative\"><div class=\"gb-inside-container\">\n\n<p class=\"fix__p__no__margins\" style=\"font-size:14px\">Voir aussi<\/p>\n\n\n\n<h2 class=\"gb-headline gb-headline-095d0511 gb-headline-text\">Protection d\u2019assurance<\/h2>\n\n\n\n<p>Couverture d\u2019assurance \u00e9tendue pour les objets de valeur, les appareils \u00e9lectroniques et de sport \u2013 et ce dans le monde entier<\/p>\n\n\n\n<p class=\"half__button__icon adjust__bottom\"><a href=\"https:\/\/branchenversicherung.ch\/fr\/assure\/assurance-responsabilite-civile-privee\/\" data-type=\"URL\">En savoir plus<\/a><\/p>\n\n<\/div><\/div><\/div>\n<\/div>\n\n\n<div style=\"height:35px\" aria-hidden=\"true\" class=\"wp-block-spacer\"><\/div>\n\n\n\n<div style=\"height:100px\" aria-hidden=\"true\" class=\"wp-block-spacer\"><\/div>\n\n<\/div><\/div>","protected":false},"excerpt":{"rendered":"<p>Questions relatives \u00e0 l\u2019assurance inventaire du m\u00e9nage Conseil \u2013 \u00e9valuer correctement la somme d\u2019assurance Pour que la somme d\u2019assurance corresponde \u00e0 la r\u00e9alit\u00e9, vous devriez r\u00e9guli\u00e8rement faire v\u00e9rifier votre assurance invnentaire du m\u00e9nage par votre conseiller\/-\u00e8re en assurance.<\/p>\n","protected":false},"author":2,"featured_media":0,"parent":21581,"menu_order":0,"comment_status":"closed","ping_status":"closed","template":"","meta":{"_acf_changed":false,"iawp_total_views":42,"footnotes":""},"class_list":["post-20214","page","type-page","status-publish"],"acf":[],"_links":{"self":[{"href":"https:\/\/branchenversicherung.ch\/fr\/wp-json\/wp\/v2\/pages\/20214","targetHints":{"allow":["GET"]}}],"collection":[{"href":"https:\/\/branchenversicherung.ch\/fr\/wp-json\/wp\/v2\/pages"}],"about":[{"href":"https:\/\/branchenversicherung.ch\/fr\/wp-json\/wp\/v2\/types\/page"}],"author":[{"embeddable":true,"href":"https:\/\/branchenversicherung.ch\/fr\/wp-json\/wp\/v2\/users\/2"}],"replies":[{"embeddable":true,"href":"https:\/\/branchenversicherung.ch\/fr\/wp-json\/wp\/v2\/comments?post=20214"}],"version-history":[{"count":28,"href":"https:\/\/branchenversicherung.ch\/fr\/wp-json\/wp\/v2\/pages\/20214\/revisions"}],"predecessor-version":[{"id":22542,"href":"https:\/\/branchenversicherung.ch\/fr\/wp-json\/wp\/v2\/pages\/20214\/revisions\/22542"}],"up":[{"embeddable":true,"href":"https:\/\/branchenversicherung.ch\/fr\/wp-json\/wp\/v2\/pages\/21581"}],"wp:attachment":[{"href":"https:\/\/branchenversicherung.ch\/fr\/wp-json\/wp\/v2\/media?parent=20214"}],"curies":[{"name":"wp","href":"https:\/\/api.w.org\/{rel}","templated":true}]}}