{"id":20431,"date":"2025-05-06T11:54:23","date_gmt":"2025-05-06T09:54:23","guid":{"rendered":"https:\/\/branchenversicherung.ch\/?page_id=20431"},"modified":"2025-06-26T11:25:58","modified_gmt":"2025-06-26T09:25:58","slug":"assurance-protection-juridique","status":"publish","type":"page","link":"https:\/\/branchenversicherung.ch\/fr\/assure\/assurance-protection-juridique\/","title":{"rendered":"Assurance protection juridique"},"content":{"rendered":"<section id=\"halfHeader-block_7bde293fd844fa1911c649e54d408e31\" class=\"halfHeader container__page\">\n  <div class=\"inside__hero__half imagineNow\">\n    <div class=\"half__description__row\">\n            <p class=\"parent__title__single\">  <a href=\"https:\/\/branchenversicherung.ch\/fr\/assure\/\">Assurances<\/a><\/p>\n          <h1 class=\"hero__title__h\">Assurance protection juridique <\/h1>\n            <p class=\"description__row\"> Un litige implique souvent des co\u00fbts \u00e9lev\u00e9s et la perte d\u2019un temps pr\u00e9cieux. Nous vous d\u00e9fendons et mettons tout en \u0153uvre pour que la loi reste la loi et qu\u2019elle soit respect\u00e9e en tant que telle.<\/p>\n         \n        \n                  \n      <!--<div  class=\"scroll__one__bottom with__new__arrow\"> <\/div>-->\n    <\/div>\n    <div class=\"half__image__row\">\n      <img decoding=\"async\" width=\"2560\" height=\"1493\" src=\"https:\/\/branchenversicherung.ch\/wp-content\/uploads\/2021\/11\/BV_Leistung_Produkte_Header_1680x980px_Rechtsschutz-scaled.jpg\" class=\"attachment-full size-full\" alt=\"\" srcset=\"https:\/\/branchenversicherung.ch\/wp-content\/uploads\/2021\/11\/BV_Leistung_Produkte_Header_1680x980px_Rechtsschutz-scaled.jpg 2560w, https:\/\/branchenversicherung.ch\/wp-content\/uploads\/2021\/11\/BV_Leistung_Produkte_Header_1680x980px_Rechtsschutz-300x175.jpg 300w, https:\/\/branchenversicherung.ch\/wp-content\/uploads\/2021\/11\/BV_Leistung_Produkte_Header_1680x980px_Rechtsschutz-1024x597.jpg 1024w, https:\/\/branchenversicherung.ch\/wp-content\/uploads\/2021\/11\/BV_Leistung_Produkte_Header_1680x980px_Rechtsschutz-768x448.jpg 768w, https:\/\/branchenversicherung.ch\/wp-content\/uploads\/2021\/11\/BV_Leistung_Produkte_Header_1680x980px_Rechtsschutz-1536x896.jpg 1536w, https:\/\/branchenversicherung.ch\/wp-content\/uploads\/2021\/11\/BV_Leistung_Produkte_Header_1680x980px_Rechtsschutz-2048x1195.jpg 2048w\" sizes=\"(max-width: 2560px) 100vw, 2560px\" \/>    <\/div>\n  <\/div>\n<\/section>\n\n\n<div class=\"gb-container gb-container-c1b79790\"><div class=\"gb-inside-container\">\n<div class=\"gb-grid-wrapper gb-grid-wrapper-8baafd59\">\n<div class=\"gb-grid-column gb-grid-column-a79f536a\"><div class=\"gb-container gb-container-a79f536a entry-text-093\"><div class=\"gb-inside-container\">\n<section  class=\"icon-text columns-3\">\n    <div class=\"container\">\n                            <div class=\"row\">\n                                    <div class=\"col\">\n                                                    <img decoding=\"async\" class=\"icon\" src=\"https:\/\/branchenversicherung.ch\/wp-content\/uploads\/2024\/08\/Webseite_Icon_96x96px_KTG_Personlakosten_Kalkulierbar_24.png\" \/>\n                                                                        <p>Protection juridique d\u2019entreprise pour les entreprises et protection juridique priv\u00e9e pour les entrepreneurs et entrepreneuses<\/p>\n                    <\/div>\n                                    <div class=\"col\">\n                                                    <img decoding=\"async\" class=\"icon\" src=\"https:\/\/branchenversicherung.ch\/wp-content\/uploads\/2024\/08\/Webseite_Icon_96x96px_Weltweite_Abdeckung_24.png\" \/>\n                                                                        <p>Couverture dans le monde entire<\/p>\n                    <\/div>\n                                    <div class=\"col\">\n                                                    <img decoding=\"async\" class=\"icon\" src=\"https:\/\/branchenversicherung.ch\/wp-content\/uploads\/2024\/08\/Webseite_Icon_96x96px_UVG_Zusatz_24.png\" \/>\n                                                                        <p>Diff\u00e9rents packs pour chaque cas sp\u00e9cifique<\/p>\n                    <\/div>\n                            <\/div>\n            <\/div>\n<\/section>\n\n\n<div style=\"height:1px\" aria-hidden=\"true\" class=\"wp-block-spacer\"><\/div>\n\n\n<section  class=\"double-cta columns-1\">\n    <div class=\"container\">\n                    <div class=\"row\">\n                                    <div class=\"col\">\n                                                    <h4 class=\"title\">Demande d\u2019offre<\/h4>\n                                                <p>Recevez rapidement et facilement votre offre individuelle<\/p>\n                                                    <a class=\"button\" href=\"https:\/\/branchenversicherung.ch\/fr\/service\/demande-doffre\/\">Offre<\/a>\n                                            <\/div>\n                            <\/div>\n            <\/div>\n<\/section>\n\n\n<div style=\"height:45px\" aria-hidden=\"true\" class=\"wp-block-spacer\"><\/div>\n\n\n\n<h2 class=\"gb-headline gb-headline-abdaa4ab gb-headline-text\"><strong><strong><strong><strong><strong><strong><strong>Aper\u00e7u de l\u2019assurance protection juridique<\/strong><\/strong><\/strong><\/strong><\/strong><\/strong><\/strong><\/h2>\n\n\n\n<p>La protection juridique offre un soutien financier et une assistance juridique pour les questions juridiques les plus diverses. Elle couvre les frais d\u2019avocat et de justice, donne acc\u00e8s \u00e0 des conseils juridiques et \u00e0 une protection dans les domaines du droit priv\u00e9, du droit professionnel, du droit de la circulation et le droit du bail. L\u2019assurance protection juridique vous permet de r\u00e9duire les risques financiers et de faire valoir vos droits et constitue donc une pr\u00e9cieuse couverture en cas de conflit juridique.<\/p>\n\n\n\n<div style=\"height:45px\" aria-hidden=\"true\" class=\"wp-block-spacer\"><\/div>\n\n\n\n<div style=\"height:45px\" aria-hidden=\"true\" class=\"wp-block-spacer\"><\/div>\n\n\n\n<h2 class=\"gb-headline gb-headline-5d924a56 gb-headline-text\"><strong><strong><strong><strong><strong><strong>\u00c0 qui s\u2019adresse l\u2019assurance protection juridique ?<\/strong><\/strong><\/strong><\/strong><\/strong><\/strong><\/h2>\n\n\n\n<p>L\u2019assurance protection juridique s\u2019adresse aussi bien aux particuliers qu\u2019aux entreprises. Elle offre une protection contre les co\u00fbts \u00e9lev\u00e9s qui peuvent \u00eatre encourus en cas de litige juridique. La protection juridique n\u2019est certes pas obligatoire en Suisse, mais elle est vivement recommand\u00e9e tant pour les entreprises (protection juridique d\u2019entreprise) que pour les particuliers (protection juridique priv\u00e9e).<\/p>\n\n\n\n<div class=\"wp-block-columns is-layout-flex wp-container-core-columns-is-layout-9d6595d7 wp-block-columns-is-layout-flex\">\n<div class=\"wp-block-column is-layout-flow wp-block-column-is-layout-flow\">\n<p><strong><strong><strong><strong><strong>Protection juridique d\u2019entreprise<\/strong><\/strong><\/strong><\/strong><\/strong><\/p>\n\n\n\n<p>L\u2019assurance protection juridique d\u2019entreprise s\u2019adresse aux entreprises et aux travailleurs ind\u00e9pendants. Elle couvre les litiges juridiques li\u00e9s aux activit\u00e9s de l\u2019entreprise dans les domaines suivants: droit du travail, droit du bail, contrats d\u2019entreprise avec des artisans du b\u00e2timent, contrats relatifs \u00e0 des v\u00e9hicules d\u2019entreprise, protection juridique recouvrement et protection juridique Internet.<\/p>\n<\/div>\n\n\n\n<div class=\"wp-block-column is-layout-flow wp-block-column-is-layout-flow\">\n<p><strong><strong><strong><strong><strong><strong>Protection juridique priv\u00e9e<\/strong><\/strong><\/strong><\/strong><\/strong><\/strong><\/p>\n\n\n\n<p>L\u2019assurance protection juridique priv\u00e9e s\u2019adresse aux particuliers et couvre les litiges juridiques relevant du domaine priv\u00e9. Les domaines concern\u00e9s sont le droit du travail, le droit du bail, les contrats d\u2019entreprise avec des artisans du b\u00e2timent, le droit d\u2019auteur, le droit des patients, le droit de voisinage et la protection juridique Internet.<\/p>\n\n\n\n<p>L\u2019assurance protection juridique priv\u00e9e de l\u2019Assurance des m\u00e9tiers s\u2019adresse principalement aux particuliers qui assurent (partiellement) leur entreprise aupr\u00e8s de l\u2019Assurance des m\u00e9tiers. En tant qu\u2019entrepreneur ou entrepreneuse, vous avez la possibilit\u00e9 de b\u00e9n\u00e9ficier d\u2019une couverture d\u2019assurance globale et de r\u00e9duire ainsi votre charge administrative.<\/p>\n<\/div>\n<\/div>\n\n\n\n<div style=\"height:45px\" aria-hidden=\"true\" class=\"wp-block-spacer\"><\/div>\n\n\n\n<div style=\"height:35px\" aria-hidden=\"true\" class=\"wp-block-spacer\"><\/div>\n\n\n\n<div style=\"height:45px\" aria-hidden=\"true\" class=\"wp-block-spacer\"><\/div>\n\n<\/div><\/div><\/div>\n<\/div>\n\n\n<h2 class=\"gb-headline gb-headline-dbdff6ec gb-headline-text\"><strong><strong><strong><strong><strong><strong><strong><strong>Questions fr\u00e9quemment pos\u00e9es sur la protection juridique<\/strong><\/strong><\/strong><\/strong><\/strong><\/strong><\/strong><\/strong><\/h2>\n\n\n\n<div style=\"height:16px\" aria-hidden=\"true\" class=\"wp-block-spacer\"><\/div>\n\n\n<section id=\"accordionB-block_f31c862544130b0a9e1d7167642f7a20\" class=\"accordionB container__accordion\">\n  <div class=\"rows__accordion make__accordion\"><h3 class=\"accordion__title__down\"> <span class=\"acc__head__text\"> Combien co\u00fbte une assurance protection juridique ?<\/span><span class=\"icon__accordion__acc\"> <i class=\"fas fa-chevron-down\"><\/i>  <i class=\"fas fa-chevron-up\"><\/i> <\/span><\/h3><div class=\"accordion__hidden__shown\"><p>Les co\u00fbts d\u00e9pendent de l\u2019\u00e9tendue de la couverture, de la franchise, de la somme d\u2019assurance et du d\u00e9lai d\u2019attente.<\/p>\n<\/div><hr class=\"accordion__separate row__seps\"><\/div><div class=\"rows__accordion make__accordion\"><h3 class=\"accordion__title__down\"> <span class=\"acc__head__text\"> Est-il judicieux de souscrire une protection juridique ?<\/span><span class=\"icon__accordion__acc\"> <i class=\"fas fa-chevron-down\"><\/i>  <i class=\"fas fa-chevron-up\"><\/i> <\/span><\/h3><div class=\"accordion__hidden__shown\"><p>Un litige entra\u00eene rapidement des co\u00fbts \u00e9lev\u00e9s et peut s\u2019\u00e9tendre sur une longue p\u00e9riode. Une assurance permettant de couvrir les litiges juridiques est donc recommand\u00e9e tant pour les particuliers que pour les entreprises.<\/p>\n<\/div><hr class=\"accordion__separate row__seps\"><\/div><div class=\"rows__accordion make__accordion\"><h3 class=\"accordion__title__down\"> <span class=\"acc__head__text\"> Comment comparer les diff\u00e9rentes assurances protection juridique ?<\/span><span class=\"icon__accordion__acc\"> <i class=\"fas fa-chevron-down\"><\/i>  <i class=\"fas fa-chevron-up\"><\/i> <\/span><\/h3><div class=\"accordion__hidden__shown\"><p>Pour comparer efficacement les assurances protection juridique, vous devez tenir compte des domaines juridiques couverts, du montant de couverture, de la franchise, des d\u00e9lais d\u2019attente et des primes. La flexibilit\u00e9, le service \u00e0 la client\u00e8le et l\u2019offre de prestations compl\u00e9mentaires sont \u00e9galement des aspects d\u00e9terminants. Ces crit\u00e8res vous permettent d\u2019\u00e9valuer les assurances de mani\u00e8re globale et de trouver l\u2019assurance protection juridique la mieux adapt\u00e9e \u00e0 vos besoins.<\/p>\n<\/div><hr class=\"accordion__separate row__seps\"><\/div><div class=\"rows__accordion make__accordion\"><h3 class=\"accordion__title__down\"> <span class=\"acc__head__text\"> Qu\u2019entend-on par d\u00e9lai d\u2019attente d\u2019une assurance protection juridique ?<\/span><span class=\"icon__accordion__acc\"> <i class=\"fas fa-chevron-down\"><\/i>  <i class=\"fas fa-chevron-up\"><\/i> <\/span><\/h3><div class=\"accordion__hidden__shown\"><p>Le d\u00e9lai (ou temps) d\u2019attente d\u2019une assurance protection juridique d\u00e9signe la p\u00e9riode entre la souscription de l\u2019assurance et la date \u00e0 partir de laquelle la couverture d\u2019assurance entre en vigueur. En g\u00e9n\u00e9ral, durant ce temps d\u2019attente, l\u2019assurance ne prend pas en charge les co\u00fbts li\u00e9s \u00e0 des litiges juridiques. Le d\u00e9lai d\u2019attente sert \u00e0 pr\u00e9venir les abus et permet de garantir que les preneurs d\u2019assurance ne souscrivent pas l\u2019assurance uniquement parce qu\u2019un conflit juridique est d\u00e9j\u00e0 pr\u00e9visible.<\/p>\n<\/div><hr class=\"accordion__separate row__seps\"><\/div><div class=\"rows__accordion make__accordion\"><h3 class=\"accordion__title__down\"> <span class=\"acc__head__text\"> Quels co\u00fbts l\u2019assurance prend-elle en charge en cas de litige juridique ?<\/span><span class=\"icon__accordion__acc\"> <i class=\"fas fa-chevron-down\"><\/i>  <i class=\"fas fa-chevron-up\"><\/i> <\/span><\/h3><div class=\"accordion__hidden__shown\"><p>Si le type de litige est pr\u00e9vu dans l\u2019\u00e9tendue de la couverture d\u2019assurance, un grand nombre de d\u00e9penses sont g\u00e9n\u00e9ralement prises en charge, notamment:<\/p>\n<ul>\n<li>Frais d\u2019avocat (honoraires des avocats)<\/li>\n<li>Frais de justice (frais de proc\u00e9dure, indemnit\u00e9s des t\u00e9moins)<\/li>\n<li>Co\u00fbts des experts (avis consultatifs ou expertises)<\/li>\n<\/ul>\n<p>Il convient de noter que les conditions et co\u00fbts effectifs peuvent varier en fonction du contrat d\u2019assurance et de la nature exacte du litige juridique. Il est conseill\u00e9 d\u2019examiner attentivement les conditions d\u2019assurance pour savoir avec pr\u00e9cision quels sont les co\u00fbts pris en charge par l\u2019assurance.<\/p>\n<\/div><hr class=\"accordion__separate row__seps\"><\/div><\/section>\n\n\n\n<div style=\"height:8px\" aria-hidden=\"true\" class=\"wp-block-spacer\"><\/div>\n\n\n\n<div style=\"height:8px\" aria-hidden=\"true\" class=\"wp-block-spacer\"><\/div>\n\n<\/div><\/div>\n\n<div class=\"gb-container gb-container-9300adcd\"><div class=\"gb-inside-container\">\n<section  class=\"double-cta columns-2\">\n    <div class=\"container\">\n                    <div class=\"row\">\n                                    <div class=\"col\">\n                                                    <h4 class=\"title\">Demander des conseils<\/h4>\n                                                <p>Contactez d\u00e8s maintenant un conseiller pr\u00e8s de chez vou<\/p>\n                                                    <a class=\"button\" href=\"https:\/\/branchenversicherung.ch\/fr\/service\/nos-conseillers-a-la-clientele-se-tiennent-a-votre-disposition\/\">Conseils<\/a>\n                                            <\/div>\n                                    <div class=\"col\">\n                                                    <h4 class=\"title\">Demande d\u2019offre<\/h4>\n                                                <p>Recevez rapidement et facilement votre offre individuelle<\/p>\n                                                    <a class=\"button\" href=\"https:\/\/branchenversicherung.ch\/fr\/service\/demande-doffre\/\">Offre<\/a>\n                                            <\/div>\n                            <\/div>\n            <\/div>\n<\/section>\n\n\n<div style=\"height:39px\" aria-hidden=\"true\" class=\"wp-block-spacer\"><\/div>\n\n\n<div class=\"rows__downloads make__accordion\"><h2 class=\"cat__title__down\">Documents \u00e0 t\u00e9l\u00e9charger<span class=\"icon__accordion__down\"> <i class=\"fas fa-chevron-down\"><\/i>  <i class=\"fas fa-chevron-up\"><\/i> <\/span><\/h2><div class=\"ul__list__downlaods \"><div class=\"list__downlaods seps\"><a class=\"download__ahref\" download href=\"https:\/\/branchenversicherung.ch\/wp-content\/uploads\/2023\/09\/CGA-Protection-juridique-pour-entreprises-Edition-08.2023.pdf\"><span class=\"title__downloads\">Protection juridique pour entreprises (Edition ao\u00fbt 2023)<\/span> <span class=\"file__icon__size\">pdf (309,19 KB) <i class=\"fas fa-download icon__in__download\"><\/i><\/span><\/a><hr class=\"download__separate\"><\/div><div class=\"list__downlaods seps\"><a class=\"download__ahref\" download href=\"https:\/\/branchenversicherung.ch\/wp-content\/uploads\/2023\/09\/CGA-Protection-juridique-pour-SMALL-BUSINESS-Edition-08.2023.pdf\"><span class=\"title__downloads\">Protection juridique SMALL BUSINESS (Edition ao\u00fbt 2023)<\/span> <span class=\"file__icon__size\">pdf (318,46 KB) <i class=\"fas fa-download icon__in__download\"><\/i><\/span><\/a><hr class=\"download__separate\"><\/div><div class=\"list__downlaods seps\"><a class=\"download__ahref\" download href=\"https:\/\/branchenversicherung.ch\/wp-content\/uploads\/2023\/09\/CGA-Protection-juridique-pour-personnes-privees-Edition-08.2023.pdf\"><span class=\"title__downloads\">Protection juridique pour personnes priv\u00e9es (Edition ao\u00fbt 2023)<\/span> <span class=\"file__icon__size\">pdf (312,51 KB) <i class=\"fas fa-download icon__in__download\"><\/i><\/span><\/a><hr class=\"download__separate\"><\/div><div class=\"list__downlaods seps\"><a class=\"download__ahref\" download href=\"https:\/\/branchenversicherung.ch\/wp-content\/uploads\/2023\/09\/Comparaison-protection-juridique-entreprises.pdf\"><span class=\"title__downloads\">Comparison protection juridique entreprises<\/span> <span class=\"file__icon__size\">pdf (51,80 KB) <i class=\"fas fa-download icon__in__download\"><\/i><\/span><\/a><hr class=\"download__separate\"><\/div><div class=\"list__downlaods seps\"><a class=\"download__ahref\" download href=\"https:\/\/branchenversicherung.ch\/wp-content\/uploads\/2023\/09\/Comparaison-protection-juridique-privee.pdf\"><span class=\"title__downloads\">Comparison protection juridique priv\u00e9e<\/span> <span class=\"file__icon__size\">pdf (54,24 KB) <i class=\"fas fa-download icon__in__download\"><\/i><\/span><\/a><hr class=\"download__separate\"><\/div><div class=\"list__downlaods seps\"><a class=\"download__ahref\" download href=\"https:\/\/branchenversicherung.ch\/wp-content\/uploads\/2023\/02\/Factsheet-Entreprises-2022-FR.pdf\"><span class=\"title__downloads\">Factsheet Protection juridique pour entreprises<\/span> <span class=\"file__icon__size\">pdf (1,14 MB) <i class=\"fas fa-download icon__in__download\"><\/i><\/span><\/a><hr class=\"download__separate\"><\/div><div class=\"list__downlaods seps\"><a class=\"download__ahref\" download href=\"https:\/\/branchenversicherung.ch\/wp-content\/uploads\/2021\/11\/Dextra_Factsheet_SB_2017_FR.pdf\"><span class=\"title__downloads\">Factsheet Protection juridique SMALL BUSINESS<\/span> <span class=\"file__icon__size\">pdf (75,11 KB) <i class=\"fas fa-download icon__in__download\"><\/i><\/span><\/a><hr class=\"download__separate\"><\/div><div class=\"list__downlaods seps\"><a class=\"download__ahref\" download href=\"https:\/\/branchenversicherung.ch\/wp-content\/uploads\/2023\/02\/Factsheet-Particuliers-2022-FR.pdf\"><span class=\"title__downloads\">Factsheet Protection juridique pour personnes priv\u00e9es<\/span> <span class=\"file__icon__size\">pdf (1,75 MB) <i class=\"fas fa-download icon__in__download\"><\/i><\/span><\/a><hr class=\"download__separate\"><\/div><\/div><hr class=\"download__separate row__seps\"><\/div>\n\n\n\n<div style=\"height:63px\" aria-hidden=\"true\" class=\"wp-block-spacer\"><\/div>\n\n\n<div class=\"gb-grid-wrapper gb-grid-wrapper-e258ee92\">\n<div class=\"gb-grid-column gb-grid-column-b95b02c7\"><div class=\"gb-container gb-container-b95b02c7 eql__column\"><div class=\"gb-inside-container\">\n\n<figure class=\"wp-block-image size-large image__full\"><img decoding=\"async\" width=\"1024\" height=\"688\" src=\"https:\/\/branchenversicherung.ch\/wp-content\/uploads\/2021\/11\/BV_Teaser_alle_1120x752px_Hausrat-1024x688.jpg\" alt=\"\" class=\"wp-image-8616\" srcset=\"https:\/\/branchenversicherung.ch\/wp-content\/uploads\/2021\/11\/BV_Teaser_alle_1120x752px_Hausrat-1024x688.jpg 1024w, https:\/\/branchenversicherung.ch\/wp-content\/uploads\/2021\/11\/BV_Teaser_alle_1120x752px_Hausrat-300x202.jpg 300w, https:\/\/branchenversicherung.ch\/wp-content\/uploads\/2021\/11\/BV_Teaser_alle_1120x752px_Hausrat-768x516.jpg 768w, https:\/\/branchenversicherung.ch\/wp-content\/uploads\/2021\/11\/BV_Teaser_alle_1120x752px_Hausrat-1536x1032.jpg 1536w, https:\/\/branchenversicherung.ch\/wp-content\/uploads\/2021\/11\/BV_Teaser_alle_1120x752px_Hausrat-2048x1376.jpg 2048w\" sizes=\"(max-width: 1024px) 100vw, 1024px\" \/><\/figure>\n\n<\/div><\/div><\/div>\n\n<div class=\"gb-grid-column gb-grid-column-ed4375f2\"><div class=\"gb-container gb-container-ed4375f2 make__me__relative\"><div class=\"gb-inside-container\">\n\n<p class=\"fix__p__no__margins\" style=\"font-size:14px\">Cela pourrait aussi vous int\u00e9resser<\/p>\n\n\n\n<h2 class=\"gb-headline gb-headline-095d0511 gb-headline-text\">Assurance m\u00e9nage<\/h2>\n\n\n\n<p>Avec une assurance m\u00e9nage, vous couvrez les cons\u00e9quences financi\u00e8res des dommages \u00e0 la maison et en voyage.<\/p>\n\n\n\n<p class=\"half__button__icon adjust__bottom\"><a href=\"https:\/\/branchenversicherung.ch\/fr\/assure\/assurance-inventaire-du-menage\/\" data-type=\"URL\">En savoir plus<\/a><\/p>\n\n<\/div><\/div><\/div>\n<\/div>\n\n\n<div style=\"height:35px\" aria-hidden=\"true\" class=\"wp-block-spacer\"><\/div>\n\n\n\n<div style=\"height:100px\" aria-hidden=\"true\" class=\"wp-block-spacer\"><\/div>\n\n<\/div><\/div>","protected":false},"excerpt":{"rendered":"<p>Questions fr\u00e9quemment pos\u00e9es sur la protection juridique<\/p>\n","protected":false},"author":2,"featured_media":0,"parent":21581,"menu_order":0,"comment_status":"closed","ping_status":"closed","template":"","meta":{"_acf_changed":false,"iawp_total_views":44,"footnotes":""},"class_list":["post-20431","page","type-page","status-publish"],"acf":[],"_links":{"self":[{"href":"https:\/\/branchenversicherung.ch\/fr\/wp-json\/wp\/v2\/pages\/20431","targetHints":{"allow":["GET"]}}],"collection":[{"href":"https:\/\/branchenversicherung.ch\/fr\/wp-json\/wp\/v2\/pages"}],"about":[{"href":"https:\/\/branchenversicherung.ch\/fr\/wp-json\/wp\/v2\/types\/page"}],"author":[{"embeddable":true,"href":"https:\/\/branchenversicherung.ch\/fr\/wp-json\/wp\/v2\/users\/2"}],"replies":[{"embeddable":true,"href":"https:\/\/branchenversicherung.ch\/fr\/wp-json\/wp\/v2\/comments?post=20431"}],"version-history":[{"count":13,"href":"https:\/\/branchenversicherung.ch\/fr\/wp-json\/wp\/v2\/pages\/20431\/revisions"}],"predecessor-version":[{"id":21652,"href":"https:\/\/branchenversicherung.ch\/fr\/wp-json\/wp\/v2\/pages\/20431\/revisions\/21652"}],"up":[{"embeddable":true,"href":"https:\/\/branchenversicherung.ch\/fr\/wp-json\/wp\/v2\/pages\/21581"}],"wp:attachment":[{"href":"https:\/\/branchenversicherung.ch\/fr\/wp-json\/wp\/v2\/media?parent=20431"}],"curies":[{"name":"wp","href":"https:\/\/api.w.org\/{rel}","templated":true}]}}