{"id":20748,"date":"2025-05-06T11:21:49","date_gmt":"2025-05-06T09:21:49","guid":{"rendered":"https:\/\/branchenversicherung.ch\/?page_id=20748"},"modified":"2025-10-17T14:00:01","modified_gmt":"2025-10-17T12:00:01","slug":"assurance-de-choses","status":"publish","type":"page","link":"https:\/\/branchenversicherung.ch\/fr\/assure\/assurance-de-choses\/","title":{"rendered":"Assurance de choses"},"content":{"rendered":"<section id=\"halfHeader-block_df127ca5963eb29f38e8117570e1fb78\" class=\"halfHeader container__page\">\n  <div class=\"inside__hero__half imagineNow\">\n    <div class=\"half__description__row\">\n            <p class=\"parent__title__single\">  <a href=\"https:\/\/branchenversicherung.ch\/fr\/assure\/\">Assurances<\/a><\/p>\n          <h1 class=\"hero__title__h\">Assurance de choses pour votre entreprise <\/h1>\n            <p class=\"description__row\"> La propre entreprise est le capital de base le plus important des entrepreneuses et entrepreneurs. Notre assurance de choses couvre int\u00e9gralement les \u00e9quipements de votre entreprise, votre inventaire et vos marchandises contre les risques impr\u00e9visibles.<\/p>\n         \n        \n                  \n      <!--<div  class=\"scroll__one__bottom with__new__arrow\"> <\/div>-->\n    <\/div>\n    <div class=\"half__image__row\">\n      <img decoding=\"async\" width=\"2560\" height=\"1493\" src=\"https:\/\/branchenversicherung.ch\/wp-content\/uploads\/2021\/11\/BV_Leistung_Produkte_Header_1680x980px_Geschaefts-scaled.jpg\" class=\"attachment-full size-full\" alt=\"\" srcset=\"https:\/\/branchenversicherung.ch\/wp-content\/uploads\/2021\/11\/BV_Leistung_Produkte_Header_1680x980px_Geschaefts-scaled.jpg 2560w, https:\/\/branchenversicherung.ch\/wp-content\/uploads\/2021\/11\/BV_Leistung_Produkte_Header_1680x980px_Geschaefts-300x175.jpg 300w, https:\/\/branchenversicherung.ch\/wp-content\/uploads\/2021\/11\/BV_Leistung_Produkte_Header_1680x980px_Geschaefts-1024x597.jpg 1024w, https:\/\/branchenversicherung.ch\/wp-content\/uploads\/2021\/11\/BV_Leistung_Produkte_Header_1680x980px_Geschaefts-768x448.jpg 768w, https:\/\/branchenversicherung.ch\/wp-content\/uploads\/2021\/11\/BV_Leistung_Produkte_Header_1680x980px_Geschaefts-1536x896.jpg 1536w, https:\/\/branchenversicherung.ch\/wp-content\/uploads\/2021\/11\/BV_Leistung_Produkte_Header_1680x980px_Geschaefts-2048x1195.jpg 2048w\" sizes=\"(max-width: 2560px) 100vw, 2560px\" \/>    <\/div>\n  <\/div>\n<\/section>\n\n\n<div class=\"gb-container gb-container-c1b79790\"><div class=\"gb-inside-container\">\n<div class=\"gb-grid-wrapper gb-grid-wrapper-8baafd59\">\n<div class=\"gb-grid-column gb-grid-column-a79f536a\"><div class=\"gb-container gb-container-a79f536a entry-text-093\"><div class=\"gb-inside-container\">\n<section  class=\"icon-text columns-3\">\n    <div class=\"container\">\n                            <div class=\"row\">\n                                    <div class=\"col\">\n                                                    <img decoding=\"async\" class=\"icon\" src=\"https:\/\/branchenversicherung.ch\/wp-content\/uploads\/2024\/08\/Webseite_Icon_96x96px_Checkmark_24.png\" \/>\n                                                                        <p>Adaptation flexible \u00e0 votre activit\u00e9 <\/p>\n                    <\/div>\n                                    <div class=\"col\">\n                                                    <img decoding=\"async\" class=\"icon\" src=\"https:\/\/branchenversicherung.ch\/wp-content\/uploads\/2024\/08\/Webseite_Icon_96x96px_Provisions\u00adunabhaengigkeit_24.png\" \/>\n                                                                        <p>Plus assurances compl\u00e9mentaires optionnelles<\/p>\n                    <\/div>\n                                    <div class=\"col\">\n                                                    <img decoding=\"async\" class=\"icon\" src=\"https:\/\/branchenversicherung.ch\/wp-content\/uploads\/2024\/08\/Webseite_Icon_96x96px_Mitinhaber_24.png\" \/>\n                                                                        <p>Module Interruption d\u2019exploitation<\/p>\n                    <\/div>\n                            <\/div>\n            <\/div>\n<\/section>\n\n\n<div style=\"height:1px\" aria-hidden=\"true\" class=\"wp-block-spacer\"><\/div>\n\n\n<section  class=\"double-cta columns-1\">\n    <div class=\"container\">\n                    <div class=\"row\">\n                                    <div class=\"col\">\n                                                    <h4 class=\"title\">Demande d\u2019offre<\/h4>\n                                                <p>Recevez rapidement et facilement votre offre individuelle<\/p>\n                                                    <a class=\"button\" href=\"https:\/\/branchenversicherung.ch\/fr\/service\/demande-doffre\/\">Offre<\/a>\n                                            <\/div>\n                            <\/div>\n            <\/div>\n<\/section>\n\n\n<div style=\"height:45px\" aria-hidden=\"true\" class=\"wp-block-spacer\"><\/div>\n\n\n\n<h2 class=\"gb-headline gb-headline-abdaa4ab gb-headline-text\"><strong><strong>Aper\u00e7u de l\u2019assurance de choses<\/strong><\/strong><\/h2>\n\n\n\n<p>Une assurance de choses, \u00e9galement appel\u00e9e assurance choses entreprise ou assurance biens mobiliers, est l\u2019assurance inventaire du m\u00e9nage pour les entreprises. Elle vous prot\u00e8ge des cons\u00e9quences financi\u00e8res de dommages caus\u00e9s aux \u00e9quipements de votre entreprise et \u00e0 vos biens mobiliers, p.&nbsp;ex. par un incendie, un vol par effraction ou des d\u00e9g\u00e2ts d\u2019eau.<\/p>\n\n\n\n<div style=\"height:45px\" aria-hidden=\"true\" class=\"wp-block-spacer\"><\/div>\n\n\n\n<div style=\"height:45px\" aria-hidden=\"true\" class=\"wp-block-spacer\"><\/div>\n\n\n\n<h2 class=\"gb-headline gb-headline-5d924a56 gb-headline-text\"><strong><strong>\u00c0 qui s\u2019adresse l\u2019assurance de choses ?<\/strong><\/strong><\/h2>\n\n\n\n<p>L\u2019assurance choses entreprise est id\u00e9ale pour les entreprises de tous secteurs et de toutes tailles qui souhaitent assurer leurs \u00e9quipements, marchandises et biens mobiliers contre les risques tels que l\u2019incendie, le vol ou les d\u00e9g\u00e2ts d\u2019eau.<\/p>\n\n\n\n<div style=\"height:45px\" aria-hidden=\"true\" class=\"wp-block-spacer\"><\/div>\n\n\n\n<div style=\"height:45px\" aria-hidden=\"true\" class=\"wp-block-spacer\"><\/div>\n\n\n\n<h2 class=\"gb-headline gb-headline-fb4c7d23 gb-headline-text\"><strong><strong>Prestations de l\u2019assurance de choses<\/strong><\/strong><\/h2>\n\n\n\n<h3 class=\"gb-headline gb-headline-e4c53197 gb-headline-text\"><strong><strong>Couverture de base de l\u2019assurance de choses pour entreprises<\/strong><\/strong><\/h3>\n\n\n\n<p>La couverture de base de notre assurance de choses couvre les dommages caus\u00e9s aux :<\/p>\n\n\n\n<ul class=\"wp-block-list\">\n<li>\u00e9quipements de l\u2019entreprise<\/li>\n\n\n\n<li>marchandises<\/li>\n<\/ul>\n\n\n\n<p>Ces dommages sont couverts s\u2019ils sont caus\u00e9s par :<\/p>\n\n\n\n<ul class=\"wp-block-list\">\n<li>un incendie<\/li>\n\n\n\n<li>des \u00e9v\u00e9nements naturels (p.&nbsp;ex. temp\u00eate, gr\u00eale)<\/li>\n\n\n\n<li>un vol<\/li>\n\n\n\n<li>des d\u00e9g\u00e2ts d\u2019eau<\/li>\n<\/ul>\n\n\n\n<h3 class=\"gb-headline gb-headline-655da99e gb-headline-text\"><strong><strong>Prestations compl\u00e9mentaires optionnelles de l\u2019assurance de choses<\/strong><\/strong><\/h3>\n\n\n\n<p>Plus assurances compl\u00e9mentaires permettent de compl\u00e9ter la couverture de base en fonction de ce que vous souhaitez assurer dans votre entreprise et des risques sp\u00e9cifiques auxquels votre entreprise est expos\u00e9e. Voici quelques exemples :<\/p>\n\n\n\n<ul class=\"wp-block-list\">\n<li>Assurance bris de glace<\/li>\n\n\n\n<li>InventairePlus (All Risk)<\/li>\n\n\n\n<li>NaturePlus (installations frigorifiques, denr\u00e9es alimentaires)<\/li>\n\n\n\n<li>VirusPlus (cybers\u00e9curit\u00e9)<\/li>\n\n\n\n<li>Interruption d\u2019activit\u00e9<\/li>\n<\/ul>\n\n\n\n<p>Notre <strong>offre modulaire<\/strong> vous permet de b\u00e9n\u00e9ficier d\u2019une couverture d\u2019assurance parfaitement adapt\u00e9e \u00e0 votre entreprise.<\/p>\n\n\n\n<div style=\"height:45px\" aria-hidden=\"true\" class=\"wp-block-spacer\"><\/div>\n\n\n\n<div style=\"height:45px\" aria-hidden=\"true\" class=\"wp-block-spacer\"><\/div>\n\n\n\n<h2 class=\"gb-headline gb-headline-a49a5ee3 gb-headline-text\"><strong><strong><strong>Avantages de l\u2019assurance choses entreprise<\/strong><\/strong><\/strong><\/h2>\n\n\n\n<ul class=\"wp-block-list\">\n<li>Couverture compl\u00e8te de l\u2019inventaire de votre entreprise<\/li>\n\n\n\n<li>Packs d\u2019assurance personnalisables<\/li>\n\n\n\n<li>Conseils sans commission fournis par nos experts<\/li>\n\n\n\n<li>R\u00e8glement rapide des sinistres pour r\u00e9duire au minimum les interruptions d\u2019exploitation<\/li>\n<\/ul>\n\n\n\n<div style=\"height:35px\" aria-hidden=\"true\" class=\"wp-block-spacer\"><\/div>\n\n\n\n<div style=\"height:45px\" aria-hidden=\"true\" class=\"wp-block-spacer\"><\/div>\n\n\n\n<div class=\"wp-block-group has-base-2-background-color has-background\"><div class=\"wp-block-group__inner-container is-layout-constrained wp-block-group-is-layout-constrained\">\n<h3 class=\"gb-headline gb-headline-68fc93f3 gb-headline-text\"><strong><strong>Conseil \u2013 Interruption d\u2019exploitation<\/strong><\/strong><\/h3>\n\n\n\n<p>Le module Interruption d\u2019exploitation vous permet de vous pr\u00e9munir contre les cons\u00e9quences financi\u00e8res des interruptions d\u2019exploitation dans votre propre entreprise et celles de vos principaux fournisseurs et clients.<\/p>\n<\/div><\/div>\n\n\n\n<div style=\"height:35px\" aria-hidden=\"true\" class=\"wp-block-spacer\"><\/div>\n\n\n\n<div style=\"height:45px\" aria-hidden=\"true\" class=\"wp-block-spacer\"><\/div>\n\n<\/div><\/div><\/div>\n<\/div>\n\n\n<h2 class=\"gb-headline gb-headline-dbdff6ec gb-headline-text\"><strong><strong><strong><strong>Questions relatives \u00e0 l\u2019assurance de choses pour entreprises<\/strong><\/strong><\/strong><\/strong><\/h2>\n\n\n\n<div style=\"height:16px\" aria-hidden=\"true\" class=\"wp-block-spacer\"><\/div>\n\n\n<section id=\"accordionB-block_6bd19efe4b5c16464f48b36ea243103b\" class=\"accordionB container__accordion\">\n  <div class=\"rows__accordion make__accordion\"><h3 class=\"accordion__title__down\"> <span class=\"acc__head__text\"> Quelle est la diff\u00e9rence entre l\u2019assurance de choses et l\u2019assurance b\u00e2timent ?<\/span><span class=\"icon__accordion__acc\"> <i class=\"fas fa-chevron-down\"><\/i>  <i class=\"fas fa-chevron-up\"><\/i> <\/span><\/h3><div class=\"accordion__hidden__shown\"><p>L\u2019assurance de choses couvre tous les biens mobiliers de votre entreprise, tels que meubles, machines et marchandises. En revanche, les objets fix\u00e9s \u00e0 demeure, tels que les cloisons, les fen\u00eatres ou le toit, font partie de la substance b\u00e2tie et sont couverts par l\u2019<a href=\"https:\/\/branchenversicherung.ch\/leistungen\/gebaeudeversicherung\/\">assurance b\u00e2timent<\/a>.<\/p>\n<\/div><hr class=\"accordion__separate row__seps\"><\/div><div class=\"rows__accordion make__accordion\"><h3 class=\"accordion__title__down\"> <span class=\"acc__head__text\"> Je suis entrepreneur individuel et travaille \u00e0 mon domicile. Une assurance inventaire du m\u00e9nage priv\u00e9e suffit-elle pour couvrir l\u2019inventaire de mon entreprise ?<\/span><span class=\"icon__accordion__acc\"> <i class=\"fas fa-chevron-down\"><\/i>  <i class=\"fas fa-chevron-up\"><\/i> <\/span><\/h3><div class=\"accordion__hidden__shown\"><p>L\u2019<a href=\"https:\/\/branchenversicherung.ch\/leistungen\/hausratversicherung-fuer-privatpersonen\/\">assurance inventaire du m\u00e9nage <\/a>couvre tous les biens mobiliers servant \u00e0 l\u2019usage priv\u00e9 et qui sont la propri\u00e9t\u00e9 de la personne assur\u00e9e. Les objets \u00e0 usage professionnel ne sont assur\u00e9s que de mani\u00e8re limit\u00e9e. Comme les entrep\u00f4ts de marchandises et les \u00e9quipements professionnels ne sont pas couverts par l\u2019assurance inventaire du m\u00e9nage, il est recommand\u00e9 de souscrire une assurance de choses distincte au nom de l\u2019entreprise ou de l\u2019entrepreneur individuel.<\/p>\n<\/div><hr class=\"accordion__separate row__seps\"><\/div><div class=\"rows__accordion make__accordion\"><h3 class=\"accordion__title__down\"> <span class=\"acc__head__text\"> Combien co\u00fbte une assurance choses entreprise ?<\/span><span class=\"icon__accordion__acc\"> <i class=\"fas fa-chevron-down\"><\/i>  <i class=\"fas fa-chevron-up\"><\/i> <\/span><\/h3><div class=\"accordion__hidden__shown\"><p>Les co\u00fbts d\u2019une assurance de choses d\u00e9pendent de la taille de l\u2019entreprise, des facteurs de risque et de l\u2019\u00e9tendue de la couverture choisie. Nous vous soumettrons volontiers une offre personnalis\u00e9e.<\/p>\n<\/div><hr class=\"accordion__separate row__seps\"><\/div><div class=\"rows__accordion make__accordion\"><h3 class=\"accordion__title__down\"> <span class=\"acc__head__text\"> L\u2019assurance de choses est-elle obligatoire en Suisse ?<\/span><span class=\"icon__accordion__acc\"> <i class=\"fas fa-chevron-down\"><\/i>  <i class=\"fas fa-chevron-up\"><\/i> <\/span><\/h3><div class=\"accordion__hidden__shown\"><p>L\u2019assurance choses entreprise n\u2019est pas prescrite par la loi en Suisse, mais elle est vivement recommand\u00e9e pour que votre entreprise soit assur\u00e9e contre des \u00e9v\u00e9nements impr\u00e9vus. Sans couverture d\u2019assurance appropri\u00e9e, les dommages impr\u00e9visibles caus\u00e9s par exemple par le feu ou l\u2019eau peuvent entra\u00eener des co\u00fbts \u00e9lev\u00e9s et affecter consid\u00e9rablement la situation financi\u00e8re de votre entreprise ou mettre en p\u00e9ril l\u2019existence m\u00eame de celle-ci.<\/p>\n<\/div><hr class=\"accordion__separate row__seps\"><\/div><div class=\"rows__accordion make__accordion\"><h3 class=\"accordion__title__down\"> <span class=\"acc__head__text\"> Comment comparer les diff\u00e9rentes assurances de choses ?<\/span><span class=\"icon__accordion__acc\"> <i class=\"fas fa-chevron-down\"><\/i>  <i class=\"fas fa-chevron-up\"><\/i> <\/span><\/h3><div class=\"accordion__hidden__shown\"><p>Une comparaison doit prendre en compte l\u2019\u00e9tendue de la couverture, les prestations compl\u00e9mentaires et le montant de la prime de chacune des assurances. Nous vous aiderons volontiers \u00e0 trouver l\u2019assurance qui vous convient.<\/p>\n<\/div><hr class=\"accordion__separate row__seps\"><\/div><\/section>\n\n\n\n<div style=\"height:8px\" aria-hidden=\"true\" class=\"wp-block-spacer\"><\/div>\n\n\n\n<div style=\"height:8px\" aria-hidden=\"true\" class=\"wp-block-spacer\"><\/div>\n\n<\/div><\/div>\n\n<div class=\"gb-container gb-container-9300adcd\"><div class=\"gb-inside-container\">\n<section  class=\"double-cta columns-2\">\n    <div class=\"container\">\n                    <div class=\"row\">\n                                    <div class=\"col\">\n                                                    <h4 class=\"title\">Demander des conseils<\/h4>\n                                                <p>Contactez d\u00e8s maintenant un conseiller pr\u00e8s de chez vous<\/p>\n                                                    <a class=\"button\" href=\"https:\/\/branchenversicherung.ch\/fr\/service\/nos-conseillers-a-la-clientele-se-tiennent-a-votre-disposition\/\">Conseils<\/a>\n                                            <\/div>\n                                    <div class=\"col\">\n                                                    <h4 class=\"title\">Demande d\u2019offre<\/h4>\n                                                <p>Recevez rapidement et facilement votre offre individuelle<\/p>\n                                                    <a class=\"button\" href=\"https:\/\/branchenversicherung.ch\/fr\/service\/demande-doffre\/\">Offre<\/a>\n                                            <\/div>\n                            <\/div>\n            <\/div>\n<\/section>\n\n\n<div style=\"height:39px\" aria-hidden=\"true\" class=\"wp-block-spacer\"><\/div>\n\n\n\n<div style=\"height:39px\" aria-hidden=\"true\" class=\"wp-block-spacer\"><\/div>\n\n\n<div class=\"rows__downloads make__accordion\"><h2 class=\"cat__title__down\">Documents \u00e0 t\u00e9l\u00e9charger<span class=\"icon__accordion__down\"> <i class=\"fas fa-chevron-down\"><\/i>  <i class=\"fas fa-chevron-up\"><\/i> <\/span><\/h2><div class=\"ul__list__downlaods \"><div class=\"list__downlaods seps\"><a class=\"download__ahref\" download href=\"https:\/\/branchenversicherung.ch\/wp-content\/uploads\/2025\/05\/BV_Produktesheet_Sachversicherung_FR_RZ_25.pdf\"><span class=\"title__downloads\">Factsheet Assurance de choses<\/span> <span class=\"file__icon__size\">pdf (770,71 KB) <i class=\"fas fa-download icon__in__download\"><\/i><\/span><\/a><hr class=\"download__separate\"><\/div><\/div><hr class=\"download__separate row__seps\"><\/div>\n\n\n\n<div style=\"height:63px\" aria-hidden=\"true\" class=\"wp-block-spacer\"><\/div>\n\n\n\n<div style=\"height:63px\" aria-hidden=\"true\" class=\"wp-block-spacer\"><\/div>\n\n\n<div class=\"gb-grid-wrapper gb-grid-wrapper-e258ee92\">\n<div class=\"gb-grid-column gb-grid-column-b95b02c7\"><div class=\"gb-container gb-container-b95b02c7 eql__column\"><div class=\"gb-inside-container\">\n\n<figure class=\"wp-block-image size-large image__full\"><img decoding=\"async\" width=\"1024\" height=\"691\" src=\"https:\/\/branchenversicherung.ch\/wp-content\/uploads\/2021\/11\/BV_Teaser_alle_1120x752px_Privathaftpflicht-1024x691.jpg\" alt=\"\" class=\"wp-image-8607\" srcset=\"https:\/\/branchenversicherung.ch\/wp-content\/uploads\/2021\/11\/BV_Teaser_alle_1120x752px_Privathaftpflicht-1024x691.jpg 1024w, https:\/\/branchenversicherung.ch\/wp-content\/uploads\/2021\/11\/BV_Teaser_alle_1120x752px_Privathaftpflicht-300x202.jpg 300w, https:\/\/branchenversicherung.ch\/wp-content\/uploads\/2021\/11\/BV_Teaser_alle_1120x752px_Privathaftpflicht-768x518.jpg 768w, https:\/\/branchenversicherung.ch\/wp-content\/uploads\/2021\/11\/BV_Teaser_alle_1120x752px_Privathaftpflicht-1536x1036.jpg 1536w, https:\/\/branchenversicherung.ch\/wp-content\/uploads\/2021\/11\/BV_Teaser_alle_1120x752px_Privathaftpflicht-2048x1382.jpg 2048w\" sizes=\"(max-width: 1024px) 100vw, 1024px\" \/><\/figure>\n\n<\/div><\/div><\/div>\n\n<div class=\"gb-grid-column gb-grid-column-ed4375f2\"><div class=\"gb-container gb-container-ed4375f2 make__me__relative\"><div class=\"gb-inside-container\">\n\n<p class=\"fix__p__no__margins\" style=\"font-size:14px\">Cela pourrait aussi vous int\u00e9resser<\/p>\n\n\n\n<h2 class=\"gb-headline gb-headline-095d0511 gb-headline-text\">Protection d\u2019assurance<\/h2>\n\n\n\n<p>Couverture d\u2019assurance \u00e9tendue pour les objets de valeur, les appareils \u00e9lectroniques et de sport \u2013 et ce dans le monde entier.<\/p>\n\n\n\n<p class=\"half__button__icon adjust__bottom\"><a href=\"https:\/\/branchenversicherung.ch\/fr\/assure\/assurance-responsabilite-civile-privee\/\" data-type=\"URL\">En savoir plus<\/a><\/p>\n\n<\/div><\/div><\/div>\n<\/div>\n\n\n<div style=\"height:35px\" aria-hidden=\"true\" class=\"wp-block-spacer\"><\/div>\n\n\n\n<div style=\"height:100px\" aria-hidden=\"true\" class=\"wp-block-spacer\"><\/div>\n\n<\/div><\/div>\n\n\n<p><\/p>\n","protected":false},"excerpt":{"rendered":"<p>Questions relatives \u00e0 l\u2019assurance de choses pour entreprises<\/p>\n","protected":false},"author":2,"featured_media":0,"parent":21581,"menu_order":15,"comment_status":"closed","ping_status":"closed","template":"","meta":{"_acf_changed":false,"iawp_total_views":59,"footnotes":""},"class_list":["post-20748","page","type-page","status-publish"],"acf":[],"_links":{"self":[{"href":"https:\/\/branchenversicherung.ch\/fr\/wp-json\/wp\/v2\/pages\/20748","targetHints":{"allow":["GET"]}}],"collection":[{"href":"https:\/\/branchenversicherung.ch\/fr\/wp-json\/wp\/v2\/pages"}],"about":[{"href":"https:\/\/branchenversicherung.ch\/fr\/wp-json\/wp\/v2\/types\/page"}],"author":[{"embeddable":true,"href":"https:\/\/branchenversicherung.ch\/fr\/wp-json\/wp\/v2\/users\/2"}],"replies":[{"embeddable":true,"href":"https:\/\/branchenversicherung.ch\/fr\/wp-json\/wp\/v2\/comments?post=20748"}],"version-history":[{"count":11,"href":"https:\/\/branchenversicherung.ch\/fr\/wp-json\/wp\/v2\/pages\/20748\/revisions"}],"predecessor-version":[{"id":22568,"href":"https:\/\/branchenversicherung.ch\/fr\/wp-json\/wp\/v2\/pages\/20748\/revisions\/22568"}],"up":[{"embeddable":true,"href":"https:\/\/branchenversicherung.ch\/fr\/wp-json\/wp\/v2\/pages\/21581"}],"wp:attachment":[{"href":"https:\/\/branchenversicherung.ch\/fr\/wp-json\/wp\/v2\/media?parent=20748"}],"curies":[{"name":"wp","href":"https:\/\/api.w.org\/{rel}","templated":true}]}}