{"id":6771,"date":"2021-11-23T10:20:58","date_gmt":"2021-11-23T09:20:58","guid":{"rendered":"https:\/\/branchenversicherung.ch\/accueil\/"},"modified":"2026-04-17T11:21:35","modified_gmt":"2026-04-17T09:21:35","slug":"accueil","status":"publish","type":"page","link":"https:\/\/branchenversicherung.ch\/fr\/","title":{"rendered":"Accueil"},"content":{"rendered":"\n\n\n<section id=\"BigSlider-block_3e91dee3e0e7fc48807b84656c088cc0\" class=\"big__slider big__slider_wrapper\">\n        <div class=\"swiper big__s\" data-speed=\"5000\">\n        <div class=\"swiper-wrapper\">\n            <div class=\"swiper-slide\">\n            <div class=\"slide__content\">\n                <h2 class=\"slide__title\">Rapport 2025<\/h2>\n                <p class=\"slide__text\"><h2><strong><span style=\"color: #ffffff;\">Vous trouverez le rapport de gestion 2025<a style=\"color: #e30613;\" title=\"Vers le rapport de gestion 2025\" href=\"https:\/\/branchenversicherung.ch\/rapport\" target=\"_blank\" rel=\"noopener\">\u00a0ici<\/a>.<\/span><\/strong><\/h2>\n<\/p>\n            <\/div>\n            <img decoding=\"async\" src=\"https:\/\/branchenversicherung.ch\/wp-content\/uploads\/2026\/04\/Startseite_Header-GB2025_3840x1200px-scaled.jpg\" alt=\"\">\n        <\/div>\n                <div class=\"swiper-slide\">\n            <div class=\"slide__content\">\n                <h2 class=\"slide__title\">Passez d\u00e8s maintenant \u00e0 la d\u00e9claration \u00e9lectronique des masses salariales.<\/h2>\n                <p class=\"slide__text\"><h2><strong><span style=\"color: #ffffff;\">Pour en savour plus, cliquez<\/span><a style=\"color: #e30613;\" title=\"D\u00e9clarer des masses salariales\" href=\"https:\/\/branchenversicherung.ch\/fr\/service\/declaration-des-masses-salariales\/\"> ici.<\/a><\/strong><\/h2>\n<\/p>\n            <\/div>\n            <img decoding=\"async\" src=\"https:\/\/branchenversicherung.ch\/wp-content\/uploads\/2025\/03\/Startseite_Header-elm_3840x1200px_2025-scaled.jpg\" alt=\"\">\n        <\/div>\n                <div class=\"swiper-slide\">\n            <div class=\"slide__content\">\n                <h2 class=\"slide__title\">Alain Baumann<\/h2>\n                <p class=\"slide__text\"><h2><strong><span style=\"color: #ffffff;\">\u00ab Chez l&rsquo;AM, j&rsquo;appr\u00e9cie la hi\u00e9rarchie plate et l&rsquo;ambiance coll\u00e9giale.<br \/>\n Je ne pourrais pas m&rsquo;imaginer autrement. \u00bb<br \/>\nEn <a style=\"color: #e30613;\" title=\"\u00c0 propos de notre culture d'entreprise en allemand\" href=\"https:\/\/branchenversicherung.ch\/ueber-uns\/jobs-karriere\/\" rel=\"noopener\">savoir plus<\/a> sur notre culture d&rsquo;entreprise en allemand.<\/span><\/strong><\/h2>\n<\/p>\n            <\/div>\n            <img decoding=\"async\" src=\"https:\/\/branchenversicherung.ch\/wp-content\/uploads\/2025\/10\/Startseite_Header-AlainBaumann_3840x1200px-scaled.jpg\" alt=\"\">\n        <\/div>\n                <\/div>\n    <\/div>\n<\/section>\n\n\n<div class=\"gb-container gb-container-e87c229f\"><div class=\"gb-inside-container\">\n<div class=\"gb-grid-wrapper gb-grid-wrapper-31a11fc1\">\n<div class=\"gb-grid-column gb-grid-column-3c838e72\"><div class=\"gb-container gb-container-3c838e72 hover__small__arrow__column\"><a class=\"gb-container-link\" href=\"https:\/\/branchenversicherung.ch\/fr\/assure\/\"><\/a><div class=\"gb-inside-container\">\n<div class=\"gb-container gb-container-eef4fa18\">\n\n<p class=\"gb-headline gb-headline-d1d03715 gb-headline-text\"><strong>Assurances sur mesure pour votre entreprise<\/strong><\/p>\n\n\n\n<p>Nous sommes vos sp\u00e9cialistes en assurances d\u2019entreprise. Peu importe votre secteur, nous prot\u00e9geons votre entreprise de fa\u00e7on simple, claire et directe.<\/p>\n\n<\/div>\n\n\n<div style=\"height:25px\" aria-hidden=\"true\" class=\"wp-block-spacer\"><\/div>\n\n\n<div class=\"gb-container gb-container-fccdcb16\"><div class=\"gb-inside-container\">\n\n<p style=\"font-size:18px\">Nous proposons :<\/p>\n\n\n\n<ul style=\"font-size:18px\" class=\"wp-block-list list__style__square\">\n<li>Des solutions d\u2019assurance sur mesure<\/li>\n\n\n\n<li>Plus de 120 ans d&rsquo;exp\u00e9rience<\/li>\n\n\n\n<li>Un conseil ind\u00e9pendant des commissions de toute commission<\/li>\n\n\n\n<li>Un soutien coop\u00e9ratif Le soutien d\u2019une coop\u00e9rative<\/li>\n<\/ul>\n\n<\/div><\/div>\n\n\n<p class=\"half__button__icon  big__mehr__font front__top__list hide__text__link\"><span><a href=\"https:\/\/branchenversicherung.ch\/fr\/assure\/\" data-type=\"URL\" data-id=\"\/service\/kundenberater\/\">Mehr erfahren<\/a><\/span><\/p>\n\n<\/div><\/div><\/div>\n\n<div class=\"gb-grid-column gb-grid-column-71058fd6\"><div class=\"gb-container gb-container-71058fd6 hover__small__arrow__column\"><a class=\"gb-container-link\" href=\"https:\/\/branchenversicherung.ch\/fr\/a-propos-de-nous\/organisation\/\"><\/a><div class=\"gb-inside-container\">\n\n<p class=\"gb-headline gb-headline-1edae59f gb-headline-text\"><strong>Notre \u00e9quipe<\/strong><\/p>\n\n\n\n<p class=\"half__button__icon big__mehr__font hide__text__link has-base-3-color has-text-color\"><span><a href=\"https:\/\/branchenversicherung.ch\/fr\/a-propos-de-nous\/organisation\/\" data-type=\"URL\" data-id=\"\/ueber-uns\/jobs\/\">Hier entlang<\/a><\/span><\/p>\n\n<\/div><\/div><\/div>\n<\/div>\n<\/div><\/div>\n\n<div class=\"gb-container gb-container-9d0174a0\"><div class=\"gb-inside-container\">\n<div class=\"gb-grid-wrapper gb-grid-wrapper-2532bfd9\">\n<div class=\"gb-grid-column gb-grid-column-aaf7e5f6\"><div class=\"gb-container gb-container-aaf7e5f6 hover__small__arrow__column\"><a class=\"gb-container-link\" href=\"https:\/\/branchenversicherung.ch\/fr\/telechargements\/\"><\/a><div class=\"gb-inside-container\">\n\n<p class=\"gb-headline gb-headline-f0ef0eb3 gb-headline-text\"><strong>T\u00e9l\u00e9chargements<\/strong><\/p>\n\n\n\n<p class=\"half__button__icon big__mehr__font hide__text__link\"><span><a href=\"https:\/\/branchenversicherung.ch\/fr\/telechargements\/\" data-type=\"URL\" data-id=\"\/service\/downloads\/\">Hier entlang<\/a><\/span><\/p>\n\n<\/div><\/div><\/div>\n\n<div class=\"gb-grid-column gb-grid-column-efca20f8\"><div class=\"gb-container gb-container-efca20f8 hover__small__arrow__column\"><a class=\"gb-container-link\" href=\"https:\/\/branchenversicherung.ch\/fr\/service\/declarer-un-sinistre\/\"><\/a><div class=\"gb-inside-container\">\n\n<p class=\"gb-headline gb-headline-059048b5 gb-headline-text\"><strong>D\u00e9clarer un sinistre<\/strong><\/p>\n\n\n\n<p class=\"half__button__icon big__mehr__font hide__text__link\"><a href=\"https:\/\/branchenversicherung.ch\/fr\/service\/declarer-un-sinistre\/\" data-type=\"URL\" data-id=\"\/service\/schaden-melden\/\"><span>Hier entlang<\/span><\/a><\/p>\n\n<\/div><\/div><\/div>\n\n<div class=\"gb-grid-column gb-grid-column-c9f3424a\"><div class=\"gb-container gb-container-c9f3424a hover__small__arrow__column\"><a class=\"gb-container-link\" href=\"https:\/\/branchenversicherung.ch\/fr\/a-propos-de-nous\/emplois\/\"><\/a><div class=\"gb-inside-container\">\n\n<p class=\"gb-headline gb-headline-a2dc2836 gb-headline-text\"><strong>Emplois &amp; Carri\u00e8re<\/strong><\/p>\n\n\n\n<p class=\"half__button__icon big__mehr__font hide__text__link\"><span><a href=\"https:\/\/branchenversicherung.ch\/fr\/a-propos-de-nous\/emplois\/\" data-type=\"URL\" data-id=\"\/service\/schaden-melden\/\">Hier entlang<\/a><\/span><\/p>\n\n<\/div><\/div><\/div>\n<\/div>\n<\/div><\/div>\n\n<div class=\"gb-container gb-container-9aa35a92\"><div class=\"gb-inside-container\">\n<section  class=\"double-cta columns-1\">\n    <div class=\"container\">\n                    <div class=\"row\">\n                                    <div class=\"col\">\n                                                    <h4 class=\"title\">Faites connaissance avec notre \u00e9quipe de conseil<\/h4>\n                                                <p>Nous sommes \u00e0 votre disposition en personne et vous accompagnons pour toutes vos questions d\u2019assurance.<\/p>\n                                                    <a class=\"button\" href=\"https:\/\/branchenversicherung.ch\/fr\/service\/nos-conseillers-a-la-clientele-se-tiennent-a-votre-disposition\/\">Faites connaissance<\/a>\n                                            <\/div>\n                            <\/div>\n            <\/div>\n<\/section>\n<\/div><\/div>\n\n<div class=\"gb-container gb-container-8ef28ece\"><div class=\"gb-inside-container\">\n<div class=\"gb-grid-wrapper gb-grid-wrapper-9feaa0f2\">\n<div class=\"gb-grid-column gb-grid-column-c159a87e\"><div class=\"gb-container gb-container-c159a87e\"><div class=\"gb-inside-container\">\n\n<h2 class=\"gb-headline gb-headline-87fb3685 gb-headline-text\">Nos produits les plus populaires<\/h2>\n\n\n<section id=\"servicesHome-block_f382e39fbd5b3bd58040c5aba5205644\" class=\"servicesHome container__service__home\">\n  <div class=\"services__home__column\"><div class=\"wrapper__image__servicesHome\"><figure class=\"normal__image__services\"><img decoding=\"async\" width=\"500\" height=\"240\" src=\"https:\/\/branchenversicherung.ch\/wp-content\/uploads\/2021\/12\/BV_Startseite_beliebtesten_Produkte_1000x480px_Kollektiv-Unfall-500x240.jpg\" class=\"attachment-servicesHome size-servicesHome\" alt=\"\" srcset=\"https:\/\/branchenversicherung.ch\/wp-content\/uploads\/2021\/12\/BV_Startseite_beliebtesten_Produkte_1000x480px_Kollektiv-Unfall-500x240.jpg 500w, https:\/\/branchenversicherung.ch\/wp-content\/uploads\/2021\/12\/BV_Startseite_beliebtesten_Produkte_1000x480px_Kollektiv-Unfall-300x144.jpg 300w, https:\/\/branchenversicherung.ch\/wp-content\/uploads\/2021\/12\/BV_Startseite_beliebtesten_Produkte_1000x480px_Kollektiv-Unfall-1024x492.jpg 1024w, https:\/\/branchenversicherung.ch\/wp-content\/uploads\/2021\/12\/BV_Startseite_beliebtesten_Produkte_1000x480px_Kollektiv-Unfall-768x369.jpg 768w, https:\/\/branchenversicherung.ch\/wp-content\/uploads\/2021\/12\/BV_Startseite_beliebtesten_Produkte_1000x480px_Kollektiv-Unfall-1536x738.jpg 1536w, https:\/\/branchenversicherung.ch\/wp-content\/uploads\/2021\/12\/BV_Startseite_beliebtesten_Produkte_1000x480px_Kollektiv-Unfall-2048x984.jpg 2048w\" sizes=\"(max-width: 500px) 100vw, 500px\" \/><\/figure><\/div><div class=\"services__info__wrappH\"><h2 class=\"title__servicesH__wrap\">Assurance-accidents collective<\/h2><p class=\"meta__box__servicesH\">Des solutions compl\u00e8tes pour votre \u00e9quipe.<\/p>  <a class=\"go__to__member\" href=\"https:\/\/branchenversicherung.ch\/fr\/assure\/assurance-accidents-collective\/\"> <div class=\"arrow__hover__team\"><\/div> <\/a><\/div><\/div><div class=\"services__home__column\"><div class=\"wrapper__image__servicesHome\"><figure class=\"normal__image__services\"><img decoding=\"async\" width=\"500\" height=\"240\" src=\"https:\/\/branchenversicherung.ch\/wp-content\/uploads\/2021\/12\/BV_Startseite_beliebtesten_Produkte_1000x480px_Einzelunfall-500x240.jpg\" class=\"attachment-servicesHome size-servicesHome\" alt=\"\" srcset=\"https:\/\/branchenversicherung.ch\/wp-content\/uploads\/2021\/12\/BV_Startseite_beliebtesten_Produkte_1000x480px_Einzelunfall-500x240.jpg 500w, https:\/\/branchenversicherung.ch\/wp-content\/uploads\/2021\/12\/BV_Startseite_beliebtesten_Produkte_1000x480px_Einzelunfall-300x144.jpg 300w, https:\/\/branchenversicherung.ch\/wp-content\/uploads\/2021\/12\/BV_Startseite_beliebtesten_Produkte_1000x480px_Einzelunfall-1024x492.jpg 1024w, https:\/\/branchenversicherung.ch\/wp-content\/uploads\/2021\/12\/BV_Startseite_beliebtesten_Produkte_1000x480px_Einzelunfall-768x369.jpg 768w, https:\/\/branchenversicherung.ch\/wp-content\/uploads\/2021\/12\/BV_Startseite_beliebtesten_Produkte_1000x480px_Einzelunfall-1536x738.jpg 1536w, https:\/\/branchenversicherung.ch\/wp-content\/uploads\/2021\/12\/BV_Startseite_beliebtesten_Produkte_1000x480px_Einzelunfall-2048x984.jpg 2048w\" sizes=\"(max-width: 500px) 100vw, 500px\" \/><\/figure><\/div><div class=\"services__info__wrappH\"><h2 class=\"title__servicesH__wrap\">Assurance-accidents individuelle<\/h2><p class=\"meta__box__servicesH\">L&rsquo;assurance-accidents obligatoire ne couvre pas toutes les cons\u00e9quences financi\u00e8res.<\/p>  <a class=\"go__to__member\" href=\"https:\/\/branchenversicherung.ch\/fr\/assure\/assurance-accidents-individuelle\/\"> <div class=\"arrow__hover__team\"><\/div> <\/a><\/div><\/div><div class=\"services__home__column\"><div class=\"wrapper__image__servicesHome\"><figure class=\"normal__image__services\"><img decoding=\"async\" width=\"500\" height=\"240\" src=\"https:\/\/branchenversicherung.ch\/wp-content\/uploads\/2021\/12\/BV_Startseite_beliebtesten_Produkte_1000x480px_Kollektiv-Taggeld-500x240.jpg\" class=\"attachment-servicesHome size-servicesHome\" alt=\"\" srcset=\"https:\/\/branchenversicherung.ch\/wp-content\/uploads\/2021\/12\/BV_Startseite_beliebtesten_Produkte_1000x480px_Kollektiv-Taggeld-500x240.jpg 500w, https:\/\/branchenversicherung.ch\/wp-content\/uploads\/2021\/12\/BV_Startseite_beliebtesten_Produkte_1000x480px_Kollektiv-Taggeld-300x144.jpg 300w, https:\/\/branchenversicherung.ch\/wp-content\/uploads\/2021\/12\/BV_Startseite_beliebtesten_Produkte_1000x480px_Kollektiv-Taggeld-1024x492.jpg 1024w, https:\/\/branchenversicherung.ch\/wp-content\/uploads\/2021\/12\/BV_Startseite_beliebtesten_Produkte_1000x480px_Kollektiv-Taggeld-768x369.jpg 768w, https:\/\/branchenversicherung.ch\/wp-content\/uploads\/2021\/12\/BV_Startseite_beliebtesten_Produkte_1000x480px_Kollektiv-Taggeld-1536x737.jpg 1536w, https:\/\/branchenversicherung.ch\/wp-content\/uploads\/2021\/12\/BV_Startseite_beliebtesten_Produkte_1000x480px_Kollektiv-Taggeld-2048x983.jpg 2048w\" sizes=\"(max-width: 500px) 100vw, 500px\" \/><\/figure><\/div><div class=\"services__info__wrappH\"><h2 class=\"title__servicesH__wrap\">Assurance d\u2019indemnit\u00e9s en cas de maladie<\/h2><p class=\"meta__box__servicesH\">Amortissez les absences pour cause de maladie.<\/p>  <a class=\"go__to__member\" href=\"https:\/\/branchenversicherung.ch\/fr\/assure\/assurance-dindemnite-journaliere-maladie\/\"> <div class=\"arrow__hover__team\"><\/div> <\/a><\/div><\/div><div class=\"services__home__column\"><div class=\"wrapper__image__servicesHome\"><figure class=\"normal__image__services\"><img decoding=\"async\" width=\"500\" height=\"240\" src=\"https:\/\/branchenversicherung.ch\/wp-content\/uploads\/2025\/06\/BV_Startseite_beliebtesten_Produkte_1000x480px_Abredeversicherung-500x240.jpg\" class=\"attachment-servicesHome size-servicesHome\" alt=\"\" srcset=\"https:\/\/branchenversicherung.ch\/wp-content\/uploads\/2025\/06\/BV_Startseite_beliebtesten_Produkte_1000x480px_Abredeversicherung-500x240.jpg 500w, https:\/\/branchenversicherung.ch\/wp-content\/uploads\/2025\/06\/BV_Startseite_beliebtesten_Produkte_1000x480px_Abredeversicherung-300x144.jpg 300w, https:\/\/branchenversicherung.ch\/wp-content\/uploads\/2025\/06\/BV_Startseite_beliebtesten_Produkte_1000x480px_Abredeversicherung-1024x492.jpg 1024w, https:\/\/branchenversicherung.ch\/wp-content\/uploads\/2025\/06\/BV_Startseite_beliebtesten_Produkte_1000x480px_Abredeversicherung-768x369.jpg 768w, https:\/\/branchenversicherung.ch\/wp-content\/uploads\/2025\/06\/BV_Startseite_beliebtesten_Produkte_1000x480px_Abredeversicherung-1536x737.jpg 1536w, https:\/\/branchenversicherung.ch\/wp-content\/uploads\/2025\/06\/BV_Startseite_beliebtesten_Produkte_1000x480px_Abredeversicherung-2048x983.jpg 2048w\" sizes=\"(max-width: 500px) 100vw, 500px\" \/><\/figure><\/div><div class=\"services__info__wrappH\"><h2 class=\"title__servicesH__wrap\">Assurance par convention<\/h2><p class=\"meta__box__servicesH\">Prolonger l\u2019assurance obligatoire contre les accidents non professionnels.<\/p>  <a class=\"go__to__member\" href=\"https:\/\/branchenversicherung.ch\/fr\/assure\/assurance-par-convention\/\"> <div class=\"arrow__hover__team\"><\/div> <\/a><\/div><\/div><div class=\"services__home__column\"><div class=\"wrapper__image__servicesHome\"><figure class=\"normal__image__services\"><img decoding=\"async\" width=\"500\" height=\"240\" src=\"https:\/\/branchenversicherung.ch\/wp-content\/uploads\/2021\/12\/BV_Startseite_beliebtesten_Produkte_1000x480px_Geeschaeftsversicherung-500x240.jpg\" class=\"attachment-servicesHome size-servicesHome\" alt=\"\" srcset=\"https:\/\/branchenversicherung.ch\/wp-content\/uploads\/2021\/12\/BV_Startseite_beliebtesten_Produkte_1000x480px_Geeschaeftsversicherung-500x240.jpg 500w, https:\/\/branchenversicherung.ch\/wp-content\/uploads\/2021\/12\/BV_Startseite_beliebtesten_Produkte_1000x480px_Geeschaeftsversicherung-300x144.jpg 300w, https:\/\/branchenversicherung.ch\/wp-content\/uploads\/2021\/12\/BV_Startseite_beliebtesten_Produkte_1000x480px_Geeschaeftsversicherung-1024x492.jpg 1024w, https:\/\/branchenversicherung.ch\/wp-content\/uploads\/2021\/12\/BV_Startseite_beliebtesten_Produkte_1000x480px_Geeschaeftsversicherung-768x369.jpg 768w, https:\/\/branchenversicherung.ch\/wp-content\/uploads\/2021\/12\/BV_Startseite_beliebtesten_Produkte_1000x480px_Geeschaeftsversicherung-1536x737.jpg 1536w, https:\/\/branchenversicherung.ch\/wp-content\/uploads\/2021\/12\/BV_Startseite_beliebtesten_Produkte_1000x480px_Geeschaeftsversicherung-2048x983.jpg 2048w\" sizes=\"(max-width: 500px) 100vw, 500px\" \/><\/figure><\/div><div class=\"services__info__wrappH\"><h2 class=\"title__servicesH__wrap\">Assurance de choses<\/h2><p class=\"meta__box__servicesH\">Une protection \u00e9tendue contre les risques pour votre entreprise.<\/p>  <a class=\"go__to__member\" href=\"https:\/\/branchenversicherung.ch\/fr\/assure\/assurance-de-choses\/\"> <div class=\"arrow__hover__team\"><\/div> <\/a><\/div><\/div><div class=\"services__home__column\"><div class=\"wrapper__image__servicesHome\"><figure class=\"normal__image__services\"><img decoding=\"async\" width=\"500\" height=\"240\" src=\"https:\/\/branchenversicherung.ch\/wp-content\/uploads\/2021\/12\/BV_Startseite_beliebtesten_Produkte_1000x480px_Gebaudeversicherung-500x240.jpg\" class=\"attachment-servicesHome size-servicesHome\" alt=\"\" srcset=\"https:\/\/branchenversicherung.ch\/wp-content\/uploads\/2021\/12\/BV_Startseite_beliebtesten_Produkte_1000x480px_Gebaudeversicherung-500x240.jpg 500w, https:\/\/branchenversicherung.ch\/wp-content\/uploads\/2021\/12\/BV_Startseite_beliebtesten_Produkte_1000x480px_Gebaudeversicherung-300x144.jpg 300w, https:\/\/branchenversicherung.ch\/wp-content\/uploads\/2021\/12\/BV_Startseite_beliebtesten_Produkte_1000x480px_Gebaudeversicherung-1024x492.jpg 1024w, https:\/\/branchenversicherung.ch\/wp-content\/uploads\/2021\/12\/BV_Startseite_beliebtesten_Produkte_1000x480px_Gebaudeversicherung-768x369.jpg 768w, https:\/\/branchenversicherung.ch\/wp-content\/uploads\/2021\/12\/BV_Startseite_beliebtesten_Produkte_1000x480px_Gebaudeversicherung-1536x738.jpg 1536w, https:\/\/branchenversicherung.ch\/wp-content\/uploads\/2021\/12\/BV_Startseite_beliebtesten_Produkte_1000x480px_Gebaudeversicherung-2048x984.jpg 2048w\" sizes=\"(max-width: 500px) 100vw, 500px\" \/><\/figure><\/div><div class=\"services__info__wrappH\"><h2 class=\"title__servicesH__wrap\">Assurance b\u00e2timent<\/h2><p class=\"meta__box__servicesH\">La protection pour votre b\u00e2timent &#8211; et tout ce qui va avec.<\/p>  <a class=\"go__to__member\" href=\"https:\/\/branchenversicherung.ch\/fr\/assure\/assurance-batiment\/\"> <div class=\"arrow__hover__team\"><\/div> <\/a><\/div><\/div><div class=\"services__home__column\"><div class=\"wrapper__image__servicesHome\"><figure class=\"normal__image__services\"><img decoding=\"async\" width=\"500\" height=\"240\" src=\"https:\/\/branchenversicherung.ch\/wp-content\/uploads\/2021\/12\/BV_Startseite_beliebtesten_Produkte_1000x480px-Betriebshaftpflicht-500x240.jpg\" class=\"attachment-servicesHome size-servicesHome\" alt=\"\" srcset=\"https:\/\/branchenversicherung.ch\/wp-content\/uploads\/2021\/12\/BV_Startseite_beliebtesten_Produkte_1000x480px-Betriebshaftpflicht-500x240.jpg 500w, https:\/\/branchenversicherung.ch\/wp-content\/uploads\/2021\/12\/BV_Startseite_beliebtesten_Produkte_1000x480px-Betriebshaftpflicht-300x144.jpg 300w, https:\/\/branchenversicherung.ch\/wp-content\/uploads\/2021\/12\/BV_Startseite_beliebtesten_Produkte_1000x480px-Betriebshaftpflicht-1024x492.jpg 1024w, https:\/\/branchenversicherung.ch\/wp-content\/uploads\/2021\/12\/BV_Startseite_beliebtesten_Produkte_1000x480px-Betriebshaftpflicht-768x369.jpg 768w, https:\/\/branchenversicherung.ch\/wp-content\/uploads\/2021\/12\/BV_Startseite_beliebtesten_Produkte_1000x480px-Betriebshaftpflicht-1536x738.jpg 1536w, https:\/\/branchenversicherung.ch\/wp-content\/uploads\/2021\/12\/BV_Startseite_beliebtesten_Produkte_1000x480px-Betriebshaftpflicht-2048x984.jpg 2048w\" sizes=\"(max-width: 500px) 100vw, 500px\" \/><\/figure><\/div><div class=\"services__info__wrappH\"><h2 class=\"title__servicesH__wrap\">Assurance responsabilit\u00e9 civile d\u2019entreprise<\/h2><p class=\"meta__box__servicesH\">Les dommages corporels et mat\u00e9riels arrivent plus vite qu&rsquo;on ne le pense.<\/p>  <a class=\"go__to__member\" href=\"https:\/\/branchenversicherung.ch\/fr\/assure\/assurance-responsabilite-civile-dentreprise\/\"> <div class=\"arrow__hover__team\"><\/div> <\/a><\/div><\/div><div class=\"services__home__column\"><div class=\"wrapper__image__servicesHome\"><figure class=\"normal__image__services\"><img decoding=\"async\" width=\"500\" height=\"240\" src=\"https:\/\/branchenversicherung.ch\/wp-content\/uploads\/2021\/12\/BV_Startseite_beliebtesten_Produkte_1000x480px-500x240.jpg\" class=\"attachment-servicesHome size-servicesHome\" alt=\"\" srcset=\"https:\/\/branchenversicherung.ch\/wp-content\/uploads\/2021\/12\/BV_Startseite_beliebtesten_Produkte_1000x480px-500x240.jpg 500w, https:\/\/branchenversicherung.ch\/wp-content\/uploads\/2021\/12\/BV_Startseite_beliebtesten_Produkte_1000x480px-300x144.jpg 300w, https:\/\/branchenversicherung.ch\/wp-content\/uploads\/2021\/12\/BV_Startseite_beliebtesten_Produkte_1000x480px-1024x492.jpg 1024w, https:\/\/branchenversicherung.ch\/wp-content\/uploads\/2021\/12\/BV_Startseite_beliebtesten_Produkte_1000x480px-768x369.jpg 768w, https:\/\/branchenversicherung.ch\/wp-content\/uploads\/2021\/12\/BV_Startseite_beliebtesten_Produkte_1000x480px-1536x737.jpg 1536w, https:\/\/branchenversicherung.ch\/wp-content\/uploads\/2021\/12\/BV_Startseite_beliebtesten_Produkte_1000x480px-2048x983.jpg 2048w\" sizes=\"(max-width: 500px) 100vw, 500px\" \/><\/figure><\/div><div class=\"services__info__wrappH\"><h2 class=\"title__servicesH__wrap\">Assurance protection juridique<\/h2><p class=\"meta__box__servicesH\">Un cas juridique entra\u00eene souvent des co\u00fbts \u00e9lev\u00e9s et une perte de temps pr\u00e9cieux.<\/p>  <a class=\"go__to__member\" href=\"https:\/\/branchenversicherung.ch\/fr\/assure\/assurance-protection-juridique\/\"> <div class=\"arrow__hover__team\"><\/div> <\/a><\/div><\/div><div class=\"services__home__column\"><div class=\"wrapper__image__servicesHome\"><figure class=\"normal__image__services\"><img decoding=\"async\" width=\"500\" height=\"240\" src=\"https:\/\/branchenversicherung.ch\/wp-content\/uploads\/2021\/12\/BV_Startseite_beliebtesten_Produkte_1000x480px_Privathaftpflicht-500x240.jpg\" class=\"attachment-servicesHome size-servicesHome\" alt=\"\" srcset=\"https:\/\/branchenversicherung.ch\/wp-content\/uploads\/2021\/12\/BV_Startseite_beliebtesten_Produkte_1000x480px_Privathaftpflicht-500x240.jpg 500w, https:\/\/branchenversicherung.ch\/wp-content\/uploads\/2021\/12\/BV_Startseite_beliebtesten_Produkte_1000x480px_Privathaftpflicht-300x144.jpg 300w, https:\/\/branchenversicherung.ch\/wp-content\/uploads\/2021\/12\/BV_Startseite_beliebtesten_Produkte_1000x480px_Privathaftpflicht-1024x492.jpg 1024w, https:\/\/branchenversicherung.ch\/wp-content\/uploads\/2021\/12\/BV_Startseite_beliebtesten_Produkte_1000x480px_Privathaftpflicht-768x369.jpg 768w, https:\/\/branchenversicherung.ch\/wp-content\/uploads\/2021\/12\/BV_Startseite_beliebtesten_Produkte_1000x480px_Privathaftpflicht-1536x737.jpg 1536w, https:\/\/branchenversicherung.ch\/wp-content\/uploads\/2021\/12\/BV_Startseite_beliebtesten_Produkte_1000x480px_Privathaftpflicht-2048x983.jpg 2048w\" sizes=\"(max-width: 500px) 100vw, 500px\" \/><\/figure><\/div><div class=\"services__info__wrappH\"><h2 class=\"title__servicesH__wrap\">Assurance responsabilit\u00e9 civile priv\u00e9e<\/h2><p class=\"meta__box__servicesH\">Pour un traitement rapide et simple des m\u00e9saventures.<\/p>  <a class=\"go__to__member\" href=\"https:\/\/branchenversicherung.ch\/fr\/assure\/assurance-responsabilite-civile-privee\/\"> <div class=\"arrow__hover__team\"><\/div> <\/a><\/div><\/div><div class=\"services__home__column\"><div class=\"wrapper__image__servicesHome\"><figure class=\"normal__image__services\"><img decoding=\"async\" width=\"500\" height=\"240\" src=\"https:\/\/branchenversicherung.ch\/wp-content\/uploads\/2021\/12\/BV_Startseite_beliebtesten_Produkte_1000x480px_Hausratversicherung-500x240.jpg\" class=\"attachment-servicesHome size-servicesHome\" alt=\"\" srcset=\"https:\/\/branchenversicherung.ch\/wp-content\/uploads\/2021\/12\/BV_Startseite_beliebtesten_Produkte_1000x480px_Hausratversicherung-500x240.jpg 500w, https:\/\/branchenversicherung.ch\/wp-content\/uploads\/2021\/12\/BV_Startseite_beliebtesten_Produkte_1000x480px_Hausratversicherung-300x144.jpg 300w, https:\/\/branchenversicherung.ch\/wp-content\/uploads\/2021\/12\/BV_Startseite_beliebtesten_Produkte_1000x480px_Hausratversicherung-1024x492.jpg 1024w, https:\/\/branchenversicherung.ch\/wp-content\/uploads\/2021\/12\/BV_Startseite_beliebtesten_Produkte_1000x480px_Hausratversicherung-768x369.jpg 768w, https:\/\/branchenversicherung.ch\/wp-content\/uploads\/2021\/12\/BV_Startseite_beliebtesten_Produkte_1000x480px_Hausratversicherung-1536x738.jpg 1536w, https:\/\/branchenversicherung.ch\/wp-content\/uploads\/2021\/12\/BV_Startseite_beliebtesten_Produkte_1000x480px_Hausratversicherung-2048x984.jpg 2048w\" sizes=\"(max-width: 500px) 100vw, 500px\" \/><\/figure><\/div><div class=\"services__info__wrappH\"><h2 class=\"title__servicesH__wrap\">Assurance inventaire du m\u00e9nage<\/h2><p class=\"meta__box__servicesH\">Le feu, l&rsquo;eau, le vent &#8211; la nature peut faire des ravages sur vos biens.<\/p>  <a class=\"go__to__member\" href=\"https:\/\/branchenversicherung.ch\/fr\/assure\/assurance-inventaire-du-menage\/\"> <div class=\"arrow__hover__team\"><\/div> <\/a><\/div><\/div><div class=\"services__home__column\"><div class=\"wrapper__image__servicesHome\"><figure class=\"normal__image__services\"><img decoding=\"async\" width=\"500\" height=\"240\" src=\"https:\/\/branchenversicherung.ch\/wp-content\/uploads\/2022\/04\/BV_Startseite_beliebtesten_Produkte_Motorradversicherung_1000x480px-500x240.webp\" class=\"attachment-servicesHome size-servicesHome\" alt=\"\" srcset=\"https:\/\/branchenversicherung.ch\/wp-content\/uploads\/2022\/04\/BV_Startseite_beliebtesten_Produkte_Motorradversicherung_1000x480px-500x240.webp 500w, https:\/\/branchenversicherung.ch\/wp-content\/uploads\/2022\/04\/BV_Startseite_beliebtesten_Produkte_Motorradversicherung_1000x480px-300x144.webp 300w, https:\/\/branchenversicherung.ch\/wp-content\/uploads\/2022\/04\/BV_Startseite_beliebtesten_Produkte_Motorradversicherung_1000x480px-768x369.webp 768w, https:\/\/branchenversicherung.ch\/wp-content\/uploads\/2022\/04\/BV_Startseite_beliebtesten_Produkte_Motorradversicherung_1000x480px.webp 1000w\" sizes=\"(max-width: 500px) 100vw, 500px\" \/><\/figure><\/div><div class=\"services__info__wrappH\"><h2 class=\"title__servicesH__wrap\">Assurance v\u00e9hicules \u00e0 moteur<\/h2><p class=\"meta__box__servicesH\">La loi suisse exige une assurance responsabilit\u00e9 civile pour les v\u00e9hicules \u00e0 moteur.<\/p>  <a class=\"go__to__member\" href=\"https:\/\/branchenversicherung.ch\/fr\/assure\/assurance-vehicules-a-moteur\/\"> <div class=\"arrow__hover__team\"><\/div> <\/a><\/div><\/div><\/section>\n\n<\/div><\/div><\/div>\n<\/div>\n\n<div class=\"gb-button-wrapper gb-button-wrapper-cba06be1 load__more__services\">\n\n<span class=\"gb-button gb-button-52e510b9 gb-button-text button__bold\">Plus de produits<\/span>\n\n<\/div>\n<\/div><\/div>\n\n<div class=\"gb-container gb-container-a1a5c55d\"><div class=\"gb-inside-container\">\n<div class=\"gb-grid-wrapper gb-grid-wrapper-d2cd49e3\">\n<div class=\"gb-grid-column gb-grid-column-5f190091\"><div class=\"gb-container gb-container-5f190091\"><div class=\"gb-inside-container\">\n\n<h2 class=\"gb-headline gb-headline-d156bacd gb-headline-text\">Nos partenaires<\/h2>\n\n\n\n<p class=\"padding__left__right__20\">En tant qu&rsquo;assurance sectorielle suisse, la solution sur mesure est notre priorit\u00e9 absolue. Nous travaillons donc en \u00e9troite collaboration avec de nombreuses associations afin de proposer une assurance parfaitement adapt\u00e9e. Mais cela ne signifie pas que nous ne proposons des solutions que dans ces secteurs. Notre \u00e9quipe de conseillers ainsi que notre gamme de produits sont tr\u00e8s larges et l&rsquo;exp\u00e9rience montre que nous disposons de la solution adapt\u00e9e \u00e0 presque tous les secteurs.<\/p>\n\n\n<section id=\"partnerLogos-block_10f77b71c8c501ac96bd8ea347404fb1\" class=\"partnerLogos container__partner__logos\">\n  <div class=\"partners__row\">\n             <div class=\"logos__columns\">\n                                <a class=\"smooth-scroll\" href=\"https:\/\/branchenversicherung.ch\/fr\/a-propos-de-nous\/associations-partenaires\/#Partner08\">\n                     <\/a>\n                                <figure>\n                 <img decoding=\"async\" width=\"720\" height=\"280\" src=\"https:\/\/branchenversicherung.ch\/wp-content\/uploads\/2021\/09\/BV_Startseite_Partner_Logo_720x280px_ASMAS.svg\" class=\"attachment-large size-large\" alt=\"\" \/>               <\/figure>\n\n             <\/div>\n\n  \n             <div class=\"logos__columns\">\n                                <a class=\"smooth-scroll\" href=\"https:\/\/branchenversicherung.ch\/fr\/a-propos-de-nous\/associations-partenaires\/#Partner07\">\n                     <\/a>\n                                <figure>\n                 <img decoding=\"async\" width=\"720\" height=\"280\" src=\"https:\/\/branchenversicherung.ch\/wp-content\/uploads\/2021\/09\/BV_Startseite_Partner_Logo_720x280px_Multimedia.svg\" class=\"attachment-large size-large\" alt=\"\" \/>               <\/figure>\n\n             <\/div>\n\n  \n             <div class=\"logos__columns\">\n                                <a class=\"smooth-scroll\" href=\"https:\/\/branchenversicherung.ch\/fr\/a-propos-de-nous\/associations-partenaires\/#Partner03\">\n                     <\/a>\n                                <figure>\n                 <img decoding=\"async\" width=\"720\" height=\"280\" src=\"https:\/\/branchenversicherung.ch\/wp-content\/uploads\/2021\/09\/BV_Startseite_Partner_Logo_720x280px_Optikschweiz_DE.svg\" class=\"attachment-large size-large\" alt=\"\" \/>               <\/figure>\n\n             <\/div>\n\n  \n             <div class=\"logos__columns\">\n                                <a class=\"smooth-scroll\" href=\"https:\/\/branchenversicherung.ch\/fr\/a-propos-de-nous\/associations-partenaires\/#Partner01\">\n                     <\/a>\n                                <figure>\n                 <img decoding=\"async\" width=\"720\" height=\"280\" src=\"https:\/\/branchenversicherung.ch\/wp-content\/uploads\/2021\/09\/BV_Startseite_Partner_Logo_720x280px_SFF.svg\" class=\"attachment-large size-large\" alt=\"\" \/>               <\/figure>\n\n             <\/div>\n\n  \n             <div class=\"logos__columns\">\n                                <a class=\"smooth-scroll\" href=\"https:\/\/branchenversicherung.ch\/fr\/a-propos-de-nous\/associations-partenaires\/#Partner02\">\n                     <\/a>\n                                <figure>\n                 <img decoding=\"async\" width=\"720\" height=\"280\" src=\"https:\/\/branchenversicherung.ch\/wp-content\/uploads\/2021\/09\/BV_Startseite_Partner_Logo_720x280px_Drogerie.svg\" class=\"attachment-large size-large\" alt=\"\" \/>               <\/figure>\n\n             <\/div>\n\n  \n             <div class=\"logos__columns\">\n                                <a class=\"smooth-scroll\" href=\"https:\/\/branchenversicherung.ch\/fr\/a-propos-de-nous\/associations-partenaires\/#Partner06\">\n                     <\/a>\n                                <figure>\n                 <img decoding=\"async\" width=\"720\" height=\"280\" src=\"https:\/\/branchenversicherung.ch\/wp-content\/uploads\/2021\/09\/BV_Startseite_Partner_Logo_720x280px_Imaging_DE.svg\" class=\"attachment-large size-large\" alt=\"\" \/>               <\/figure>\n\n             <\/div>\n\n  \n             <div class=\"logos__columns\">\n                                <a class=\"smooth-scroll\" href=\"https:\/\/branchenversicherung.ch\/fr\/a-propos-de-nous\/associations-partenaires\/#Partner05\">\n                     <\/a>\n                                <figure>\n                 <img decoding=\"async\" width=\"720\" height=\"280\" src=\"https:\/\/branchenversicherung.ch\/wp-content\/uploads\/2021\/11\/BV_Startseite_Partner_Logo_720x280px_Schuhschweiz.svg\" class=\"attachment-large size-large\" alt=\"\" \/>               <\/figure>\n\n             <\/div>\n\n  \n             <div class=\"logos__columns\">\n                                <a class=\"smooth-scroll\" href=\"https:\/\/branchenversicherung.ch\/fr\/a-propos-de-nous\/associations-partenaires\/#Partner04\">\n                     <\/a>\n                                <figure>\n                 <img decoding=\"async\" width=\"720\" height=\"280\" src=\"https:\/\/branchenversicherung.ch\/wp-content\/uploads\/2021\/11\/BV_Startseite_Partner_Logo_720x280px_VSSU.svg\" class=\"attachment-large size-large\" alt=\"\" \/>               <\/figure>\n\n             <\/div>\n\n  \n             <div class=\"logos__columns\">\n                                <a class=\"smooth-scroll\" href=\"https:\/\/branchenversicherung.ch\/fr\/a-propos-de-nous\/associations-partenaires\/#Partner09\">\n                     <\/a>\n                                <figure>\n                 <img decoding=\"async\" width=\"720\" height=\"280\" src=\"https:\/\/branchenversicherung.ch\/wp-content\/uploads\/2021\/11\/BV_Startseite_Partner_Logo_720x280px_VSRLD_DE.svg\" class=\"attachment-large size-large\" alt=\"\" \/>               <\/figure>\n\n             <\/div>\n\n    <div class=\"empty__logo__column\">\n    <a   href=\"\/fr\/prenez-contact-sans-engagement\/\"> <\/a>\n    <p> Votre association manque ?<br \/>\r\nPas de probl\u00e8me.. Nous avons \u00e9galement la solution qui vous convient.<\/p>\n    <button  href=\"\/fr\/prenez-contact-sans-engagement\/\" class=\"default__red__button button__bold\"> Vers la demande <\/button>\n  <\/div>\n  <div><\/section>\n\n<\/div><\/div><\/div>\n<\/div>\n<\/div><\/div>\n\n<div class=\"gb-container gb-container-1801f220\"><div class=\"gb-inside-container\">\n<div class=\"gb-grid-wrapper gb-grid-wrapper-066baee8\">\n<div class=\"gb-grid-column gb-grid-column-2b317ee0\"><div class=\"gb-container gb-container-2b317ee0\"><div class=\"gb-inside-container\">\n\n<p class=\"margin__bottom__0__p has-base-2-color has-text-color\" style=\"font-size:21px\"><strong>Restez inform\u00e9 gr\u00e2ce \u00e0 notre newsletter :<\/strong><\/p>\n\n<\/div><\/div><\/div>\n\n<div class=\"gb-grid-column gb-grid-column-38628f12\"><div class=\"gb-container gb-container-38628f12\"><div class=\"gb-inside-container\">\n\n<script type=\"text\/javascript\" src=\"\/\/marketing.branchenversicherung.ch\/form\/generate.js?id=11\"><\/script>\n\n<\/div><\/div><\/div>\n<\/div>\n<\/div><\/div>\n\n<div class=\"gb-container gb-container-347fe2f5\"><div class=\"gb-inside-container\">\n<div class=\"gb-grid-wrapper gb-grid-wrapper-8937d351\">\n<div class=\"gb-grid-column gb-grid-column-2d3b20b7\"><div class=\"gb-container gb-container-2d3b20b7\"><div class=\"gb-inside-container\">\n\n<h2 class=\"gb-headline gb-headline-85de9620 gb-headline-text\">Actualit\u00e9s<\/h2>\n\n\n<section class=\"blogs__rows response-ajax-filter-blog\"><div class=\"single__post__wraper col__nr__1 \"><a class=\"href__wrapper__post\" href=\"https:\/\/branchenversicherung.ch\/fr\/nouveau-membre-de-la-direction-kevin-brand\/\"><div class=\"wrapper__image__blog\"><figure class=\"normal__image\"><img decoding=\"async\" width=\"1650\" height=\"1200\" src=\"https:\/\/branchenversicherung.ch\/wp-content\/uploads\/2026\/01\/Ueber-uns_KevinBrand-Bild1_1650x1200px.jpg\" class=\"attachment-full size-full\" alt=\"\" srcset=\"https:\/\/branchenversicherung.ch\/wp-content\/uploads\/2026\/01\/Ueber-uns_KevinBrand-Bild1_1650x1200px.jpg 1650w, https:\/\/branchenversicherung.ch\/wp-content\/uploads\/2026\/01\/Ueber-uns_KevinBrand-Bild1_1650x1200px-300x218.jpg 300w, https:\/\/branchenversicherung.ch\/wp-content\/uploads\/2026\/01\/Ueber-uns_KevinBrand-Bild1_1650x1200px-1024x745.jpg 1024w, https:\/\/branchenversicherung.ch\/wp-content\/uploads\/2026\/01\/Ueber-uns_KevinBrand-Bild1_1650x1200px-768x559.jpg 768w, https:\/\/branchenversicherung.ch\/wp-content\/uploads\/2026\/01\/Ueber-uns_KevinBrand-Bild1_1650x1200px-1536x1117.jpg 1536w\" sizes=\"(max-width: 1650px) 100vw, 1650px\" \/><\/figure><\/div><div class=\"wrapper__infos__blog have__feat \"><p class=\"category__name__blog\">News<\/p><h2 class=\"title__blog__wrap have__feat\">Nouveau membre de la Direction : Kevin Brand<\/h2><a class=\"go__to__blog\" href=\"https:\/\/branchenversicherung.ch\/fr\/nouveau-membre-de-la-direction-kevin-brand\/\"><div class=\"arrow__hover__team\"><\/div><\/a><\/div><\/a><\/div><div class=\"single__post__wraper col__nr__2 \"><a class=\"href__wrapper__post\" href=\"https:\/\/branchenversicherung.ch\/fr\/securite-au-travail-comment-les-entreprises-peuvent-prevenir-les-risques\/\"><div class=\"wrapper__image__blog\"><figure class=\"normal__image\"><img decoding=\"async\" width=\"1800\" height=\"900\" src=\"https:\/\/branchenversicherung.ch\/wp-content\/uploads\/2025\/10\/BV_Newsletter_202509_SicherheitAmArbeitsplatz_1800x900px.jpg\" class=\"attachment-full size-full\" alt=\"\" srcset=\"https:\/\/branchenversicherung.ch\/wp-content\/uploads\/2025\/10\/BV_Newsletter_202509_SicherheitAmArbeitsplatz_1800x900px.jpg 1800w, https:\/\/branchenversicherung.ch\/wp-content\/uploads\/2025\/10\/BV_Newsletter_202509_SicherheitAmArbeitsplatz_1800x900px-300x150.jpg 300w, https:\/\/branchenversicherung.ch\/wp-content\/uploads\/2025\/10\/BV_Newsletter_202509_SicherheitAmArbeitsplatz_1800x900px-1024x512.jpg 1024w, https:\/\/branchenversicherung.ch\/wp-content\/uploads\/2025\/10\/BV_Newsletter_202509_SicherheitAmArbeitsplatz_1800x900px-768x384.jpg 768w, https:\/\/branchenversicherung.ch\/wp-content\/uploads\/2025\/10\/BV_Newsletter_202509_SicherheitAmArbeitsplatz_1800x900px-1536x768.jpg 1536w\" sizes=\"(max-width: 1800px) 100vw, 1800px\" \/><\/figure><\/div><div class=\"wrapper__infos__blog have__feat \"><p class=\"category__name__blog\">Conseils pratiques<\/p><h2 class=\"title__blog__wrap have__feat\">S\u00e9curit\u00e9 au travail : comment les entreprises peuvent pr\u00e9venir les risques<\/h2><a class=\"go__to__blog\" href=\"https:\/\/branchenversicherung.ch\/fr\/securite-au-travail-comment-les-entreprises-peuvent-prevenir-les-risques\/\"><div class=\"arrow__hover__team\"><\/div><\/a><\/div><\/a><\/div><div class=\"single__post__wraper col__nr__3 \"><a class=\"href__wrapper__post\" href=\"https:\/\/branchenversicherung.ch\/fr\/en-suisse-ces-assurances-sont-obligatoires-pour-les-entreprises\/\"><div class=\"wrapper__image__blog\"><figure class=\"normal__image\"><img decoding=\"async\" width=\"1800\" height=\"900\" src=\"https:\/\/branchenversicherung.ch\/wp-content\/uploads\/2025\/10\/Titelbild-obligatorische-Versicherungen-fuer-Unternehmen-in-der-Schweiz.jpg\" class=\"attachment-full size-full\" alt=\"Titelbild Blog Obligatorische Versicherungen f\u00fcr Unternehmen in der Schweiz\" srcset=\"https:\/\/branchenversicherung.ch\/wp-content\/uploads\/2025\/10\/Titelbild-obligatorische-Versicherungen-fuer-Unternehmen-in-der-Schweiz.jpg 1800w, https:\/\/branchenversicherung.ch\/wp-content\/uploads\/2025\/10\/Titelbild-obligatorische-Versicherungen-fuer-Unternehmen-in-der-Schweiz-300x150.jpg 300w, https:\/\/branchenversicherung.ch\/wp-content\/uploads\/2025\/10\/Titelbild-obligatorische-Versicherungen-fuer-Unternehmen-in-der-Schweiz-1024x512.jpg 1024w, https:\/\/branchenversicherung.ch\/wp-content\/uploads\/2025\/10\/Titelbild-obligatorische-Versicherungen-fuer-Unternehmen-in-der-Schweiz-768x384.jpg 768w, https:\/\/branchenversicherung.ch\/wp-content\/uploads\/2025\/10\/Titelbild-obligatorische-Versicherungen-fuer-Unternehmen-in-der-Schweiz-1536x768.jpg 1536w\" sizes=\"(max-width: 1800px) 100vw, 1800px\" \/><\/figure><\/div><div class=\"wrapper__infos__blog have__feat \"><p class=\"category__name__blog\">Conseils pratiques<\/p><h2 class=\"title__blog__wrap have__feat\">En Suisse, ces assurances sont obligatoires pour les entreprises<\/h2><a class=\"go__to__blog\" href=\"https:\/\/branchenversicherung.ch\/fr\/en-suisse-ces-assurances-sont-obligatoires-pour-les-entreprises\/\"><div class=\"arrow__hover__team\"><\/div><\/a><\/div><\/a><\/div><div class=\"single__post__wraper col__nr__4 \"><a class=\"href__wrapper__post\" href=\"https:\/\/branchenversicherung.ch\/fr\/frame-the-magic-merveilles-de-la-nature-le-concours-photo-2025\/\"><div class=\"wrapper__image__blog\"><figure class=\"normal__image\"><img decoding=\"async\" width=\"2560\" height=\"1707\" src=\"https:\/\/branchenversicherung.ch\/wp-content\/uploads\/2025\/10\/linde_eiskleid-scaled.jpg\" class=\"attachment-full size-full\" alt=\"\" srcset=\"https:\/\/branchenversicherung.ch\/wp-content\/uploads\/2025\/10\/linde_eiskleid-scaled.jpg 2560w, https:\/\/branchenversicherung.ch\/wp-content\/uploads\/2025\/10\/linde_eiskleid-300x200.jpg 300w, https:\/\/branchenversicherung.ch\/wp-content\/uploads\/2025\/10\/linde_eiskleid-1024x683.jpg 1024w, https:\/\/branchenversicherung.ch\/wp-content\/uploads\/2025\/10\/linde_eiskleid-768x512.jpg 768w, https:\/\/branchenversicherung.ch\/wp-content\/uploads\/2025\/10\/linde_eiskleid-1536x1024.jpg 1536w, https:\/\/branchenversicherung.ch\/wp-content\/uploads\/2025\/10\/linde_eiskleid-2048x1365.jpg 2048w\" sizes=\"(max-width: 2560px) 100vw, 2560px\" \/><\/figure><\/div><div class=\"wrapper__infos__blog have__feat \"><p class=\"category__name__blog\">News<\/p><h2 class=\"title__blog__wrap have__feat\">\u00ab Frame The Magic \u2013 Merveilles de la nature \u00bb : le concours photo 2025<\/h2><a class=\"go__to__blog\" href=\"https:\/\/branchenversicherung.ch\/fr\/frame-the-magic-merveilles-de-la-nature-le-concours-photo-2025\/\"><div class=\"arrow__hover__team\"><\/div><\/a><\/div><\/a><\/div><div class=\"single__post__wraper col__nr__5 \"><a class=\"href__wrapper__post\" href=\"https:\/\/branchenversicherung.ch\/fr\/nouveau-partenariat-entre-lassurance-des-metiers-et-emmental-assurance\/\"><div class=\"wrapper__image__blog\"><figure class=\"normal__image\"><img decoding=\"async\" width=\"900\" height=\"450\" src=\"https:\/\/branchenversicherung.ch\/wp-content\/uploads\/2025\/10\/BV_Blogbeitraege_KooperationEmmental_900x450px.jpg\" class=\"attachment-full size-full\" alt=\"Logo der Emmentalversicherung\" srcset=\"https:\/\/branchenversicherung.ch\/wp-content\/uploads\/2025\/10\/BV_Blogbeitraege_KooperationEmmental_900x450px.jpg 900w, https:\/\/branchenversicherung.ch\/wp-content\/uploads\/2025\/10\/BV_Blogbeitraege_KooperationEmmental_900x450px-300x150.jpg 300w, https:\/\/branchenversicherung.ch\/wp-content\/uploads\/2025\/10\/BV_Blogbeitraege_KooperationEmmental_900x450px-768x384.jpg 768w\" sizes=\"(max-width: 900px) 100vw, 900px\" \/><\/figure><\/div><div class=\"wrapper__infos__blog have__feat \"><p class=\"category__name__blog\">News<\/p><h2 class=\"title__blog__wrap have__feat\">Nouveau partenariat entre l\u2019Assurance des m\u00e9tiers et emmental assurance<\/h2><a class=\"go__to__blog\" href=\"https:\/\/branchenversicherung.ch\/fr\/nouveau-partenariat-entre-lassurance-des-metiers-et-emmental-assurance\/\"><div class=\"arrow__hover__team\"><\/div><\/a><\/div><\/a><\/div><div class=\"single__post__wraper col__nr__6 \"><a class=\"href__wrapper__post\" href=\"https:\/\/branchenversicherung.ch\/fr\/nouveaux-membres-du-conseil-dadministration-et-depart-de-bruno-de-gennaro\/\"><div class=\"wrapper__image__blog\"><figure class=\"normal__image\"><img decoding=\"async\" width=\"1114\" height=\"749\" src=\"https:\/\/branchenversicherung.ch\/wp-content\/uploads\/2025\/06\/VR_BV_2025_2.jpg\" class=\"attachment-full size-full\" alt=\"\" srcset=\"https:\/\/branchenversicherung.ch\/wp-content\/uploads\/2025\/06\/VR_BV_2025_2.jpg 1114w, https:\/\/branchenversicherung.ch\/wp-content\/uploads\/2025\/06\/VR_BV_2025_2-300x202.jpg 300w, https:\/\/branchenversicherung.ch\/wp-content\/uploads\/2025\/06\/VR_BV_2025_2-1024x688.jpg 1024w, https:\/\/branchenversicherung.ch\/wp-content\/uploads\/2025\/06\/VR_BV_2025_2-768x516.jpg 768w\" sizes=\"(max-width: 1114px) 100vw, 1114px\" \/><\/figure><\/div><div class=\"wrapper__infos__blog have__feat \"><p class=\"category__name__blog\">News<\/p><h2 class=\"title__blog__wrap have__feat\">Nouveaux membres du Conseil d\u2019administration et d\u00e9part de Bruno de Gennaro<\/h2><a class=\"go__to__blog\" href=\"https:\/\/branchenversicherung.ch\/fr\/nouveaux-membres-du-conseil-dadministration-et-depart-de-bruno-de-gennaro\/\"><div class=\"arrow__hover__team\"><\/div><\/a><\/div><\/a><\/div><\/section><div class=\"blog-pagination\" style=\"display: none;\"><span aria-current=\"page\" class=\"page-numbers current\">1<\/span>\n<a class=\"page-numbers\" href=\"https:\/\/branchenversicherung.ch\/fr\/wp-json\/wp\/v2\/pages\/6771\/page\/2\/\">2<\/a>\n<a class=\"page-numbers\" href=\"https:\/\/branchenversicherung.ch\/fr\/wp-json\/wp\/v2\/pages\/6771\/page\/3\/\">3<\/a>\n<a class=\"next page-numbers\" href=\"https:\/\/branchenversicherung.ch\/fr\/wp-json\/wp\/v2\/pages\/6771\/page\/2\/\">Next \u00bb<\/a><\/div><div id=\"blog_loadmore\">Charger davantage<\/div>\n\n<\/div><\/div><\/div>\n<\/div>\n<\/div><\/div>\n\n<div class=\"gb-container gb-container-e61c327a new__height__lastB\"><div class=\"gb-inside-container\">\n<div class=\"gb-grid-wrapper gb-grid-wrapper-a807c622\">\n<div class=\"gb-grid-column gb-grid-column-f3747d3d\"><div class=\"gb-container gb-container-f3747d3d eql__column\"><div class=\"gb-inside-container\">\n\n<figure class=\"wp-block-image size-large image__full\"><img decoding=\"async\" width=\"1024\" height=\"688\" src=\"https:\/\/branchenversicherung.ch\/wp-content\/uploads\/2021\/11\/BV_Teaser_Alex_Maechler_1120x752px-1024x688.jpg\" alt=\"\" class=\"wp-image-8561\" srcset=\"https:\/\/branchenversicherung.ch\/wp-content\/uploads\/2021\/11\/BV_Teaser_Alex_Maechler_1120x752px-1024x688.jpg 1024w, https:\/\/branchenversicherung.ch\/wp-content\/uploads\/2021\/11\/BV_Teaser_Alex_Maechler_1120x752px-300x201.jpg 300w, https:\/\/branchenversicherung.ch\/wp-content\/uploads\/2021\/11\/BV_Teaser_Alex_Maechler_1120x752px-768x516.jpg 768w, https:\/\/branchenversicherung.ch\/wp-content\/uploads\/2021\/11\/BV_Teaser_Alex_Maechler_1120x752px.jpg 1120w\" sizes=\"(max-width: 1024px) 100vw, 1024px\" \/><\/figure>\n\n<\/div><\/div><\/div>\n\n<div class=\"gb-grid-column gb-grid-column-0190869a\"><div class=\"gb-container gb-container-0190869a make__me__relative\"><div class=\"gb-inside-container\">\n\n<p class=\"paragraph__text__testimonial\">\u00abL\u2019Assurance des m\u00e9tiers est professionnelle, joignable en tout temps, proche et flexible. J\u2019ai appr\u00e9ci\u00e9 l\u2019excellent contact avec mon conseiller personnel, qui propose des solutions de premier ordre et g\u00e8re toutes les questions administratives de mani\u00e8re rapide et fiable.\u00bb<\/p>\n\n\n\n<p class=\"margin__bottom__0__p\" style=\"font-size:14px\"><strong>Alex M\u00e4chler, imagingswiss<\/strong><\/p>\n\n<\/div><\/div><\/div>\n<\/div>\n<\/div><\/div>","protected":false},"excerpt":{"rendered":"","protected":false},"author":1,"featured_media":0,"parent":0,"menu_order":54,"comment_status":"closed","ping_status":"closed","template":"","meta":{"_acf_changed":false,"iawp_total_views":3869,"footnotes":""},"class_list":["post-6771","page","type-page","status-publish","hentry"],"acf":[],"_links":{"self":[{"href":"https:\/\/branchenversicherung.ch\/fr\/wp-json\/wp\/v2\/pages\/6771","targetHints":{"allow":["GET"]}}],"collection":[{"href":"https:\/\/branchenversicherung.ch\/fr\/wp-json\/wp\/v2\/pages"}],"about":[{"href":"https:\/\/branchenversicherung.ch\/fr\/wp-json\/wp\/v2\/types\/page"}],"author":[{"embeddable":true,"href":"https:\/\/branchenversicherung.ch\/fr\/wp-json\/wp\/v2\/users\/1"}],"replies":[{"embeddable":true,"href":"https:\/\/branchenversicherung.ch\/fr\/wp-json\/wp\/v2\/comments?post=6771"}],"version-history":[{"count":140,"href":"https:\/\/branchenversicherung.ch\/fr\/wp-json\/wp\/v2\/pages\/6771\/revisions"}],"predecessor-version":[{"id":23128,"href":"https:\/\/branchenversicherung.ch\/fr\/wp-json\/wp\/v2\/pages\/6771\/revisions\/23128"}],"wp:attachment":[{"href":"https:\/\/branchenversicherung.ch\/fr\/wp-json\/wp\/v2\/media?parent=6771"}],"curies":[{"name":"wp","href":"https:\/\/api.w.org\/{rel}","templated":true}]}}