{"id":19363,"date":"2024-10-17T15:06:35","date_gmt":"2024-10-17T13:06:35","guid":{"rendered":"https:\/\/branchenversicherung.ch\/?page_id=19363"},"modified":"2025-02-27T14:00:53","modified_gmt":"2025-02-27T13:00:53","slug":"assicurazione-dindennita-giornaliera-per-malattia","status":"publish","type":"page","link":"https:\/\/branchenversicherung.ch\/it\/servizi\/assicurazione-dindennita-giornaliera-per-malattia\/","title":{"rendered":"Assicurazione d\u2019indennit\u00e0 giornaliera per malattia"},"content":{"rendered":"<section id=\"halfHeader-block_ada76f28f14f9eb7fe915ba2962a15a8\" class=\"halfHeader container__page\">\n  <div class=\"inside__hero__half imagineNow\">\n    <div class=\"half__description__row\">\n            <p class=\"parent__title__single\">  <a href=\"https:\/\/branchenversicherung.ch\/it\/servizi\/\">Assicurazioni<\/a><\/p>\n          <h1 class=\"hero__title__h\">Assicurazione d\u2019indennit\u00e0 giornaliera per malattia <\/h1>\n            <p class=\"description__row\"> Con un&#8217;assicurazione d&#8217;indennit\u00e0 giornaliera per malattia vi assumete le vostre responsabilit\u00e0 di datore di lavoro. Con essa assorbite infatti le conseguenze finanziarie di malattie prolungate \u2013 per la vostra azienda e i vostri collaboratori.<\/p>\n         \n        \n                  \n      <!--<div  class=\"scroll__one__bottom with__new__arrow\"> <\/div>-->\n    <\/div>\n    <div class=\"half__image__row\">\n      <img decoding=\"async\" width=\"1690\" height=\"986\" src=\"https:\/\/branchenversicherung.ch\/wp-content\/uploads\/2021\/12\/BV_Leistung_Produkte_Header_1680x980px_Krankentaggeld-neu.webp\" class=\"attachment-full size-full\" alt=\"\" srcset=\"https:\/\/branchenversicherung.ch\/wp-content\/uploads\/2021\/12\/BV_Leistung_Produkte_Header_1680x980px_Krankentaggeld-neu.webp 1690w, https:\/\/branchenversicherung.ch\/wp-content\/uploads\/2021\/12\/BV_Leistung_Produkte_Header_1680x980px_Krankentaggeld-neu-300x175.webp 300w, https:\/\/branchenversicherung.ch\/wp-content\/uploads\/2021\/12\/BV_Leistung_Produkte_Header_1680x980px_Krankentaggeld-neu-1024x597.webp 1024w, https:\/\/branchenversicherung.ch\/wp-content\/uploads\/2021\/12\/BV_Leistung_Produkte_Header_1680x980px_Krankentaggeld-neu-768x448.webp 768w, https:\/\/branchenversicherung.ch\/wp-content\/uploads\/2021\/12\/BV_Leistung_Produkte_Header_1680x980px_Krankentaggeld-neu-1536x896.webp 1536w\" sizes=\"(max-width: 1690px) 100vw, 1690px\" \/>    <\/div>\n  <\/div>\n<\/section>\n\n\n<div class=\"gb-container gb-container-72c9ddcb\"><div class=\"gb-inside-container\">\n<div class=\"gb-grid-wrapper gb-grid-wrapper-9ecc5099\">\n<div class=\"gb-grid-column gb-grid-column-9c1c6aa6\"><div class=\"gb-container gb-container-9c1c6aa6\"><div class=\"gb-inside-container\">\n<section  class=\"icon-text columns-3\">\n    <div class=\"container\">\n                            <div class=\"row\">\n                                    <div class=\"col\">\n                                                    <img decoding=\"async\" class=\"icon\" src=\"https:\/\/branchenversicherung.ch\/wp-content\/uploads\/2024\/08\/Webseite_Icon_96x96px_KTG_Lueckenlose_Absicherung_24.png\" \/>\n                                                                        <p>Assicurazione completa e sociale per i vostri dipendenti in caso di malattia<\/p>\n                    <\/div>\n                                    <div class=\"col\">\n                                                    <img decoding=\"async\" class=\"icon\" src=\"https:\/\/branchenversicherung.ch\/wp-content\/uploads\/2024\/08\/Webseite_Icon_96x96px_Rufezeichen_24.png\" \/>\n                                                                        <p>Consigliabile per tutti i dipendenti, obbligatoria in diversi settori conformemente al contratto colletivo di lavoro (CCL)<\/p>\n                    <\/div>\n                                    <div class=\"col\">\n                                                    <img decoding=\"async\" class=\"icon\" src=\"https:\/\/branchenversicherung.ch\/wp-content\/uploads\/2024\/08\/Webseite_Icon_96x96px_KTG_Personlakosten_Kalkulierbar_24.png\" \/>\n                                                                        <p>Costi del personale calcolabili, quindi protezione ottimale del vostro patrimonio<\/p>\n                    <\/div>\n                            <\/div>\n            <\/div>\n<\/section>\n\n<section  class=\"double-cta columns-1\">\n    <div class=\"container\">\n                    <div class=\"row\">\n                                    <div class=\"col\">\n                                                    <h4 class=\"title\">Richiesta di offerta<\/h4>\n                                                <p>Ricevere l\u2019offerta in modo semplice e veloce<\/p>\n                                                    <a class=\"button\" href=\"https:\/\/branchenversicherung.ch\/it\/servizio\/richiesta-di-preventivo\/\">Offerta<\/a>\n                                            <\/div>\n                            <\/div>\n            <\/div>\n<\/section>\n\n\n<h2 class=\"wp-block-heading\">L\u2019assicurazione d\u2019indennit\u00e0 giornaliera per malattia in sintesi<\/h2>\n\n\n\n<p>Con un\u2019assicurazione d\u2019indennit\u00e0 giornaliera per malattia (IGM) vi assumete la vostra responsabilit\u00e0 sociale di datore di lavoro e mitigate le conseguenze finanziarie di malattie e maternit\u00e0 prolungate \u2013 per la vostra azienda e per i vostri dipendenti.<\/p>\n\n\n\n<p>Secondo l\u2019art. 324a del Codice delle obbligazioni svizzero, i datori di lavoro sono soggetti all\u2019obbligo di pagamento continuato del salario che, per le aziende, pu\u00f2 comportare seri problemi finanziari. Il datore di lavoro, infatti, continua a pagare il salario fino a quando non intervengono le prestazioni statali come l\u2019AI e la LPP. Il periodo per il quale il datore di lavoro continua a pagare il salario dipende da vari fattori, tra cui il numero di anni di servizio del dipendente.&nbsp;<\/p>\n\n\n\n<p>La sottoscrizione di un\u2019assicurazione IGM permette di mitigare questo rischio e, al contempo, di garantire migliori prestazioni ai propri dipendenti durante la malattia o la maternit\u00e0.<\/p>\n\n\n\n<div style=\"height:54px\" aria-hidden=\"true\" class=\"wp-block-spacer\"><\/div>\n\n\n\n<figure class=\"wp-block-image size-large\"><img decoding=\"async\" width=\"1024\" height=\"444\" src=\"https:\/\/branchenversicherung.ch\/wp-content\/uploads\/2024\/08\/Produkte_Grafiken_Kollektiv_KTG_IT_RZ_24-1-1024x444.jpg\" alt=\"Grafico delle prestazioni in % del salario dell'assicurazione collettiva di indennit\u00e0 giornaliera per malattia.\" class=\"wp-image-18675\" srcset=\"https:\/\/branchenversicherung.ch\/wp-content\/uploads\/2024\/08\/Produkte_Grafiken_Kollektiv_KTG_IT_RZ_24-1-1024x444.jpg 1024w, https:\/\/branchenversicherung.ch\/wp-content\/uploads\/2024\/08\/Produkte_Grafiken_Kollektiv_KTG_IT_RZ_24-1-300x130.jpg 300w, https:\/\/branchenversicherung.ch\/wp-content\/uploads\/2024\/08\/Produkte_Grafiken_Kollektiv_KTG_IT_RZ_24-1-768x333.jpg 768w, https:\/\/branchenversicherung.ch\/wp-content\/uploads\/2024\/08\/Produkte_Grafiken_Kollektiv_KTG_IT_RZ_24-1-1536x666.jpg 1536w, https:\/\/branchenversicherung.ch\/wp-content\/uploads\/2024\/08\/Produkte_Grafiken_Kollektiv_KTG_IT_RZ_24-1.jpg 1772w\" sizes=\"(max-width: 1024px) 100vw, 1024px\" \/><\/figure>\n\n\n\n<div style=\"height:60px\" aria-hidden=\"true\" class=\"wp-block-spacer\"><\/div>\n\n\n\n<h2 class=\"wp-block-heading\">A chi si rivolge l\u2019assicurazione d\u2019indennit\u00e0 giornaliera per malattia?<\/h2>\n\n\n\n<p>L\u2019assicurazione d\u2019indennit\u00e0 giornaliera per malattia si rivolge sia ai datori di lavoro sia ai dipendenti. Stipulando un\u2019assicurazione di questo tipo, le aziende possono proteggersi dalle conseguenze finanziarie delle assenze per malattia dei propri dipendenti. Allo stesso tempo, i dipendenti assicurati sono protetti dalla perdita di guadagno durante i periodi di malattia in quanto continuano a percepire parte del loro salario come indennit\u00e0 giornaliera di malattia.<\/p>\n\n\n\n<div style=\"height:54px\" aria-hidden=\"true\" class=\"wp-block-spacer\"><\/div>\n\n\n\n<h2 class=\"wp-block-heading\">Entit\u00e0 delle prestazioni dell\u2019assicurazione collettiva d\u2019indennit\u00e0 giornaliera per malattia<\/h2>\n\n\n\n<p>L\u2019assicurazione d\u2019indennit\u00e0 giornaliera dell\u2019Assicurazione dei mestieri copre la perdita di guadagno dovuta a malattia e maternit\u00e0.<\/p>\n\n\n\n<ul class=\"wp-block-list\">\n<li>Pagamenti di indennit\u00e0 giornaliere per un massimo di 730 giorni (al netto del periodo di attesa liberamente selezionabile)<\/li>\n\n\n\n<li>Periodo di attesa liberamente selezionabile<\/li>\n\n\n\n<li>Tariffe per l\u2019indennit\u00e0 giornaliera di malattia indipendenti dal sesso&nbsp;<\/li>\n\n\n\n<li>Coassicurazione esente da premi del salario postumo&nbsp;<img decoding=\"async\" width=\"10\" height=\"10\" src=\"blob:https:\/\/branchenversicherung.ch\/35775327-ce2f-4c69-8f1a-ce87b5dfe2be\">&nbsp;(obbligo del datore di lavoro di versare il salario dopo il decesso di un dipendente)<\/li>\n<\/ul>\n\n\n\n<div style=\"height:54px\" aria-hidden=\"true\" class=\"wp-block-spacer\"><\/div>\n\n\n\n<div class=\"wp-block-group has-base-background-color has-background\"><div class=\"wp-block-group__inner-container is-layout-constrained wp-block-group-is-layout-constrained\">\n<h2 class=\"wp-block-heading\">I vantaggi dell\u2019assicurazione collettiva d\u2019indennit\u00e0 giornaliera di malattia in sintesi<\/h2>\n\n\n<div class=\"gb-grid-wrapper gb-grid-wrapper-99e93387\">\n<div class=\"gb-grid-column gb-grid-column-8fff3b2f\"><div class=\"gb-container gb-container-8fff3b2f\">\n\n<h3 class=\"wp-block-heading\">Vantaggi per i datori di lavoro<\/h3>\n\n\n\n<ul class=\"wp-block-list\">\n<li>Mitigazione dei rischi finanziari&nbsp;<\/li>\n\n\n\n<li>Costi del personale calcolabili&nbsp;<\/li>\n\n\n\n<li>Mantenimento dell\u2019operativit\u00e0 aziendale<\/li>\n\n\n\n<li>Case Management professionale<\/li>\n\n\n\n<li>Vi posizionate come datore di lavoro sociale<\/li>\n<\/ul>\n\n<\/div><\/div>\n\n<div class=\"gb-grid-column gb-grid-column-26699473\"><div class=\"gb-container gb-container-26699473\">\n\n<h3 class=\"wp-block-heading\">Vantaggi per i dipendenti<\/h3>\n\n\n\n<ul class=\"wp-block-list\">\n<li>Sicurezza finanziaria<\/li>\n\n\n\n<li>Tranquillit\u00e0 d\u2019animo che permette di concentrarsi sulla ripresa&nbsp;<\/li>\n\n\n\n<li>Sicurezza sociale e senza soluzione di continuit\u00e0 in caso di malattia<\/li>\n<\/ul>\n\n<\/div><\/div>\n<\/div><\/div><\/div>\n\n\n\n<div style=\"height:14px\" aria-hidden=\"true\" class=\"wp-block-spacer\"><\/div>\n\n<\/div><\/div><\/div>\n<\/div>\n<\/div><\/div>\n\n<div class=\"gb-container gb-container-3f29b8f3\"><div class=\"gb-inside-container\">\n\n<h2 class=\"wp-block-heading\">Domande frequenti sull\u2019assicurazione collettiva d\u2019indennit\u00e0 giornaliera per malattia<\/h2>\n\n\n\n<div style=\"height:30px\" aria-hidden=\"true\" class=\"wp-block-spacer\"><\/div>\n\n\n<div class=\"gb-grid-wrapper gb-grid-wrapper-9408dae4\">\n<div class=\"gb-grid-column gb-grid-column-59909a44\"><div class=\"gb-container gb-container-59909a44\"><div class=\"gb-inside-container\">\n<section id=\"accordionB-block_b42407d749643aa8cc4383d25b6bf7c2\" class=\"accordionB container__accordion\">\n  <div class=\"rows__accordion make__accordion\"><h3 class=\"accordion__title__down\"> <span class=\"acc__head__text\"> Qual \u00e8 il periodo di attesa e come scegliere quello giusto?<\/span><span class=\"icon__accordion__acc\"> <i class=\"fas fa-chevron-down\"><\/i>  <i class=\"fas fa-chevron-up\"><\/i> <\/span><\/h3><div class=\"accordion__hidden__shown\"><p style=\"font-weight: 400;\">Il periodo di attesa per l\u2019assicurazione d\u2019indennit\u00e0 giornaliera \u00e8 il periodo che intercorre tra l\u2019inizio dell\u2019inabilit\u00e0 al lavoro e la data di inizio del pagamento delle indennit\u00e0 giornaliere da parte dell\u2019assicurazione. Di norma, durante questo periodo di attesa l\u2019assicuratore non eroga alcuna prestazione. La durata del periodo di attesa pu\u00f2 variare a seconda della polizza assicurativa e viene stabilita al momento della stipula del contratto.<\/p>\n<p style=\"font-weight: 400;\">La maggior parte delle aziende sceglie un periodo di attesa di 30 giorni. In generale, tuttavia, i datori di lavoro che vogliono assicurarsi anche contro le malattie meno gravi dovrebbero scegliere un periodo di attesa breve.<\/p>\n<\/div><hr class=\"accordion__separate row__seps\"><\/div><div class=\"rows__accordion make__accordion\"><h3 class=\"accordion__title__down\"> <span class=\"acc__head__text\"> L\u2019assicurazione d\u2019indennit\u00e0 giornaliera per malattia \u00e8 obbligatoria?  <\/span><span class=\"icon__accordion__acc\"> <i class=\"fas fa-chevron-down\"><\/i>  <i class=\"fas fa-chevron-up\"><\/i> <\/span><\/h3><div class=\"accordion__hidden__shown\"><div><span lang=\"IT-CH\">A differenza dell\u2019<\/span><a href=\"https:\/\/branchenversicherung.ch\/leistungen\/kollektivunfallversicherung\/\"><span lang=\"IT-CH\">assicurazione obbligatoria contro gli infortuni<\/span><\/a><span lang=\"IT-CH\">, la legge non prescrive alcun obbligo di stipulare un\u2019assicurazione d\u2019indennit\u00e0 giornaliera per malattia. Alcuni settori sono obbligati a stipulare un\u2019assicurazione d\u2019indennit\u00e0 giornaliera per malattia in base al contratto collettivo di lavoro (CCL). <\/span><\/div>\n<\/div><hr class=\"accordion__separate row__seps\"><\/div><div class=\"rows__accordion make__accordion\"><h3 class=\"accordion__title__down\"> <span class=\"acc__head__text\"> Chi paga il premio dell\u2019assicurazione IGM?<\/span><span class=\"icon__accordion__acc\"> <i class=\"fas fa-chevron-down\"><\/i>  <i class=\"fas fa-chevron-up\"><\/i> <\/span><\/h3><div class=\"accordion__hidden__shown\"><div><span lang=\"IT-CH\">Il premio per l\u2019assicurazione d\u2019indennit\u00e0 giornaliera per malattia \u00e8 generalmente a carico del datore di lavoro. Tuttavia, poich\u00e9 sia i datori di lavoro sia i dipendenti beneficiano in egual misura dell\u2019assicurazione, nella prassi i dipendenti contribuiscono fino al 50% del premio. <\/span><\/div>\n<\/div><hr class=\"accordion__separate row__seps\"><\/div><div class=\"rows__accordion make__accordion\"><h3 class=\"accordion__title__down\"> <span class=\"acc__head__text\"> L\u2019indennit\u00e0 giornaliera per malattia continuer\u00e0 ad essere versata ai nostri dipendenti anche dopo il termine del rapporto di lavoro?<\/span><span class=\"icon__accordion__acc\"> <i class=\"fas fa-chevron-down\"><\/i>  <i class=\"fas fa-chevron-up\"><\/i> <\/span><\/h3><div class=\"accordion__hidden__shown\"><p style=\"font-weight: 400;\">In linea di principio, i dipendenti hanno diritto alle prestazioni di indennit\u00e0 giornaliera anche dopo la fine della copertura assicurativa, a condizione che la situazione soddisfi le condizioni previste dal contratto. In alcuni casi specifici, queste prestazioni supplementari dell\u2019indennit\u00e0 giornaliera per malattia decadono. Le disposizioni esatte sono riportate in dettaglio nelle CGA.<\/p>\n<p style=\"font-weight: 400;\">Con le soluzioni assicurative, al termine del rapporto di lavoro i vostri dipendenti hanno la possibilit\u00e0 di passare dall\u2019assicurazione collettiva all\u2019assicurazione individuale al fine di garantirsi una copertura assicurativa ininterrotta.<\/p>\n<\/div><hr class=\"accordion__separate row__seps\"><\/div><div class=\"rows__accordion make__accordion\"><h3 class=\"accordion__title__down\"> <span class=\"acc__head__text\"> Come confrontare tra loro le diverse assicurazioni d\u2019indennit\u00e0 giornaliera?<\/span><span class=\"icon__accordion__acc\"> <i class=\"fas fa-chevron-down\"><\/i>  <i class=\"fas fa-chevron-up\"><\/i> <\/span><\/h3><div class=\"accordion__hidden__shown\"><div><span lang=\"IT-CH\">Confrontare solo l\u2019ammontare dei premi e le indennit\u00e0 giornaliere mostra solo una parte del tutto. Un confronto completo dovrebbe tenere conto anche delle prestazioni incluse. Prestate particolare attenzione a fattori quali la copertura assicurativa in caso di cambio di lavoro, eventuali riserve o restrizioni e la durata del pagamento dell\u2019indennit\u00e0 giornaliera. Solo cos\u00ec potrete ottenere un quadro completo e individuare la soluzione pi\u00f9 adatta alle vostre esigenze.<\/span><\/div>\n<\/div><hr class=\"accordion__separate row__seps\"><\/div><div class=\"rows__accordion make__accordion\"><h3 class=\"accordion__title__down\"> <span class=\"acc__head__text\"> L\u2019assicurazione IGM pu\u00f2 essere combinata con altre prestazioni assicurative dell\u2019Assicurazione dei mestieri?<\/span><span class=\"icon__accordion__acc\"> <i class=\"fas fa-chevron-down\"><\/i>  <i class=\"fas fa-chevron-up\"><\/i> <\/span><\/h3><div class=\"accordion__hidden__shown\"><p style=\"font-weight: 400;\">S\u00ec, l\u2019assicurazione IGM pu\u00f2 essere stipulata ad esempio insieme a un\u2019assicurazione collettiva contro gli infortuni. Questa copertura combinata garantisce una protezione completa per i vostri dipendenti in diverse situazioni, sia in caso di malattia o infortunio sul lavoro sia durante il tempo libero.<\/p>\n<p style=\"font-weight: 400;\">Inoltre, stipulando l\u2019assicurazione collettiva d\u2019indennit\u00e0 giornaliera per malattia unitamente all\u2019<a href=\"https:\/\/branchenversicherung.ch\/leistungen\/kollektivunfallversicherung\/\">assicurazione collettiva contro gli infortuni<\/a> potete beneficiare del nostro sconto combinato e, al contempo, ridurre il carico di lavoro amministrativo.<\/p>\n<\/div><hr class=\"accordion__separate row__seps\"><\/div><\/section>\n\n<\/div><\/div><\/div>\n<\/div>\n\n\n<div style=\"height:30px\" aria-hidden=\"true\" class=\"wp-block-spacer\"><\/div>\n\n\n<section  class=\"double-cta columns-2\">\n    <div class=\"container\">\n                    <div class=\"row\">\n                                    <div class=\"col\">\n                                                    <h4 class=\"title\">Chiedere consiglio<\/h4>\n                                                <p>Contattate subito un consulente vicino a voi<\/p>\n                                                    <a class=\"button\" href=\"https:\/\/branchenversicherung.ch\/it\/servizio\/i-nostri-consulenti-clienti-saranno-felici-di-aiutarvi\/\">Consulenza<\/a>\n                                            <\/div>\n                                    <div class=\"col\">\n                                                    <h4 class=\"title\">Richiesta di preventivo<\/h4>\n                                                <p>Ricevere l\u2019offerta in modo semplice e veloce<\/p>\n                                                    <a class=\"button\" href=\"https:\/\/branchenversicherung.ch\/it\/servizio\/richiesta-di-preventivo\/\">Offerta<\/a>\n                                            <\/div>\n                            <\/div>\n            <\/div>\n<\/section>\n\n\n<div style=\"height:30px\" aria-hidden=\"true\" class=\"wp-block-spacer\"><\/div>\n\n\n<div class=\"rows__downloads make__accordion\"><h2 class=\"cat__title__down\">Downloads<span class=\"icon__accordion__down\"> <i class=\"fas fa-chevron-down\"><\/i>  <i class=\"fas fa-chevron-up\"><\/i> <\/span><\/h2><div class=\"ul__list__downlaods \"><div class=\"list__downlaods seps\"><a class=\"download__ahref\" download href=\"https:\/\/branchenversicherung.ch\/wp-content\/uploads\/2024\/11\/BV_Produktesheet_Kollektiv_KTG_IT_RZ_24.pdf\"><span class=\"title__downloads\">Scheda Assicurazione d'indennit\u00e0 giornaliera per malattia<\/span> <span class=\"file__icon__size\">pdf (1,10 MB) <i class=\"fas fa-download icon__in__download\"><\/i><\/span><\/a><hr class=\"download__separate\"><\/div><div class=\"list__downlaods seps\"><a class=\"download__ahref\" download href=\"https:\/\/branchenversicherung.ch\/wp-content\/uploads\/2021\/11\/ZB04_4101_01_I.pdf\"><span class=\"title__downloads\">Proseguimento della copertura assicurativa come assicurazione (Edizione gennaio 2012)<\/span> <span class=\"file__icon__size\">pdf (50,90 KB) <i class=\"fas fa-download icon__in__download\"><\/i><\/span><\/a><hr class=\"download__separate\"><\/div><div class=\"list__downlaods seps\"><a class=\"download__ahref\" download href=\"https:\/\/branchenversicherung.ch\/wp-content\/uploads\/2021\/11\/MB_Einzelkrankentaggeld_I.pdf\"><span class=\"title__downloads\">Informazioni sull'assicurazione malattia individuale d'indennit\u00e0 giornaliera<\/span> <span class=\"file__icon__size\">pdf (150,05 KB) <i class=\"fas fa-download icon__in__download\"><\/i><\/span><\/a><hr class=\"download__separate\"><\/div><div class=\"list__downlaods seps\"><a class=\"download__ahref\" download href=\"https:\/\/branchenversicherung.ch\/wp-content\/uploads\/2021\/11\/MB_Koll-Krankentaggeld_I.pdf\"><span class=\"title__downloads\">Informazioni sull'assicurazione malattia collettiva d'indennit\u00e0 giornaliera<\/span> <span class=\"file__icon__size\">pdf (227,12 KB) <i class=\"fas fa-download icon__in__download\"><\/i><\/span><\/a><hr class=\"download__separate\"><\/div><\/div><hr class=\"download__separate row__seps\"><\/div>\n\n<\/div><\/div>\n\n<div class=\"gb-container gb-container-37843ab7\"><div class=\"gb-inside-container\">\n<div class=\"gb-grid-wrapper gb-grid-wrapper-c0839c02\">\n<div class=\"gb-grid-column gb-grid-column-3b40ce6f\"><div class=\"gb-container gb-container-3b40ce6f eql__column\"><div class=\"gb-inside-container\">\n\n<figure class=\"wp-block-image size-large image__full\"><img decoding=\"async\" width=\"1024\" height=\"687\" src=\"https:\/\/branchenversicherung.ch\/wp-content\/uploads\/2021\/11\/BV_Teaser_alle_1120x752px_Kollektivunfall-1024x687.jpg\" alt=\"\" class=\"wp-image-8590\" srcset=\"https:\/\/branchenversicherung.ch\/wp-content\/uploads\/2021\/11\/BV_Teaser_alle_1120x752px_Kollektivunfall-1024x687.jpg 1024w, https:\/\/branchenversicherung.ch\/wp-content\/uploads\/2021\/11\/BV_Teaser_alle_1120x752px_Kollektivunfall-300x201.jpg 300w, https:\/\/branchenversicherung.ch\/wp-content\/uploads\/2021\/11\/BV_Teaser_alle_1120x752px_Kollektivunfall-768x516.jpg 768w, https:\/\/branchenversicherung.ch\/wp-content\/uploads\/2021\/11\/BV_Teaser_alle_1120x752px_Kollektivunfall-1536x1031.jpg 1536w, https:\/\/branchenversicherung.ch\/wp-content\/uploads\/2021\/11\/BV_Teaser_alle_1120x752px_Kollektivunfall-2048x1375.jpg 2048w\" sizes=\"(max-width: 1024px) 100vw, 1024px\" \/><\/figure>\n\n<\/div><\/div><\/div>\n\n<div class=\"gb-grid-column gb-grid-column-490c8f04\"><div class=\"gb-container gb-container-490c8f04 make__me__relative\"><div class=\"gb-inside-container\">\n\n<p class=\"fix__p__no__margins\" style=\"font-size:14px\">Questo potrebbe anche interessarti<\/p>\n\n\n\n<h2 class=\"gb-headline gb-headline-f58f167a gb-headline-text\">Assicurazione collettiva contro gli infortuni<\/h2>\n\n\n\n<p>Un infortunio pu\u00f2 essere un duro colpo. Noi facciamo in modo che siate al sicuro almeno per quanto riguarda l\u2019aspetto finanziario.<\/p>\n\n\n\n<p class=\"half__button__icon adjust__bottom\"><a href=\"https:\/\/branchenversicherung.ch\/it\/servizi\/assicurazione-collettiva-contro-gli-infortuni\/\" target=\"_blank\" rel=\"noreferrer noopener\">Saperne di pi\u00f9<\/a><\/p>\n\n<\/div><\/div><\/div>\n<\/div>\n<\/div><\/div>\n\n\n<p><\/p>\n","protected":false},"excerpt":{"rendered":"<p>Domande frequenti sull\u2019assicurazione collettiva d\u2019indennit\u00e0 giornaliera per malattia<\/p>\n","protected":false},"author":2,"featured_media":0,"parent":21582,"menu_order":0,"comment_status":"closed","ping_status":"closed","template":"","meta":{"_acf_changed":false,"iawp_total_views":205,"footnotes":""},"class_list":["post-19363","page","type-page","status-publish"],"acf":[],"_links":{"self":[{"href":"https:\/\/branchenversicherung.ch\/it\/wp-json\/wp\/v2\/pages\/19363","targetHints":{"allow":["GET"]}}],"collection":[{"href":"https:\/\/branchenversicherung.ch\/it\/wp-json\/wp\/v2\/pages"}],"about":[{"href":"https:\/\/branchenversicherung.ch\/it\/wp-json\/wp\/v2\/types\/page"}],"author":[{"embeddable":true,"href":"https:\/\/branchenversicherung.ch\/it\/wp-json\/wp\/v2\/users\/2"}],"replies":[{"embeddable":true,"href":"https:\/\/branchenversicherung.ch\/it\/wp-json\/wp\/v2\/comments?post=19363"}],"version-history":[{"count":9,"href":"https:\/\/branchenversicherung.ch\/it\/wp-json\/wp\/v2\/pages\/19363\/revisions"}],"predecessor-version":[{"id":20335,"href":"https:\/\/branchenversicherung.ch\/it\/wp-json\/wp\/v2\/pages\/19363\/revisions\/20335"}],"up":[{"embeddable":true,"href":"https:\/\/branchenversicherung.ch\/it\/wp-json\/wp\/v2\/pages\/21582"}],"wp:attachment":[{"href":"https:\/\/branchenversicherung.ch\/it\/wp-json\/wp\/v2\/media?parent=19363"}],"curies":[{"name":"wp","href":"https:\/\/api.w.org\/{rel}","templated":true}]}}