
{"id":6967,"date":"2021-11-24T15:04:17","date_gmt":"2021-11-24T14:04:17","guid":{"rendered":"https:\/\/branchenversicherung.ch\/consiglio-di-amministrazione\/"},"modified":"2025-06-06T09:53:27","modified_gmt":"2025-06-06T07:53:27","slug":"consiglio-di-amministrazione","status":"publish","type":"page","link":"https:\/\/branchenversicherung.ch\/it\/consiglio-di-amministrazione\/","title":{"rendered":"Consiglio di amministrazione"},"content":{"rendered":"<section id=\"halfHeader-block_22d46f0243ffdffade5f5cf417481ed3\" class=\"halfHeader container__page\">\n  <div class=\"inside__hero__half imagineNow\">\n    <div class=\"half__description__row\">\n            <h1 class=\"hero__title__h\">Consiglio di amministrazione <\/h1>\n            <p class=\"description__row\"> Raggiungere gli obiettivi attraverso il fair play: questo \u00e8 importante per me! Per questo per me non \u00e8 importante solo la felicit\u00e0 dei clienti, ma anche la soddisfazione dei dipendenti. Dove c&#8217;\u00e8 apprezzamento, c&#8217;\u00e8 soddisfazione. E dove c&#8217;\u00e8 soddisfazione, c&#8217;\u00e8 anche un buon lavoro. -Yves Gyr<\/p>\n         \n        \n                  \n      <!--<div  class=\"scroll__one__bottom with__new__arrow\"> <\/div>-->\n    <\/div>\n    <div class=\"half__image__row\">\n      <img decoding=\"async\" width=\"1680\" height=\"980\" src=\"https:\/\/branchenversicherung.ch\/wp-content\/uploads\/2025\/06\/Ueber_uns_Header_VR_GL_1680x980px_2025.jpg\" class=\"attachment-full size-full\" alt=\"\" srcset=\"https:\/\/branchenversicherung.ch\/wp-content\/uploads\/2025\/06\/Ueber_uns_Header_VR_GL_1680x980px_2025.jpg 1680w, https:\/\/branchenversicherung.ch\/wp-content\/uploads\/2025\/06\/Ueber_uns_Header_VR_GL_1680x980px_2025-300x175.jpg 300w, https:\/\/branchenversicherung.ch\/wp-content\/uploads\/2025\/06\/Ueber_uns_Header_VR_GL_1680x980px_2025-1024x597.jpg 1024w, https:\/\/branchenversicherung.ch\/wp-content\/uploads\/2025\/06\/Ueber_uns_Header_VR_GL_1680x980px_2025-768x448.jpg 768w, https:\/\/branchenversicherung.ch\/wp-content\/uploads\/2025\/06\/Ueber_uns_Header_VR_GL_1680x980px_2025-1536x896.jpg 1536w\" sizes=\"(max-width: 1680px) 100vw, 1680px\" \/>    <\/div>\n  <\/div>\n<\/section>\n\n\n<div class=\"gb-container gb-container-04676add\"><div class=\"gb-inside-container\">\n<div class=\"gb-grid-wrapper gb-grid-wrapper-151c5213\">\n<div class=\"gb-grid-column gb-grid-column-4c26a5c2\"><div class=\"gb-container gb-container-4c26a5c2\"><div class=\"gb-inside-container\">\n<section class=\"board__members\"><div id=\"MBDamian\" class=\"each__board__member\"> <h3 class=\"board__memeber__title\">Damian M\u00fcller <\/h3><p class=\"board__memeber__exactly\">Membro del Consiglio di amministrazione <\/p><p class=\"board__memeber__desc\">\u00abAffidabilit\u00e0, fiducia e responsabilit\u00e0 \u2013 sono questi, per me, i valori fondamentali del lavoro in un consiglio di amministrazione. Mi impegno affinch\u00e9 l\u2019Assicurazione dei mestieri possa tutelare efficacemente i suoi membri, anche in un contesto esigente. Come politico di milizia con radici nel settore assicurativo, porto al Consiglio di amministrazione esperienza pratica, spirito imprenditoriale e visione strategica.\u00bb <\/p><!-- wp:generateblocks\/container {\"uniqueId\":\"8c070677\",\"isDynamic\":true,\"blockVersion\":4,\"useInnerContainer\":true,\"spacing\":{\"paddingTop\":\"40px\",\"paddingRight\":\"40px\",\"paddingBottom\":\"40px\",\"paddingLeft\":\"40px\"},\"paddingSyncUnits\":true} -->\n<!-- wp:generateblocks\/grid {\"uniqueId\":\"0ecd4e85\",\"columns\":1,\"horizontalGap\":30,\"isDynamic\":true,\"blockVersion\":3,\"useLegacyRowGap\":true} -->\n<!-- wp:generateblocks\/container {\"uniqueId\":\"3079cdf2\",\"isGrid\":true,\"gridId\":\"0ecd4e85\",\"isDynamic\":true,\"blockVersion\":4,\"useInnerContainer\":true,\"sizing\":{\"width\":\"100%\",\"widthMobile\":\"100%\"},\"spacing\":{\"paddingTop\":\"0px\",\"paddingRight\":\"0px\",\"paddingBottom\":\"0px\",\"paddingLeft\":\"0px\"}} -->\n<!-- wp:paragraph {\"translatedWithWPMLTM\":\"1\"} -->\n<p><strong>Damian M\u00fcller, nato nel 1984, \u00e8 membro del Consiglio di amministrazione della Cooperativa assicurazione dei mestieri dal 2025.<\/strong><\/p>\n<!-- \/wp:paragraph -->\n\n<!-- wp:paragraph {\"translatedWithWPMLTM\":\"1\"} -->\n<p>Dopo una formazione commerciale, ha lavorato per diversi anni come Key Account Manager in varie aziende del settore commerciale, prima di entrare nel settore assicurativo presso Swiss Life e la Mobiliare. Parallelamente all\u2019attivit\u00e0 professionale, ha seguito corsi di formazione in management e comunicazione. <\/p>\n<!-- \/wp:paragraph -->\n\n<!-- wp:paragraph {\"translatedWithWPMLTM\":\"1\"} -->\n<p>Dal 2015 rappresenta il Canton Lucerna al Consiglio degli Stati. Come convinto politico di milizia, unisce l\u2019esperienza imprenditoriale alla responsabilit\u00e0 politica. I suoi ambiti principali sono la politica economica e sociale, nonch\u00e9 la politica estera e di sicurezza. \u00c8 inoltre presidente di Swiss Medtech, di Swiss Equestrian e dell\u2019Unione Professionale Svizzera della Carne \u2013 un bagaglio di esperienze che mette a frutto nel lavoro strategico del consiglio di amministrazione.   <\/p>\n<!-- \/wp:paragraph -->\n<!-- \/wp:generateblocks\/container -->\n<!-- \/wp:generateblocks\/grid -->\n<!-- \/wp:generateblocks\/container --><\/div><div id=\"MBMartin\" class=\"each__board__member\"> <h3 class=\"board__memeber__title\">Martin Lehmann <\/h3><p class=\"board__memeber__exactly\">Membro del Consiglio di amministrazione <\/p><p class=\"board__memeber__desc\">\u00abSono una persona comunicativa e mi piace collaborare con gli altri \u2013 in modo aperto, affidabile e con passione.\u00bb <\/p><!-- wp:generateblocks\/container {\"uniqueId\":\"8c070677\",\"isDynamic\":true,\"blockVersion\":4,\"useInnerContainer\":true,\"spacing\":{\"paddingTop\":\"40px\",\"paddingRight\":\"40px\",\"paddingBottom\":\"40px\",\"paddingLeft\":\"40px\"},\"paddingSyncUnits\":true} -->\n<!-- wp:generateblocks\/grid {\"uniqueId\":\"0ecd4e85\",\"columns\":1,\"horizontalGap\":30,\"isDynamic\":true,\"blockVersion\":3,\"useLegacyRowGap\":true} -->\n<!-- wp:generateblocks\/container {\"uniqueId\":\"3079cdf2\",\"isGrid\":true,\"gridId\":\"0ecd4e85\",\"isDynamic\":true,\"blockVersion\":4,\"useInnerContainer\":true,\"sizing\":{\"width\":\"100%\",\"widthMobile\":\"100%\"},\"spacing\":{\"paddingTop\":\"0px\",\"paddingRight\":\"0px\",\"paddingBottom\":\"0px\",\"paddingLeft\":\"0px\"}} -->\n<!-- wp:paragraph {\"translatedWithWPMLTM\":\"1\"} -->\n<p><strong>Martin Lehmann, nato nel 1967, \u00e8 membro del Consiglio di amministrazione della Cooperativa assicurazione dei mestieri dal 2025.<\/strong><\/p>\n<!-- \/wp:paragraph -->\n\n<!-- wp:paragraph {\"translatedWithWPMLTM\":\"1\"} -->\n<p>Nel 1999, Martin Lehmann \u00e8 stato cofondatore di Mobilezone e nel 2007 ha assunto il ruolo di CEO dopo aver ricoperto la posizione di responsabile delle vendite. Durante il suo mandato, ha inoltre conseguito un Executive MBA presso l\u2019Universit\u00e0 di San Gallo. Dal 2015 al 2022 ha lavorato presso L\u00e4derach Chocolatier Suisse \u2013 inizialmente come presidente della direzione, in seguito come Chief of Retail and Sales Officer.<br\/>Dal 2022 Martin Lehmann \u00e8 CEO di LUSH (Switzerland) AG, un\u2019azienda attiva nel settore cosmetico. Inoltre, dal 2019 \u00e8 membro del consiglio di amministrazione di Hess Investment AG.    <\/p>\n<!-- \/wp:paragraph -->\n<!-- \/wp:generateblocks\/container -->\n<!-- \/wp:generateblocks\/grid -->\n<!-- \/wp:generateblocks\/container --><\/div><div id=\"MBMichel\" class=\"each__board__member\"> <h3 class=\"board__memeber__title\">Michel Gerber <\/h3><p class=\"board__memeber__exactly\">Vicepresidente del Consiglio di amministrazione <\/p><p class=\"board__memeber__desc\">\u00abSono un analista, ma allo stesso tempo molto abile con le mani.\u00bb <\/p><!-- wp:generateblocks\/container {\"uniqueId\":\"8c070677\",\"isDynamic\":true,\"blockVersion\":4,\"useInnerContainer\":true,\"spacing\":{\"paddingTop\":\"40px\",\"paddingRight\":\"40px\",\"paddingBottom\":\"40px\",\"paddingLeft\":\"40px\"},\"paddingSyncUnits\":true} -->\n<!-- wp:generateblocks\/grid {\"uniqueId\":\"0ecd4e85\",\"columns\":1,\"horizontalGap\":30,\"isDynamic\":true,\"blockVersion\":3,\"useLegacyRowGap\":true} -->\n<!-- wp:generateblocks\/container {\"uniqueId\":\"3079cdf2\",\"isGrid\":true,\"gridId\":\"0ecd4e85\",\"isDynamic\":true,\"blockVersion\":4,\"useInnerContainer\":true,\"sizing\":{\"width\":\"100%\",\"widthMobile\":\"100%\"},\"spacing\":{\"paddingTop\":\"0px\",\"paddingRight\":\"0px\",\"paddingBottom\":\"0px\",\"paddingLeft\":\"0px\"}} -->\n<!-- wp:paragraph -->\n<p><strong>Michel Gerber, nato nel 1981, \u00e8 membro del Consiglio di amministrazione di Assicurazione dei mestieri dal 2022.<\/strong><\/p>\n<!-- \/wp:paragraph -->\n\n<!-- wp:paragraph -->\n<p>Dopo aver completato l'apprendistato da macellaio nel 2002, Michel Gerber ha studiato economia aziendale all'Universit\u00e0 di Losanna e si \u00e8 laureato con un master in management nel 2007. Dopo gli studi, ha svolto uno stage presso Ernst &amp; Young a Ginevra come revisore contabile, per poi lavorare presso Honeywell International Inc. dal 2007 al 2012, prima come analista di marketing e poi come Finance Manager Worldwide per la business unit \"Transportation Systems\".&nbsp;<\/p>\n<!-- \/wp:paragraph -->\n\n<!-- wp:paragraph -->\n<p>Dal 2012, Michel Gerber lavora per l'azienda familiare Suter Viandes AG di Villeneuve. Qui \u00e8 amministratore delegato e membro del Consiglio di amministrazione e delle sue filiali. \u00c8 inoltre membro del Consiglio di Amministrazione di GVFI AG a Basilea e Supplente dell'Amministrazione di Proviande Genossenschaft a Berna. \u00c8 anche ufficiale di milizia nell'esercito svizzero e comanda un battaglione di fanteria.<\/p>\n<!-- \/wp:paragraph -->\n<!-- \/wp:generateblocks\/container -->\n<!-- \/wp:generateblocks\/grid -->\n<!-- \/wp:generateblocks\/container --><\/div><div id=\"MBYves\" class=\"each__board__member\"> <h3 class=\"board__memeber__title\">Yves Gyr <\/h3><p class=\"board__memeber__exactly\">Presidente del Consiglio di amministrazione <\/p><p class=\"board__memeber__desc\"> <\/p><!-- wp:acf\/headerhalf {\"name\":\"acf\/headerhalf\",\"data\":{\"image\":5196,\"_image\":\"field_613f4498c1188\",\"description\":\"\u00abMi vedo come un finitore: oltre che giocare una bella partita, per me \u00e8 anche importante fare goal e vincere quando si tratta davvero dei nostri clienti e delle nostre clienti. Il mio contributo al Consiglio di amministrazione \u00e8 una prospettiva indipendente, un set di competenze e il massimo dell\u2019impegno per un futuro sostenibile dell\u2019Assicurazione dei mestieri e per il benessere di tutti i soci e le socie.\u00bb\",\"_description\":\"field_613f44a9c1189\",\"is_single\":\"1\",\"_is_single\":\"field_6141ad3c6443c\",\"fall_back_parrent\":159,\"_fall_back_parrent\":\"field_6141ad4f6443d\",\"fall_back_description\":\"Membro del Consiglio di amministrazione\",\"_fall_back_description\":\"field_6141ad876443e\"},\"mode\":\"preview\"} \/-->\n\n<!-- wp:generateblocks\/container {\"uniqueId\":\"8c070677\",\"isDynamic\":true,\"blockVersion\":4,\"useInnerContainer\":true,\"spacing\":{\"paddingTop\":\"40px\",\"paddingRight\":\"40px\",\"paddingBottom\":\"40px\",\"paddingLeft\":\"40px\"},\"paddingSyncUnits\":true} -->\n<!-- wp:generateblocks\/grid {\"uniqueId\":\"0ecd4e85\",\"columns\":1,\"horizontalGap\":30,\"isDynamic\":true,\"blockVersion\":3,\"useLegacyRowGap\":true} -->\n<!-- wp:generateblocks\/container {\"uniqueId\":\"3079cdf2\",\"isGrid\":true,\"gridId\":\"0ecd4e85\",\"isDynamic\":true,\"blockVersion\":4,\"useInnerContainer\":true,\"sizing\":{\"width\":\"100%\",\"widthMobile\":\"100%\"},\"spacing\":{\"paddingTop\":\"0px\",\"paddingRight\":\"0px\",\"paddingBottom\":\"0px\",\"paddingLeft\":\"0px\"}} -->\n<!-- wp:paragraph -->\n<p><strong>Yves Gyr, nato nel 1980, \u00e8 membro del consiglio di amministrazione della Cooperativa assicurazione dei mestieri dal 2018 e ha assunto il ruolo di presidente del consiglio di amministrazione nel giugno 2022.<\/strong><\/p>\n<!-- \/wp:paragraph -->\n\n<!-- wp:paragraph -->\n<p>Yves Gyr si \u00e8 laureato presso l'Universit\u00e0 di San Gallo (HSG) con un Master in economia aziendale specializzato in gestione dei media e della comunicazione. Nel 2009, Yves Gyr ha completato la sua formazione con una qualifica extra-professionale come contabile pubblico svizzero presso la Camera di Commercio e dei Consulenti Fiscali. Questo traguardo ha segnato anche un cambio di direzione verso il settore assicurativo e la revisione contabile. Dopo diversi incarichi professionali, nel giugno 2024 Yves Gyr \u00e8 entrato a far parte di Forvis Mazars Svizzera, di cui \u00e8 partner. Da allora dirige il settore assicurativo e contribuisce con la sua esperienza di revisore e consulente allo sviluppo di soluzioni innovative per il settore.<\/p>\n<!-- \/wp:paragraph -->\n<!-- \/wp:generateblocks\/container -->\n<!-- \/wp:generateblocks\/grid -->\n<!-- \/wp:generateblocks\/container --><\/div><div id=\"MBStefanie\" class=\"each__board__member\"> <h3 class=\"board__memeber__title\">Stefanie Meier-Gubser <\/h3><p class=\"board__memeber__exactly\">Membro del Consiglio di amministrazione <\/p><p class=\"board__memeber__desc\"> <\/p><!-- wp:acf\/headerhalf {\"id\":\"block_6141a7657302c\",\"name\":\"acf\/headerhalf\",\"data\":{\"image\":5196,\"_image\":\"field_613f4498c1188\",\"description\":\"\u00abCorporate Governance e diritto sono temi che mi stanno particolarmente a cuore e due fattori importanti per una crescita aziendale sostenibile e di successo. Ecco perch\u00e9 mi impegno tanto, insieme a tutto il team dell\u2019Assicurazione dei mestieri.\u00bb\",\"_description\":\"field_613f44a9c1189\",\"is_single\":\"1\",\"_is_single\":\"field_6141ad3c6443c\",\"fall_back_parrent\":159,\"_fall_back_parrent\":\"field_6141ad4f6443d\",\"fall_back_description\":\"Membro del Consiglio di amministrazione\",\"_fall_back_description\":\"field_6141ad876443e\"},\"align\":\"\",\"mode\":\"preview\"} \/-->\n\n<!-- wp:generateblocks\/container {\"uniqueId\":\"8c070677\",\"paddingTop\":\"40\",\"paddingRight\":\"40\",\"paddingBottom\":\"40\",\"paddingLeft\":\"40\",\"paddingSyncUnits\":true,\"isDynamic\":true,\"blockVersion\":2} -->\n<!-- wp:generateblocks\/grid {\"uniqueId\":\"0ecd4e85\",\"columns\":1,\"horizontalGap\":30,\"isDynamic\":true,\"blockVersion\":2} -->\n<!-- wp:generateblocks\/container {\"uniqueId\":\"3079cdf2\",\"isGrid\":true,\"gridId\":\"0ecd4e85\",\"width\":100,\"widthMobile\":100,\"paddingTop\":\"0\",\"paddingRight\":\"0\",\"paddingBottom\":\"0\",\"paddingLeft\":\"0\",\"isDynamic\":true,\"blockVersion\":2} -->\n<!-- wp:paragraph -->\n<p><strong>Stefanie Meier-Gubser, classe 1974, dal 2020 \u00e8 membro del Consiglio di amministrazione della Cooperativa assicurazione dei mestieri.<\/strong><\/p>\n<!-- \/wp:paragraph -->\n\n<!-- wp:paragraph -->\n<p>Stefanie Meier-Gubser si \u00e8 laureata giurista alla Facolt\u00e0 di diritto ed economia dell\u2019Universit\u00e0 di Berna. Nel 2001 supera l\u2019esame di avvocatura presso il Tribunale cantonale del Canton Berna. Dal 2013 al 2014 ottiene un Certificate of Advanced Studies (CAS) in diritto del lavoro presso l\u2019Universit\u00e0 di Zurigo. Stefanie Meier-Gubser \u00e8 avvocato e socia nello studio legale bernese \u00abadvokatur56\u00bb. Vanta un\u2019esperienza pluriennale e una comprovata competenza in materia di diritto del lavoro, nella gestione di associazioni economiche svizzere nonch\u00e9 nelle questioni relative al consiglio di amministrazione e alla governance.\r\n\r\n<\/p>\n<!-- \/wp:paragraph -->\n\n<!-- wp:paragraph -->\n<p>Stefanie Meier-Gubser \u00e8 membro del comitato consultivo SwissBoardForum, auditor Best Board Practice\u00ae Label dell\u2019Associazione svizzera per i sistemi di qualit\u00e0 e di gestione (SQS) nonch\u00e9 membro dell'Istituto fiduciario e diritto dell\u2019Unione Svizzera dei Fiduciari Treuhand|Suisse.\r\n\r\n<\/p>\n<!-- \/wp:paragraph -->\n<!-- \/wp:generateblocks\/container -->\n<!-- \/wp:generateblocks\/grid -->\n<!-- \/wp:generateblocks\/container --><\/div><\/section>\n\n<\/div><\/div><\/div>\n<\/div>\n<\/div><\/div>","protected":false},"excerpt":{"rendered":"","protected":false},"author":1,"featured_media":0,"parent":0,"menu_order":3,"comment_status":"closed","ping_status":"closed","template":"","meta":{"_acf_changed":false,"iawp_total_views":23,"footnotes":""},"class_list":["post-6967","page","type-page","status-publish","hentry"],"acf":[],"_links":{"self":[{"href":"https:\/\/branchenversicherung.ch\/it\/wp-json\/wp\/v2\/pages\/6967","targetHints":{"allow":["GET"]}}],"collection":[{"href":"https:\/\/branchenversicherung.ch\/it\/wp-json\/wp\/v2\/pages"}],"about":[{"href":"https:\/\/branchenversicherung.ch\/it\/wp-json\/wp\/v2\/types\/page"}],"author":[{"embeddable":true,"href":"https:\/\/branchenversicherung.ch\/it\/wp-json\/wp\/v2\/users\/1"}],"replies":[{"embeddable":true,"href":"https:\/\/branchenversicherung.ch\/it\/wp-json\/wp\/v2\/comments?post=6967"}],"version-history":[{"count":26,"href":"https:\/\/branchenversicherung.ch\/it\/wp-json\/wp\/v2\/pages\/6967\/revisions"}],"predecessor-version":[{"id":21373,"href":"https:\/\/branchenversicherung.ch\/it\/wp-json\/wp\/v2\/pages\/6967\/revisions\/21373"}],"wp:attachment":[{"href":"https:\/\/branchenversicherung.ch\/it\/wp-json\/wp\/v2\/media?parent=6967"}],"curies":[{"name":"wp","href":"https:\/\/api.w.org\/{rel}","templated":true}]}}