{"id":8408,"date":"2021-11-29T10:56:41","date_gmt":"2021-11-29T09:56:41","guid":{"rendered":"https:\/\/branchenversicherung.ch\/broker-e-partner\/"},"modified":"2026-04-09T09:57:20","modified_gmt":"2026-04-09T07:57:20","slug":"broker-e-partner","status":"publish","type":"page","link":"https:\/\/branchenversicherung.ch\/it\/servizio\/broker-e-partner\/","title":{"rendered":"Broker"},"content":{"rendered":"<section id=\"halfHeader-block_95c205b9385ae26a5b11dd4a8a9ed18b\" class=\"halfHeader container__page\">\n  <div class=\"inside__hero__half imagineNow\">\n    <div class=\"half__description__row\">\n            <p class=\"parent__title__single\">  <a href=\"https:\/\/branchenversicherung.ch\/it\/servizio\/\">Servizio<\/a><\/p>\n          <h1 class=\"hero__title__h\">Broker <\/h1>\n            <p class=\"description__row\"> Per commercializzare le proprie soluzioni assicurative, l\u2019Assicurazione dei mestieri si avvale, tra gli altri, anche di broker selezionati.<\/p>\n         \n        \n                  \n      <!--<div  class=\"scroll__one__bottom with__new__arrow\"> <\/div>-->\n    <\/div>\n    <div class=\"half__image__row\">\n      <img decoding=\"async\" width=\"1680\" height=\"980\" src=\"https:\/\/branchenversicherung.ch\/wp-content\/uploads\/2021\/11\/BV_Ueber_uns_Header_Broker_Partner_1680x980px-Kopie.jpg\" class=\"attachment-full size-full\" alt=\"\" srcset=\"https:\/\/branchenversicherung.ch\/wp-content\/uploads\/2021\/11\/BV_Ueber_uns_Header_Broker_Partner_1680x980px-Kopie.jpg 1680w, https:\/\/branchenversicherung.ch\/wp-content\/uploads\/2021\/11\/BV_Ueber_uns_Header_Broker_Partner_1680x980px-Kopie-300x175.jpg 300w, https:\/\/branchenversicherung.ch\/wp-content\/uploads\/2021\/11\/BV_Ueber_uns_Header_Broker_Partner_1680x980px-Kopie-1024x597.jpg 1024w, https:\/\/branchenversicherung.ch\/wp-content\/uploads\/2021\/11\/BV_Ueber_uns_Header_Broker_Partner_1680x980px-Kopie-768x448.jpg 768w, https:\/\/branchenversicherung.ch\/wp-content\/uploads\/2021\/11\/BV_Ueber_uns_Header_Broker_Partner_1680x980px-Kopie-1536x896.jpg 1536w\" sizes=\"(max-width: 1680px) 100vw, 1680px\" \/>    <\/div>\n  <\/div>\n<\/section>\n\n\n<div class=\"gb-container gb-container-2dfcaad3\"><div class=\"gb-inside-container\">\n<div class=\"gb-grid-wrapper gb-grid-wrapper-b54a26f8\">\n<div class=\"gb-grid-column gb-grid-column-84579a6d\"><div class=\"gb-container gb-container-84579a6d\"><div class=\"gb-inside-container\">\n\n<p>Un broker assicurativo rappresenta sempre gli interessi dell&#8217;imprenditore nelle sue questioni assicurative, ed \u00e8 per questo che diamo anche il massimo valore a una collaborazione a lungo termine basata sulla partnership. Va da s\u00e9 che la professionalit\u00e0 e l&#8217;affidabilit\u00e0 sono assolutamente centrali anche per noi. Come partner broker d&#8217;Assicurazione dei mestieri, beneficiate di un assicuratore esperto con partner associativi di vari settori. Offriamo anche interessanti commissioni di intermediazione. Sei interessato a lavorare con l&#8217;Assicurazione dei mestieri? Non vediamo l&#8217;ora di avere tue notizie:     <\/p>\n\n<\/div><\/div><\/div>\n<\/div>\n<\/div><\/div>\n\n<div class=\"gb-container gb-container-f3d9ed71\"><div class=\"gb-inside-container\">\n<div class=\"gb-grid-wrapper gb-grid-wrapper-0f79ef2f\">\n<div class=\"gb-grid-column gb-grid-column-8e9c5f76\"><div class=\"gb-container gb-container-8e9c5f76 eql__column\"><div class=\"gb-inside-container\">\n\n<figure class=\"wp-block-image size-full image__full\"><img decoding=\"async\" width=\"550\" height=\"400\" src=\"https:\/\/branchenversicherung.ch\/wp-content\/uploads\/2024\/01\/BV_Ueber_uns_Organisation_Monika_Stender_01_550x400px_24-1.jpg\" alt=\"\" class=\"wp-image-17575\" srcset=\"https:\/\/branchenversicherung.ch\/wp-content\/uploads\/2024\/01\/BV_Ueber_uns_Organisation_Monika_Stender_01_550x400px_24-1.jpg 550w, https:\/\/branchenversicherung.ch\/wp-content\/uploads\/2024\/01\/BV_Ueber_uns_Organisation_Monika_Stender_01_550x400px_24-1-300x218.jpg 300w\" sizes=\"(max-width: 550px) 100vw, 550px\" \/><\/figure>\n\n<\/div><\/div><\/div>\n\n<div class=\"gb-grid-column gb-grid-column-da79fae0\"><div class=\"gb-container gb-container-da79fae0 make__me__relative\"><div class=\"gb-inside-container\">\n\n<h2 class=\"gb-headline gb-headline-d94ded70 gb-headline-text\">Il suo contatto personale<\/h2>\n\n\n\n<p>Monika Stender, Broker Consultant<\/p>\n\n\n\n<p class=\"half__button__icon should__be__bottom\"><a href=\"mailto:monika.stender@branchenversicherung.ch\" target=\"_blank\" data-type=\"mailto\" data-id=\"mailto:monika.stender@branchenversicherung.ch\" rel=\"noreferrer noopener\">Contattateci<\/a><\/p>\n\n<\/div><\/div><\/div>\n<\/div>\n<\/div><\/div>\n\n<div class=\"gb-container gb-container-4dfa3e7a change__conact__space__40\"><div class=\"gb-inside-container\">\n<div class=\"gb-grid-wrapper gb-grid-wrapper-96fb28f5\">\n<div class=\"gb-grid-column gb-grid-column-1b10280f\"><div class=\"gb-container gb-container-1b10280f\"><div class=\"gb-inside-container\">\n\n<h2 class=\"gb-headline gb-headline-eca7cc14 gb-headline-text\">I nostri partner<\/h2>\n\n\n\n<p class=\"padding__left__right__20\">Come compagnia assicurativa del settore svizzero, le soluzioni su misura sono la nostra priorit\u00e0 assoluta. Lavoriamo quindi a stretto contatto con numerose associazioni per offrire un&#8217;assicurazione perfettamente adeguata. Tuttavia, questo non significa che offriamo solo soluzioni in questi settori. Il nostro team di consulenti e la nostra gamma di prodotti sono molto ampi e l&#8217;esperienza ha dimostrato che abbiamo la soluzione giusta per quasi ogni settore.<\/p>\n\n\n<section id=\"partnerLogos-block_88db76cbeb2e7fe1e60e2df0ffdd8b66\" class=\"partnerLogos container__partner__logos\">\n  <div class=\"partners__row\">\n             <div class=\"logos__columns\">\n                                <a class=\"smooth-scroll\" href=\"https:\/\/branchenversicherung.ch\/it\/chi-siamo\/associazioni-partner\/#Partner08\">\n                     <\/a>\n                                <figure>\n                 <img decoding=\"async\" width=\"720\" height=\"280\" src=\"https:\/\/branchenversicherung.ch\/wp-content\/uploads\/2021\/09\/BV_Startseite_Partner_Logo_720x280px_ASMAS.svg\" class=\"attachment-large size-large\" alt=\"\" \/>               <\/figure>\n\n             <\/div>\n\n  \n             <div class=\"logos__columns\">\n                                <a class=\"smooth-scroll\" href=\"https:\/\/branchenversicherung.ch\/it\/chi-siamo\/associazioni-partner\/#Partner07\">\n                     <\/a>\n                                <figure>\n                 <img decoding=\"async\" width=\"720\" height=\"280\" src=\"https:\/\/branchenversicherung.ch\/wp-content\/uploads\/2021\/09\/BV_Startseite_Partner_Logo_720x280px_Multimedia.svg\" class=\"attachment-large size-large\" alt=\"\" \/>               <\/figure>\n\n             <\/div>\n\n  \n             <div class=\"logos__columns\">\n                                <a class=\"smooth-scroll\" href=\"https:\/\/branchenversicherung.ch\/it\/chi-siamo\/associazioni-partner\/#Partner03\">\n                     <\/a>\n                                <figure>\n                 <img decoding=\"async\" width=\"720\" height=\"280\" src=\"https:\/\/branchenversicherung.ch\/wp-content\/uploads\/2021\/09\/BV_Startseite_Partner_Logo_720x280px_Optikschweiz_DE.svg\" class=\"attachment-large size-large\" alt=\"\" \/>               <\/figure>\n\n             <\/div>\n\n  \n             <div class=\"logos__columns\">\n                                <a class=\"smooth-scroll\" href=\"https:\/\/branchenversicherung.ch\/it\/chi-siamo\/associazioni-partner\/#Partner01\">\n                     <\/a>\n                                <figure>\n                 <img decoding=\"async\" width=\"720\" height=\"280\" src=\"https:\/\/branchenversicherung.ch\/wp-content\/uploads\/2021\/09\/BV_Startseite_Partner_Logo_720x280px_SFF.svg\" class=\"attachment-large size-large\" alt=\"\" \/>               <\/figure>\n\n             <\/div>\n\n  \n             <div class=\"logos__columns\">\n                                <a class=\"smooth-scroll\" href=\"https:\/\/branchenversicherung.ch\/it\/chi-siamo\/associazioni-partner\/#Partner02\">\n                     <\/a>\n                                <figure>\n                 <img decoding=\"async\" width=\"720\" height=\"280\" src=\"https:\/\/branchenversicherung.ch\/wp-content\/uploads\/2021\/09\/BV_Startseite_Partner_Logo_720x280px_Drogerie.svg\" class=\"attachment-large size-large\" alt=\"\" \/>               <\/figure>\n\n             <\/div>\n\n  \n             <div class=\"logos__columns\">\n                                <a class=\"smooth-scroll\" href=\"https:\/\/branchenversicherung.ch\/it\/chi-siamo\/associazioni-partner\/#Partner06\">\n                     <\/a>\n                                <figure>\n                 <img decoding=\"async\" width=\"720\" height=\"280\" src=\"https:\/\/branchenversicherung.ch\/wp-content\/uploads\/2021\/09\/BV_Startseite_Partner_Logo_720x280px_Imaging_DE.svg\" class=\"attachment-large size-large\" alt=\"\" \/>               <\/figure>\n\n             <\/div>\n\n  \n             <div class=\"logos__columns\">\n                                <a class=\"smooth-scroll\" href=\"https:\/\/branchenversicherung.ch\/it\/chi-siamo\/associazioni-partner\/#Partner05\">\n                     <\/a>\n                                <figure>\n                 <img decoding=\"async\" width=\"720\" height=\"280\" src=\"https:\/\/branchenversicherung.ch\/wp-content\/uploads\/2021\/11\/BV_Startseite_Partner_Logo_720x280px_Schuhschweiz.svg\" class=\"attachment-large size-large\" alt=\"\" \/>               <\/figure>\n\n             <\/div>\n\n  \n             <div class=\"logos__columns\">\n                                <a class=\"smooth-scroll\" href=\"https:\/\/branchenversicherung.ch\/it\/chi-siamo\/associazioni-partner\/#Partner04\">\n                     <\/a>\n                                <figure>\n                 <img decoding=\"async\" width=\"720\" height=\"280\" src=\"https:\/\/branchenversicherung.ch\/wp-content\/uploads\/2021\/11\/BV_Startseite_Partner_Logo_720x280px_VSSU.svg\" class=\"attachment-large size-large\" alt=\"\" \/>               <\/figure>\n\n             <\/div>\n\n  \n             <div class=\"logos__columns\">\n                                <a class=\"smooth-scroll\" href=\"https:\/\/branchenversicherung.ch\/it\/chi-siamo\/associazioni-partner\/#Partner09\">\n                     <\/a>\n                                <figure>\n                 <img decoding=\"async\" width=\"720\" height=\"280\" src=\"https:\/\/branchenversicherung.ch\/wp-content\/uploads\/2021\/11\/BV_Startseite_Partner_Logo_720x280px_VSRLD_DE.svg\" class=\"attachment-large size-large\" alt=\"\" \/>               <\/figure>\n\n             <\/div>\n\n    <div class=\"empty__logo__column\">\n    <a   href=\"\/it\/contattateci-senza-alcun-obbligo\/\"> <\/a>\n    <p> La tua associazione \u00e8 scomparsa? Nessun problema. Abbiamo anche la soluzione giusta per voi.<\/p>\n    <button  href=\"\/it\/contattateci-senza-alcun-obbligo\/\" class=\"default__red__button button__bold\"> Alla richiesta  <\/button>\n  <\/div>\n  <div><\/section>\n\n<\/div><\/div><\/div>\n<\/div>\n<\/div><\/div>\n\n<div class=\"gb-container gb-container-06635c61\"><div class=\"gb-inside-container\">\n<div class=\"gb-grid-wrapper gb-grid-wrapper-0a37ed4e\">\n<div class=\"gb-grid-column gb-grid-column-89137cbb\"><div class=\"gb-container gb-container-89137cbb eql__column\"><div class=\"gb-inside-container\">\n\n<figure class=\"wp-block-image size-large image__full\"><img decoding=\"async\" width=\"1024\" height=\"688\" src=\"https:\/\/branchenversicherung.ch\/wp-content\/uploads\/2021\/12\/BV_Ueber_uns_Partnerverbaende_Teaser_Marcel_Maier_1120x752px-1024x688.jpg\" alt=\"\" class=\"wp-image-10225\" srcset=\"https:\/\/branchenversicherung.ch\/wp-content\/uploads\/2021\/12\/BV_Ueber_uns_Partnerverbaende_Teaser_Marcel_Maier_1120x752px-1024x688.jpg 1024w, https:\/\/branchenversicherung.ch\/wp-content\/uploads\/2021\/12\/BV_Ueber_uns_Partnerverbaende_Teaser_Marcel_Maier_1120x752px-300x201.jpg 300w, https:\/\/branchenversicherung.ch\/wp-content\/uploads\/2021\/12\/BV_Ueber_uns_Partnerverbaende_Teaser_Marcel_Maier_1120x752px-768x516.jpg 768w, https:\/\/branchenversicherung.ch\/wp-content\/uploads\/2021\/12\/BV_Ueber_uns_Partnerverbaende_Teaser_Marcel_Maier_1120x752px.jpg 1120w\" sizes=\"(max-width: 1024px) 100vw, 1024px\" \/><\/figure>\n\n<\/div><\/div><\/div>\n\n<div class=\"gb-grid-column gb-grid-column-c60c3561\"><div class=\"gb-container gb-container-c60c3561 make__me__relative\"><div class=\"gb-inside-container\">\n\n<h2 class=\"gb-headline gb-headline-d7859df7 gb-headline-text\">Il suo contatto personale<\/h2>\n\n\n\n<p>Marcel Maier, Responsabile vendite<\/p>\n\n\n\n<p class=\"half__button__icon should__be__bottom\"><a href=\"mailto:marcel.maier@branchenversicherung.ch\" data-type=\"mailto\" data-id=\"mailto:marcel.maier@branchenversicherung.ch\">Mettersi in contatto<\/a><\/p>\n\n<\/div><\/div><\/div>\n<\/div>\n<\/div><\/div>","protected":false},"excerpt":{"rendered":"","protected":false},"author":1,"featured_media":0,"parent":8730,"menu_order":65,"comment_status":"closed","ping_status":"closed","template":"","meta":{"_acf_changed":false,"iawp_total_views":20,"footnotes":""},"class_list":["post-8408","page","type-page","status-publish"],"acf":[],"_links":{"self":[{"href":"https:\/\/branchenversicherung.ch\/it\/wp-json\/wp\/v2\/pages\/8408","targetHints":{"allow":["GET"]}}],"collection":[{"href":"https:\/\/branchenversicherung.ch\/it\/wp-json\/wp\/v2\/pages"}],"about":[{"href":"https:\/\/branchenversicherung.ch\/it\/wp-json\/wp\/v2\/types\/page"}],"author":[{"embeddable":true,"href":"https:\/\/branchenversicherung.ch\/it\/wp-json\/wp\/v2\/users\/1"}],"replies":[{"embeddable":true,"href":"https:\/\/branchenversicherung.ch\/it\/wp-json\/wp\/v2\/comments?post=8408"}],"version-history":[{"count":44,"href":"https:\/\/branchenversicherung.ch\/it\/wp-json\/wp\/v2\/pages\/8408\/revisions"}],"predecessor-version":[{"id":23085,"href":"https:\/\/branchenversicherung.ch\/it\/wp-json\/wp\/v2\/pages\/8408\/revisions\/23085"}],"up":[{"embeddable":true,"href":"https:\/\/branchenversicherung.ch\/it\/wp-json\/wp\/v2\/pages\/8730"}],"wp:attachment":[{"href":"https:\/\/branchenversicherung.ch\/it\/wp-json\/wp\/v2\/media?parent=8408"}],"curies":[{"name":"wp","href":"https:\/\/api.w.org\/{rel}","templated":true}]}}